{"id":5210,"date":"2017-03-24T15:03:28","date_gmt":"2017-03-24T14:03:28","guid":{"rendered":"https:\/\/test.imprimetresde.com\/?page_id=5210\/"},"modified":"2017-03-24T15:20:10","modified_gmt":"2017-03-24T14:20:10","slug":"categorias","status":"publish","type":"page","link":"https:\/\/test.imprimetresde.com\/gl\/categorias\/","title":{"rendered":"Categor\u00edas"},"content":{"rendered":"<p>[vc_row background_style=&#8221;normal&#8221;][vc_column]<div class=\"row\"><div class=\"categories_grid\">\t\n\t\t\t\t\t<div class=\"category_1\">\n\t\t\t\t\t\t<div class=\"category_grid_box\">\n\t\t\t\t\t\t\t<span class=\"category_item_bkg\" style=\"background-image:url(https:\/\/test.imprimetresde.com\/wp-content\/uploads\/2018\/03\/8M-_-2022.jpg)\"><\/span> \n\t\t\t\t\t\t\t<a href=\"https:\/\/test.imprimetresde.com\/gl\/categoria-producto\/activismo\/\" class=\"category_item\" >\n\t\t\t\t\t\t\t\t<span class=\"category_name\">Activismo<\/span>\n\t\t\t\t\t\t\t<\/a>\n\t\t\t\t\t\t<\/div>\n\t\t\t\t\t<\/div>\n\t\n\t\t\t\t\t\t\n\t\t\t\t\t<div class=\"category_2\">\n\t\t\t\t\t\t<div class=\"category_grid_box\">\n\t\t\t\t\t\t\t<span class=\"category_item_bkg\" style=\"background-image:url(https:\/\/test.imprimetresde.com\/wp-content\/uploads\/2015\/09\/Busto-Tuzaro-1.jpg)\"><\/span> \n\t\t\t\t\t\t\t<a href=\"https:\/\/test.imprimetresde.com\/gl\/categoria-producto\/bustos-gl\/\" class=\"category_item\" >\n\t\t\t\t\t\t\t\t<span class=\"category_name\">Bustos<\/span>\n\t\t\t\t\t\t\t<\/a>\n\t\t\t\t\t\t<\/div>\n\t\t\t\t\t<\/div>\n\t\n\t\t\t\t\t\t\n\t\t\t\t\t<div class=\"category_3\">\n\t\t\t\t\t\t<div class=\"category_grid_box\">\n\t\t\t\t\t\t\t<span class=\"category_item_bkg\" style=\"background-image:url(https:\/\/test.imprimetresde.com\/wp-content\/uploads\/2020\/04\/Coleccion-Estrela-Vermella.jpg)\"><\/span> \n\t\t\t\t\t\t\t<a href=\"https:\/\/test.imprimetresde.com\/gl\/categoria-producto\/complementos-gl\/\" class=\"category_item\" >\n\t\t\t\t\t\t\t\t<span class=\"category_name\">Complementos<\/span>\n\t\t\t\t\t\t\t<\/a>\n\t\t\t\t\t\t<\/div>\n\t\t\t\t\t<\/div>\n\t\n\t\t\t\t\t\t\n\t\t\t\t\t<div class=\"category_4\">\n\t\t\t\t\t\t<div class=\"category_grid_box\">\n\t\t\t\t\t\t\t<span class=\"category_item_bkg\" style=\"background-image:url(https:\/\/test.imprimetresde.com\/wp-content\/uploads\/2022\/11\/RELOXO-MAPA-GALIZA.jpg)\"><\/span> \n\t\t\t\t\t\t\t<a href=\"https:\/\/test.imprimetresde.com\/gl\/categoria-producto\/cultura-gl\/\" class=\"category_item\" >\n\t\t\t\t\t\t\t\t<span class=\"category_name\">Cultura<\/span>\n\t\t\t\t\t\t\t<\/a>\n\t\t\t\t\t\t<\/div>\n\t\t\t\t\t<\/div>\n\t\n\t\t\t\t\t\t\n\t\t\t\t\t<div class=\"category_5\">\n\t\t\t\t\t\t<div class=\"category_grid_box\">\n\t\t\t\t\t\t\t<span class=\"category_item_bkg\" style=\"background-image:url()\"><\/span> \n\t\t\t\t\t\t\t<a href=\"https:\/\/test.imprimetresde.com\/gl\/categoria-producto\/cursos\/\" class=\"category_item\" >\n\t\t\t\t\t\t\t\t<span class=\"category_name\">Cursos<\/span>\n\t\t\t\t\t\t\t<\/a>\n\t\t\t\t\t\t<\/div>\n\t\t\t\t\t<\/div>\n\t\n\t\t\t\t\t\t\n\t\t\t\t\t<div class=\"category_6\">\n\t\t\t\t\t\t<div class=\"category_grid_box\">\n\t\t\t\t\t\t\t<span class=\"category_item_bkg\" style=\"background-image:url(https:\/\/test.imprimetresde.com\/wp-content\/uploads\/2014\/03\/FXABPI1HM8D4NQN.jpg)\"><\/span> \n\t\t\t\t\t\t\t<a href=\"https:\/\/test.imprimetresde.com\/gl\/categoria-producto\/ambiente-gl\/\" class=\"category_item\" >\n\t\t\t\t\t\t\t\t<span class=\"category_name\">DomusI3D<\/span>\n\t\t\t\t\t\t\t<\/a>\n\t\t\t\t\t\t<\/div>\n\t\t\t\t\t<\/div>\n\t\n\t\t\t\t\t\t\n\t\t\t\t\t<div class=\"category_more_than_6\">\n\t\t\t\t\t\t<div class=\"category_grid_box\">\n\t\t\t\t\t\t\t<span class=\"category_item_bkg\" style=\"background-image:url(https:\/\/test.imprimetresde.com\/wp-content\/uploads\/2020\/12\/sobre_regalo_I3D.png)\"><\/span> \n\t\t\t\t\t\t\t<a href=\"https:\/\/test.imprimetresde.com\/gl\/categoria-producto\/envoltorio-de-regalo-gl\/\" class=\"category_item\" >\n\t\t\t\t\t\t\t\t<span class=\"category_name\">Envoltorio de Regalo<\/span>\n\t\t\t\t\t\t\t<\/a>\n\t\t\t\t\t\t<\/div>\n\t\t\t\t\t<\/div>\n\t\n\t\t\t\t\t\t\n\t\t\t\t\t<div class=\"category_more_than_6\">\n\t\t\t\t\t\t<div class=\"category_grid_box\">\n\t\t\t\t\t\t\t<span class=\"category_item_bkg\" style=\"background-image:url()\"><\/span> \n\t\t\t\t\t\t\t<a href=\"https:\/\/test.imprimetresde.com\/gl\/categoria-producto\/esculturas\/\" class=\"category_item\" >\n\t\t\t\t\t\t\t\t<span class=\"category_name\">Esculturas<\/span>\n\t\t\t\t\t\t\t<\/a>\n\t\t\t\t\t\t<\/div>\n\t\t\t\t\t<\/div>\n\t\n\t\t\t\t\t\t\t\t\t\t\t\t\n\t\t\t\t\t<div class=\"clearfix\"><\/div>\n\t\t\t\t\t\t\t\n\t\t\t\t<\/div><\/div>[\/vc_column][\/vc_row][vc_row background_style=&#8221;normal&#8221;][vc_column][vc_text_separator title=&#8221;M\u00e1is Procurado&#8221; title_size=&#8221;h5&#8243;]<div class=\"woocommerce columns-4 \">\n\n\n<div class=\"row\">\n\t<div class=\"large-12 columns\">\n\t\t<ul id=\"products-grid\" class=\" products products-grid effect-e2 small-block-grid-2 medium-block-grid-3 large-block-grid-4 columns-4\">\n<li class=\"\">\n\n\t<a href=\"https:\/\/test.imprimetresde.com\/gl\/produto\/broche-pandeireta-castelao\/\" class=\"woocommerce-LoopProduct-link woocommerce-loop-product__link\">\n\t<div class=\"product_wrapper\">\n\n\t\t        \n                \n        \t\t\t\n\t<span class=\"onsale\">Oferta<\/span>\n\t                \n        \t\t\n\t\t<div class=\"product_thumbnail_wrapper\">\n\t\t\t\n\t\t\t<div class=\"product_thumbnail with_second_image\">\n\t\t\t\t\n\t\t\t\t<a href=\"https:\/\/test.imprimetresde.com\/gl\/produto\/broche-pandeireta-castelao\/\">\n\t\t\t\t\n\t\t\t\t\t<span class=\"product_thumbnail_background\" style=\"background-image:url(https:\/\/test.imprimetresde.com\/wp-content\/uploads\/2025\/10\/BROCHE-PANDEIRETA-CASTELAO-_-modelo-350x435.jpg)\"><\/span>\n\t\t\t\t\t<img decoding=\"async\" width=\"350\" height=\"354\" src=\"https:\/\/test.imprimetresde.com\/wp-content\/uploads\/2025\/10\/BROCHE-PANDEIRETA-CASTELAO-350x354.jpg\" class=\"attachment-shop_catalog size-shop_catalog wp-post-image\" alt=\"Broche Pandeireta Castelao I3D\" srcset=\"https:\/\/test.imprimetresde.com\/wp-content\/uploads\/2025\/10\/BROCHE-PANDEIRETA-CASTELAO-350x354.jpg 350w, https:\/\/test.imprimetresde.com\/wp-content\/uploads\/2025\/10\/BROCHE-PANDEIRETA-CASTELAO-100x100.jpg 100w\" sizes=\"(max-width: 350px) 100vw, 350px\" \/>\t\t\t\t<\/a>\n\t\t\t\t\n\t\t\t<\/div>\n\t\t\t\n\t\t\t\t\t\t\n\t\t<\/div><!--product_thumbnail_wrapper-->\n        \n       \n        \t\t\t        \n\t\t<h2><a href=\"https:\/\/test.imprimetresde.com\/gl\/produto\/broche-pandeireta-castelao\/\">Broche Pandeireta Castelao<\/a><\/h2>\n\n\t<\/div><!--product_wrapper-->\n    \n        \n\t<div class=\"product_after_shop_loop\">\n        \n        \t\t\n\t\t<div class=\"product_after_shop_loop_switcher\">\n            \n            <div class=\"product_after_shop_loop_price\">\n                \n\t<span class=\"price\"><del aria-hidden=\"true\"><span class=\"woocommerce-Price-amount amount\"><bdi>19,90<span class=\"woocommerce-Price-currencySymbol\">&euro;<\/span><\/bdi><\/span><\/del> <span class=\"screen-reader-text\">O prezo orixinal era: 19,90&euro;.<\/span><ins aria-hidden=\"true\"><span class=\"woocommerce-Price-amount amount\"><bdi>14,90<span class=\"woocommerce-Price-currencySymbol\">&euro;<\/span><\/bdi><\/span><\/ins><span class=\"screen-reader-text\">O prezo actual \u00e9: 14,90&euro;.<\/span><\/span>\n            <\/div>\n            \n            <div class=\"product_after_shop_loop_buttons\">\n                <\/a><a href=\"\/gl\/wp-json\/wp\/v2\/pages\/5210?add-to-cart=14822\" aria-describedby=\"woocommerce_loop_add_to_cart_link_describedby_14822\" data-quantity=\"1\" class=\"button product_type_simple add_to_cart_button ajax_add_to_cart\" data-product_id=\"14822\" data-product_sku=\"\" aria-label=\"Engadir ao carri\u00f1o: &ldquo;Broche Pandeireta Castelao&rdquo;\" rel=\"nofollow\" data-success_message=\"\u00abBroche Pandeireta Castelao\u00bb engadiuse ao teu carri\u00f1o\" role=\"button\">Engadir ao carri\u00f1o<\/a>\t<span id=\"woocommerce_loop_add_to_cart_link_describedby_14822\" class=\"screen-reader-text\">\n\t\t\t<\/span>\n<div class=\"pi-edd pi-edd-loop\">Fecha de Entrega Estimada 2026\/05\/01<\/div>            <\/div>\n            \n        <\/div>\n        \n    <\/div>\n\n<\/li>\n<li class=\"\">\n\n\t<a href=\"https:\/\/test.imprimetresde.com\/gl\/produto\/brincos-polbos\/\" class=\"woocommerce-LoopProduct-link woocommerce-loop-product__link\">\n\t<div class=\"product_wrapper\">\n\n\t\t        \n                \n        \t\t\t                \n        \t\t\n\t\t<div class=\"product_thumbnail_wrapper\">\n\t\t\t\n\t\t\t<div class=\"product_thumbnail with_second_image\">\n\t\t\t\t\n\t\t\t\t<a href=\"https:\/\/test.imprimetresde.com\/gl\/produto\/brincos-polbos\/\">\n\t\t\t\t\n\t\t\t\t\t<span class=\"product_thumbnail_background\" style=\"background-image:url(https:\/\/test.imprimetresde.com\/wp-content\/uploads\/2021\/01\/Brincos-POLBOS-mod-1-350x435.jpg)\"><\/span>\n\t\t\t\t\t<img decoding=\"async\" width=\"350\" height=\"435\" src=\"https:\/\/test.imprimetresde.com\/wp-content\/uploads\/2025\/10\/Brincos-POLBOS-exposicion-350x435.jpg\" class=\"attachment-shop_catalog size-shop_catalog wp-post-image\" alt=\"Brincos Polbos I3D Nova Colecci\u00f3n\" srcset=\"https:\/\/test.imprimetresde.com\/wp-content\/uploads\/2025\/10\/Brincos-POLBOS-exposicion-350x435.jpg 350w, https:\/\/test.imprimetresde.com\/wp-content\/uploads\/2025\/10\/Brincos-POLBOS-exposicion-116x145.jpg 116w, https:\/\/test.imprimetresde.com\/wp-content\/uploads\/2025\/10\/Brincos-POLBOS-exposicion-190x236.jpg 190w\" sizes=\"(max-width: 350px) 100vw, 350px\" \/>\t\t\t\t<\/a>\n\t\t\t\t\n\t\t\t<\/div>\n\t\t\t\n\t\t\t\t\t\t\n\t\t<\/div><!--product_thumbnail_wrapper-->\n        \n       \n        \t\t\t        \n\t\t<h2><a href=\"https:\/\/test.imprimetresde.com\/gl\/produto\/brincos-polbos\/\">Brincos Polbos<\/a><\/h2>\n\n\t<\/div><!--product_wrapper-->\n    \n        \n\t<div class=\"product_after_shop_loop\">\n        \n        \t\t\n\t\t<div class=\"product_after_shop_loop_switcher\">\n            \n            <div class=\"product_after_shop_loop_price\">\n                \n\t<span class=\"price\"><span class=\"woocommerce-Price-amount amount\"><bdi>19,90<span class=\"woocommerce-Price-currencySymbol\">&euro;<\/span><\/bdi><\/span><\/span>\n            <\/div>\n            \n            <div class=\"product_after_shop_loop_buttons\">\n                <\/a><a href=\"\/gl\/wp-json\/wp\/v2\/pages\/5210?add-to-cart=14808\" aria-describedby=\"woocommerce_loop_add_to_cart_link_describedby_14808\" data-quantity=\"1\" class=\"button product_type_simple add_to_cart_button ajax_add_to_cart\" data-product_id=\"14808\" data-product_sku=\"\" aria-label=\"Engadir ao carri\u00f1o: &ldquo;Brincos Polbos&rdquo;\" rel=\"nofollow\" data-success_message=\"\u00abBrincos Polbos\u00bb engadiuse ao teu carri\u00f1o\" role=\"button\">Engadir ao carri\u00f1o<\/a>\t<span id=\"woocommerce_loop_add_to_cart_link_describedby_14808\" class=\"screen-reader-text\">\n\t\t\t<\/span>\n<div class=\"pi-edd pi-edd-loop\">Fecha de Entrega Estimada 2026\/05\/01<\/div>            <\/div>\n            \n        <\/div>\n        \n    <\/div>\n\n<\/li>\n<li class=\"\">\n\n\t<a href=\"https:\/\/test.imprimetresde.com\/gl\/produto\/coleccion-altri-non\/\" class=\"woocommerce-LoopProduct-link woocommerce-loop-product__link\">\n\t<div class=\"product_wrapper\">\n\n\t\t        \n                \n        \t\t\t\n\t<span class=\"onsale\">Oferta<\/span>\n\t                \n        \t\t\n\t\t<div class=\"product_thumbnail_wrapper\">\n\t\t\t\n\t\t\t<div class=\"product_thumbnail with_second_image\">\n\t\t\t\t\n\t\t\t\t<a href=\"https:\/\/test.imprimetresde.com\/gl\/produto\/coleccion-altri-non\/\">\n\t\t\t\t\n\t\t\t\t\t<span class=\"product_thumbnail_background\" style=\"background-image:url(https:\/\/test.imprimetresde.com\/wp-content\/uploads\/2025\/07\/BRINCOS-ALTRI-NON_FRONT_MODELO_ANA-MIRANDA-350x435.jpg)\"><\/span>\n\t\t\t\t\t<img decoding=\"async\" width=\"350\" height=\"435\" src=\"https:\/\/test.imprimetresde.com\/wp-content\/uploads\/2025\/07\/BRINCOS-ALTRI-NON_FRONT-350x435.jpg\" class=\"attachment-shop_catalog size-shop_catalog wp-post-image\" alt=\"Brincos ALTRI NON I3D Imprimetresde\" srcset=\"https:\/\/test.imprimetresde.com\/wp-content\/uploads\/2025\/07\/BRINCOS-ALTRI-NON_FRONT-350x435.jpg 350w, https:\/\/test.imprimetresde.com\/wp-content\/uploads\/2025\/07\/BRINCOS-ALTRI-NON_FRONT-116x145.jpg 116w, https:\/\/test.imprimetresde.com\/wp-content\/uploads\/2025\/07\/BRINCOS-ALTRI-NON_FRONT-190x236.jpg 190w\" sizes=\"(max-width: 350px) 100vw, 350px\" \/>\t\t\t\t<\/a>\n\t\t\t\t\n\t\t\t<\/div>\n\t\t\t\n\t\t\t\t\t\t\n\t\t<\/div><!--product_thumbnail_wrapper-->\n        \n       \n        \t\t\t        \n\t\t<h2><a href=\"https:\/\/test.imprimetresde.com\/gl\/produto\/coleccion-altri-non\/\">Colecci\u00f3n ALTRI NON<\/a><\/h2>\n\n\t<\/div><!--product_wrapper-->\n    \n        \n\t<div class=\"product_after_shop_loop\">\n        \n        \t\t\n\t\t<div class=\"product_after_shop_loop_switcher\">\n            \n            <div class=\"product_after_shop_loop_price\">\n                \n\t<span class=\"price\"><span class=\"woocommerce-Price-amount amount\" aria-hidden=\"true\"><bdi>6,90<span class=\"woocommerce-Price-currencySymbol\">&euro;<\/span><\/bdi><\/span> <span aria-hidden=\"true\">-<\/span> <span class=\"woocommerce-Price-amount amount\" aria-hidden=\"true\"><bdi>14,90<span class=\"woocommerce-Price-currencySymbol\">&euro;<\/span><\/bdi><\/span><span class=\"screen-reader-text\">Rango de prezos: desde 6,90&euro; ata 14,90&euro;<\/span><\/span>\n            <\/div>\n            \n            <div class=\"product_after_shop_loop_buttons\">\n                <\/a><a href=\"https:\/\/test.imprimetresde.com\/gl\/produto\/coleccion-altri-non\/\" aria-describedby=\"woocommerce_loop_add_to_cart_link_describedby_14587\" data-quantity=\"1\" class=\"button product_type_variable add_to_cart_button\" data-product_id=\"14587\" data-product_sku=\"\" aria-label=\"Escolle as opci\u00f3ns para &quot;Colecci\u00f3n ALTRI NON&quot;\" rel=\"nofollow\">Seleccionar opci\u00f3ns<\/a>\t<span id=\"woocommerce_loop_add_to_cart_link_describedby_14587\" class=\"screen-reader-text\">\n\t\tEste produto ten m\u00faltiples variantes. As opci\u00f3ns p\u00f3dense elixir na p\u00e1xina de produto\t<\/span>\n<div class=\"pi-edd pi-edd-loop\">Fecha de Entrega Estimada 2026\/05\/01<\/div>            <\/div>\n            \n        <\/div>\n        \n    <\/div>\n\n<\/li>\n<li class=\"\">\n\n\t<a href=\"https:\/\/test.imprimetresde.com\/gl\/produto\/broche-pandeireta-personalizado\/\" class=\"woocommerce-LoopProduct-link woocommerce-loop-product__link\">\n\t<div class=\"product_wrapper\">\n\n\t\t        \n                \n        \t\t\t\n\t<span class=\"onsale\">Oferta<\/span>\n\t                \n        \t\t\n\t\t<div class=\"product_thumbnail_wrapper\">\n\t\t\t\n\t\t\t<div class=\"product_thumbnail \">\n\t\t\t\t\n\t\t\t\t<a href=\"https:\/\/test.imprimetresde.com\/gl\/produto\/broche-pandeireta-personalizado\/\">\n\t\t\t\t\n\t\t\t\t\t<span class=\"product_thumbnail_background\" style=\"\"><\/span>\n\t\t\t\t\t<img decoding=\"async\" width=\"350\" height=\"435\" src=\"https:\/\/test.imprimetresde.com\/wp-content\/uploads\/2025\/01\/Broche-Pandeireta-LUME-FRONT-350x435.jpg\" class=\"attachment-shop_catalog size-shop_catalog wp-post-image\" alt=\"Broche Pandeireta LUME I3D\" srcset=\"https:\/\/test.imprimetresde.com\/wp-content\/uploads\/2025\/01\/Broche-Pandeireta-LUME-FRONT-350x435.jpg 350w, https:\/\/test.imprimetresde.com\/wp-content\/uploads\/2025\/01\/Broche-Pandeireta-LUME-FRONT-116x145.jpg 116w, https:\/\/test.imprimetresde.com\/wp-content\/uploads\/2025\/01\/Broche-Pandeireta-LUME-FRONT-190x236.jpg 190w\" sizes=\"(max-width: 350px) 100vw, 350px\" \/>\t\t\t\t<\/a>\n\t\t\t\t\n\t\t\t<\/div>\n\t\t\t\n\t\t\t\t\t\t\n\t\t<\/div><!--product_thumbnail_wrapper-->\n        \n       \n        \t\t\t        \n\t\t<h2><a href=\"https:\/\/test.imprimetresde.com\/gl\/produto\/broche-pandeireta-personalizado\/\">Broche Pandeireta Personalizado<\/a><\/h2>\n\n\t<\/div><!--product_wrapper-->\n    \n        \n\t<div class=\"product_after_shop_loop\">\n        \n        \t\t\n\t\t<div class=\"product_after_shop_loop_switcher\">\n            \n            <div class=\"product_after_shop_loop_price\">\n                \n\t<span class=\"price\"><del aria-hidden=\"true\"><span class=\"woocommerce-Price-amount amount\"><bdi>19,90<span class=\"woocommerce-Price-currencySymbol\">&euro;<\/span><\/bdi><\/span><\/del> <span class=\"screen-reader-text\">O prezo orixinal era: 19,90&euro;.<\/span><ins aria-hidden=\"true\"><span class=\"woocommerce-Price-amount amount\"><bdi>17,90<span class=\"woocommerce-Price-currencySymbol\">&euro;<\/span><\/bdi><\/span><\/ins><span class=\"screen-reader-text\">O prezo actual \u00e9: 17,90&euro;.<\/span><\/span>\n            <\/div>\n            \n            <div class=\"product_after_shop_loop_buttons\">\n                <\/a><a href=\"\/gl\/wp-json\/wp\/v2\/pages\/5210?add-to-cart=14436\" aria-describedby=\"woocommerce_loop_add_to_cart_link_describedby_14436\" data-quantity=\"1\" class=\"button product_type_simple add_to_cart_button ajax_add_to_cart\" data-product_id=\"14436\" data-product_sku=\"\" aria-label=\"Engadir ao carri\u00f1o: &ldquo;Broche Pandeireta Personalizado&rdquo;\" rel=\"nofollow\" data-success_message=\"\u00abBroche Pandeireta Personalizado\u00bb engadiuse ao teu carri\u00f1o\" role=\"button\">Engadir ao carri\u00f1o<\/a>\t<span id=\"woocommerce_loop_add_to_cart_link_describedby_14436\" class=\"screen-reader-text\">\n\t\t\t<\/span>\n<div class=\"pi-edd pi-edd-loop\">Fecha de Entrega Estimada 2026\/05\/01<\/div>            <\/div>\n            \n        <\/div>\n        \n    <\/div>\n\n<\/li>\t\t<\/ul>\n    <\/div><!-- .columns -->\n<\/div><!-- .row --><\/div>[\/vc_column][\/vc_row][vc_row][vc_column][vc_text_separator title=&#8221;O \u00daltimo do Blogue&#8221; title_size=&#8221;h5&#8243;] \n    \n    <script>\n\tjQuery(document).ready(function($) {\n\t\t$(\"#from-the-blog-744147725\").owlCarousel({\n\t\t\titems:3,\n\t\t\titemsDesktop : [1200,3],\n\t\t\titemsDesktopSmall : [1000,2],\n\t\t\titemsTablet: false,\n\t\t\titemsMobile : [600,1],\n\t\t\tlazyLoad : true,\n\t\t\t\/*autoHeight : true,*\/\n\t\t});\n\t});\n\t<\/script>\n    \n\t<div class=\"row\">\n    <div class=\"from-the-blog-wrapper\">\n\t\n        <div id=\"from-the-blog-744147725\" class=\"owl-carousel\">\n\t\t\t\t\t\n\t\t\t                        \n                            \n                                        \n                    <div class=\"from_the_blog_item standard \">\n                        \n\t\t\t\t\t\t<a class=\"from_the_blog_img_link\" href=\"https:\/\/test.imprimetresde.com\/gl\/rotulo-para-a-presentacion-da-revista-salghadoiro\/\">\n\t\t\t\t\t\t\t<span class=\"from_the_blog_overlay\"><\/span>\n\t\t\t\t\t\t\t\n\t\t\t\t\t\t\t\t\t\t\t\t\t\t\t<span class=\"from_the_blog_img\" style=\"background-image: url(https:\/\/test.imprimetresde.com\/wp-content\/uploads\/2025\/01\/PORTADA-PRESENTACION-REVISTA-SALGHADOIRO-CON-ROTULO-I3D-1024x768.jpg );\"><\/span>\n\t\t\t\t\t\t\t\t<span class=\"with_thumb_icon\"><\/span>\n\t\t\t\t\t\t\t\t\t\t\t\t\t\t\n\t\t\t\t\t\t<\/a>\n                        \n                        <div class=\"from_the_blog_content\">\n                        \n                                                        \t<h3><a class=\"from_the_blog_title\" href=\"https:\/\/test.imprimetresde.com\/gl\/rotulo-para-a-presentacion-da-revista-salghadoiro\/\">R\u00f3tulo para a presentaci\u00f3n da Revista SALGHADOIRO<\/a><\/h3>\n                            \t\n                            \t<div class=\"post_header_date\"><a href=\"https:\/\/test.imprimetresde.com\/gl\/rotulo-para-a-presentacion-da-revista-salghadoiro\/\" title=\"Permalink to R\u00f3tulo para a presentaci\u00f3n da Revista SALGHADOIRO\" rel=\"bookmark\"><time class=\"entry-date\" datetime=\"2025-01-16T12:12:26+02:00\">16\/01\/2025<\/time><\/a><\/div>                       \n                                \n                        <\/div>\n                        \n                    <\/div>\n        \n                            \n                                        \n                    <div class=\"from_the_blog_item standard \">\n                        \n\t\t\t\t\t\t<a class=\"from_the_blog_img_link\" href=\"https:\/\/test.imprimetresde.com\/gl\/i3d-tech-no-ai-song-contest-2023\/\">\n\t\t\t\t\t\t\t<span class=\"from_the_blog_overlay\"><\/span>\n\t\t\t\t\t\t\t\n\t\t\t\t\t\t\t\t\t\t\t\t\t\t\t<span class=\"from_the_blog_img\" style=\"background-image: url(https:\/\/test.imprimetresde.com\/wp-content\/uploads\/2023\/11\/portadaAI-1024x575.jpg );\"><\/span>\n\t\t\t\t\t\t\t\t<span class=\"with_thumb_icon\"><\/span>\n\t\t\t\t\t\t\t\t\t\t\t\t\t\t\n\t\t\t\t\t\t<\/a>\n                        \n                        <div class=\"from_the_blog_content\">\n                        \n                                                        \t<h3><a class=\"from_the_blog_title\" href=\"https:\/\/test.imprimetresde.com\/gl\/i3d-tech-no-ai-song-contest-2023\/\">I3D Tech no AI SONG CONTEST 2023<\/a><\/h3>\n                            \t\n                            \t<div class=\"post_header_date\"><a href=\"https:\/\/test.imprimetresde.com\/gl\/i3d-tech-no-ai-song-contest-2023\/\" title=\"Permalink to I3D Tech no AI SONG CONTEST 2023\" rel=\"bookmark\"><time class=\"entry-date\" datetime=\"2023-11-24T19:23:51+02:00\">24\/11\/2023<\/time><\/a><\/div>                       \n                                \n                        <\/div>\n                        \n                    <\/div>\n        \n                            \n                                        \n                    <div class=\"from_the_blog_item standard \">\n                        \n\t\t\t\t\t\t<a class=\"from_the_blog_img_link\" href=\"https:\/\/test.imprimetresde.com\/gl\/prisciliano-volta-a-vida-coa-impresion-3d\/\">\n\t\t\t\t\t\t\t<span class=\"from_the_blog_overlay\"><\/span>\n\t\t\t\t\t\t\t\n\t\t\t\t\t\t\t\t\t\t\t\t\t\t\t<span class=\"from_the_blog_img\" style=\"background-image: url(https:\/\/test.imprimetresde.com\/wp-content\/uploads\/2023\/11\/PRISCI-CON-PACO-e1699353469330-1001x1024.jpg );\"><\/span>\n\t\t\t\t\t\t\t\t<span class=\"with_thumb_icon\"><\/span>\n\t\t\t\t\t\t\t\t\t\t\t\t\t\t\n\t\t\t\t\t\t<\/a>\n                        \n                        <div class=\"from_the_blog_content\">\n                        \n                                                        \t<h3><a class=\"from_the_blog_title\" href=\"https:\/\/test.imprimetresde.com\/gl\/prisciliano-volta-a-vida-coa-impresion-3d\/\">Prisciliano volta \u00e1 \u201cvida\u201d coa impresi\u00f3n 3d<\/a><\/h3>\n                            \t\n                            \t<div class=\"post_header_date\"><a href=\"https:\/\/test.imprimetresde.com\/gl\/prisciliano-volta-a-vida-coa-impresion-3d\/\" title=\"Permalink to Prisciliano volta \u00e1 \u201cvida\u201d coa impresi\u00f3n 3d\" rel=\"bookmark\"><time class=\"entry-date\" datetime=\"2023-11-07T12:35:28+02:00\">07\/11\/2023<\/time><\/a><\/div>                       \n                                \n                        <\/div>\n                        \n                    <\/div>\n        \n                            \n                                        \n                    <div class=\"from_the_blog_item standard \">\n                        \n\t\t\t\t\t\t<a class=\"from_the_blog_img_link\" href=\"https:\/\/test.imprimetresde.com\/gl\/props-cosplay-e-imprimetresde-van-da-man\/\">\n\t\t\t\t\t\t\t<span class=\"from_the_blog_overlay\"><\/span>\n\t\t\t\t\t\t\t\n\t\t\t\t\t\t\t\t\t\t\t\t\t\t\t<span class=\"from_the_blog_img\" style=\"background-image: url(https:\/\/test.imprimetresde.com\/wp-content\/uploads\/2022\/12\/1366_2000-1024x614.jpeg );\"><\/span>\n\t\t\t\t\t\t\t\t<span class=\"with_thumb_icon\"><\/span>\n\t\t\t\t\t\t\t\t\t\t\t\t\t\t\n\t\t\t\t\t\t<\/a>\n                        \n                        <div class=\"from_the_blog_content\">\n                        \n                                                        \t<h3><a class=\"from_the_blog_title\" href=\"https:\/\/test.imprimetresde.com\/gl\/props-cosplay-e-imprimetresde-van-da-man\/\">Props, Cosplay e Imprimetresde van da man<\/a><\/h3>\n                            \t\n                            \t<div class=\"post_header_date\"><a href=\"https:\/\/test.imprimetresde.com\/gl\/props-cosplay-e-imprimetresde-van-da-man\/\" title=\"Permalink to Props, Cosplay e Imprimetresde van da man\" rel=\"bookmark\"><time class=\"entry-date\" datetime=\"2023-01-03T13:01:13+02:00\">03\/01\/2023<\/time><\/a><\/div>                       \n                                \n                        <\/div>\n                        \n                    <\/div>\n        \n                            \n                                        \n                    <div class=\"from_the_blog_item standard \">\n                        \n\t\t\t\t\t\t<a class=\"from_the_blog_img_link\" href=\"https:\/\/test.imprimetresde.com\/gl\/atrezzo-para-falar-sen-cancelas-de-culturactiva\/\">\n\t\t\t\t\t\t\t<span class=\"from_the_blog_overlay\"><\/span>\n\t\t\t\t\t\t\t\n\t\t\t\t\t\t\t\t\t\t\t\t\t\t\t<span class=\"from_the_blog_img\" style=\"background-image: url(https:\/\/test.imprimetresde.com\/wp-content\/uploads\/2017\/02\/IMG_1566-768x1024.jpg );\"><\/span>\n\t\t\t\t\t\t\t\t<span class=\"with_thumb_icon\"><\/span>\n\t\t\t\t\t\t\t\t\t\t\t\t\t\t\n\t\t\t\t\t\t<\/a>\n                        \n                        <div class=\"from_the_blog_content\">\n                        \n                                                        \t<h3><a class=\"from_the_blog_title\" href=\"https:\/\/test.imprimetresde.com\/gl\/atrezzo-para-falar-sen-cancelas-de-culturactiva\/\">Atrezzo para Falar sen Cancelas de Culturactiva<\/a><\/h3>\n                            \t\n                            \t<div class=\"post_header_date\"><a href=\"https:\/\/test.imprimetresde.com\/gl\/atrezzo-para-falar-sen-cancelas-de-culturactiva\/\" title=\"Permalink to Atrezzo para Falar sen Cancelas de Culturactiva\" rel=\"bookmark\"><time class=\"entry-date\" datetime=\"2017-02-22T13:06:45+02:00\">22\/02\/2017<\/time><\/a><\/div>                       \n                                \n                        <\/div>\n                        \n                    <\/div>\n        \n                            \n                                        \n                    <div class=\"from_the_blog_item standard \">\n                        \n\t\t\t\t\t\t<a class=\"from_the_blog_img_link\" href=\"https:\/\/test.imprimetresde.com\/gl\/o-noso-material-de-impresion-o-pla-polimero-biodegradabel-procedente-de-recursos-vexetais\/\">\n\t\t\t\t\t\t\t<span class=\"from_the_blog_overlay\"><\/span>\n\t\t\t\t\t\t\t\n\t\t\t\t\t\t\t\t\t\t\t\t\t\t\t<span class=\"from_the_blog_img\" style=\"background-image: url(https:\/\/test.imprimetresde.com\/wp-content\/uploads\/2017\/02\/cilodeproductos.png );\"><\/span>\n\t\t\t\t\t\t\t\t<span class=\"with_thumb_icon\"><\/span>\n\t\t\t\t\t\t\t\t\t\t\t\t\t\t\n\t\t\t\t\t\t<\/a>\n                        \n                        <div class=\"from_the_blog_content\">\n                        \n                                                        \t<h3><a class=\"from_the_blog_title\" href=\"https:\/\/test.imprimetresde.com\/gl\/o-noso-material-de-impresion-o-pla-polimero-biodegradabel-procedente-de-recursos-vexetais\/\">O PLA, pol\u00edmero biodegrad\u00e1bel procedente de recursos vexetais<\/a><\/h3>\n                            \t\n                            \t<div class=\"post_header_date\"><a href=\"https:\/\/test.imprimetresde.com\/gl\/o-noso-material-de-impresion-o-pla-polimero-biodegradabel-procedente-de-recursos-vexetais\/\" title=\"Permalink to O PLA, pol\u00edmero biodegrad\u00e1bel procedente de recursos vexetais\" rel=\"bookmark\"><time class=\"entry-date\" datetime=\"2017-02-19T19:01:31+02:00\">19\/02\/2017<\/time><\/a><\/div>                       \n                                \n                        <\/div>\n                        \n                    <\/div>\n        \n                            \n                                        \n                    <div class=\"from_the_blog_item standard \">\n                        \n\t\t\t\t\t\t<a class=\"from_the_blog_img_link\" href=\"https:\/\/test.imprimetresde.com\/gl\/a-laca-do-pelo-que-volve-trunfar-grazas-as-impresoras-3d\/\">\n\t\t\t\t\t\t\t<span class=\"from_the_blog_overlay\"><\/span>\n\t\t\t\t\t\t\t\n\t\t\t\t\t\t\t\t\t\t\t\t\t\t\t<span class=\"from_the_blog_img\" style=\"background-image: url(https:\/\/test.imprimetresde.com\/wp-content\/uploads\/2016\/11\/14698049332411.jpg );\"><\/span>\n\t\t\t\t\t\t\t\t<span class=\"with_thumb_icon\"><\/span>\n\t\t\t\t\t\t\t\t\t\t\t\t\t\t\n\t\t\t\t\t\t<\/a>\n                        \n                        <div class=\"from_the_blog_content\">\n                        \n                                                        \t<h3><a class=\"from_the_blog_title\" href=\"https:\/\/test.imprimetresde.com\/gl\/a-laca-do-pelo-que-volve-trunfar-grazas-as-impresoras-3d\/\">A laca do pelo que volve triunfar grazas&#8230; \u00e1s impresoras 3d!<\/a><\/h3>\n                            \t\n                            \t<div class=\"post_header_date\"><a href=\"https:\/\/test.imprimetresde.com\/gl\/a-laca-do-pelo-que-volve-trunfar-grazas-as-impresoras-3d\/\" title=\"Permalink to A laca do pelo que volve triunfar grazas&#8230; \u00e1s impresoras 3d!\" rel=\"bookmark\"><time class=\"entry-date\" datetime=\"2016-11-22T13:08:56+02:00\">22\/11\/2016<\/time><\/a><\/div>                       \n                                \n                        <\/div>\n                        \n                    <\/div>\n        \n                                \n             \n              \n        <\/div>\n\t<\/div>\n    <\/div>\n\t\n\t[\/vc_column][\/vc_row]<\/p>\n","protected":false},"excerpt":{"rendered":"<p>[vc_row background_style=&#8221;normal&#8221;][vc_column][\/vc_column][\/vc_row][vc_row background_style=&#8221;normal&#8221;][vc_column][vc_text_separator title=&#8221;M\u00e1is Procurado&#8221; title_size=&#8221;h5&#8243;][\/vc_column][\/vc_row][vc_row][vc_column][vc_text_separator title=&#8221;O \u00daltimo do Blogue&#8221; title_size=&#8221;h5&#8243;][\/vc_column][\/vc_row]<\/p>\n","protected":false},"author":1,"featured_media":0,"parent":0,"menu_order":0,"comment_status":"closed","ping_status":"closed","template":"page-with-slider.php","meta":{"_vp_format_video_url":"","_vp_image_focal_point":[],"footnotes":""},"class_list":["post-5210","page","type-page","status-publish","hentry"],"_links":{"self":[{"href":"https:\/\/test.imprimetresde.com\/gl\/wp-json\/wp\/v2\/pages\/5210","targetHints":{"allow":["GET"]}}],"collection":[{"href":"https:\/\/test.imprimetresde.com\/gl\/wp-json\/wp\/v2\/pages"}],"about":[{"href":"https:\/\/test.imprimetresde.com\/gl\/wp-json\/wp\/v2\/types\/page"}],"author":[{"embeddable":true,"href":"https:\/\/test.imprimetresde.com\/gl\/wp-json\/wp\/v2\/users\/1"}],"replies":[{"embeddable":true,"href":"https:\/\/test.imprimetresde.com\/gl\/wp-json\/wp\/v2\/comments?post=5210"}],"version-history":[{"count":0,"href":"https:\/\/test.imprimetresde.com\/gl\/wp-json\/wp\/v2\/pages\/5210\/revisions"}],"wp:attachment":[{"href":"https:\/\/test.imprimetresde.com\/gl\/wp-json\/wp\/v2\/media?parent=5210"}],"curies":[{"name":"wp","href":"https:\/\/api.w.org\/{rel}","templated":true}]}}