{"id":5777,"date":"2017-07-03T18:27:45","date_gmt":"2017-07-03T17:27:45","guid":{"rendered":"https:\/\/test.imprimetresde.com\/?page_id=5777\/"},"modified":"2023-06-13T13:14:46","modified_gmt":"2023-06-13T11:14:46","slug":"colabora-connosco","status":"publish","type":"page","link":"https:\/\/test.imprimetresde.com\/gl\/colabora-connosco\/","title":{"rendered":"Colabora Connosco"},"content":{"rendered":"<p>[vc_row font_color=&#8221;#ec801b&#8221; css=&#8221;.vc_custom_1449427501601{padding-top: 250px !important;padding-bottom: 250px !important;background-image: url(https:\/\/test.imprimetresde.com\/wp-content\/uploads\/2014\/05\/sobre-nosotros-fondo_opt.jpg?id=2759) !important;}&#8221; background_style=&#8221;parallax&#8221;][vc_column][vc_text_separator title=&#8221;COLABORA CONNOSCO&#8221; color=&#8221;orange&#8221; border_width=&#8221;2&#8243; subtitle=&#8221;Marca de Impresi\u00f3n en tres dimensi\u00f3ns con s\u00e9 na Coru\u00f1a&#8221; el_class=&#8221; h1orange&#8221;][\/vc_column][\/vc_row][vc_row type=&#8221;boxed&#8221; css=&#8221;.vc_custom_1400146784650{margin-top: 5% !important;margin-bottom: 5% !important;}&#8221;][vc_column width=&#8221;2\/3&#8243;][vc_column_text css=&#8221;.vc_custom_1613741615877{padding-right: 3% !important;}&#8221;]<\/p>\n<h3>En Imprimetresde facemos dese\u00f1o e\u00a0 impresi\u00f3n 3D. <strong>Queres colaborar connosco e formar parte da marca I3D imprimetresde?\u00a0<\/strong><\/h3>\n<p>[\/vc_column_text][vc_column_text css=&#8221;.vc_custom_1613749495016{padding-right: 3% !important;}&#8221;]Desde a nosa experiencia profesional (m\u00e1is de dez anos traballando nos campos da arquitectura, o dese\u00f1o gr\u00e1fico e modelado 3D) as posibilidades que ofrece a impresi\u00f3n 3D par\u00e9cennos absolutamente apaixoantes, todo un reto creativo. Os distintos materiais, as diferentes t\u00e9cnicas de impresi\u00f3n, a ampla gama de m\u00e1quinas, desde as pequenas impresoras de uso dom\u00e9stico ata os asombrosos aparatos que imprimen casas enteiras, todo \u00e9 un reto.<\/p>\n<p>Un reto ao futuro, a un futuro no que a tecnolox\u00eda de impresi\u00f3n 3D permitir\u00e1 a todo o mundo dese\u00f1ar e crear produtos complexos.[\/vc_column_text][vc_video link=&#8221;https:\/\/vimeo.com\/514304482&#8243;][vc_single_image image=&#8221;9759&#8243; img_size=&#8221;full&#8221;][vc_column_text css=&#8221;.vc_custom_1613749548825{padding-right: 3% !important;}&#8221;]Por todo isto, <strong>propo\u00f1\u00e9mosche colaborar<\/strong> connosco. Se tes unha <strong>idea<\/strong>, un modelo 3d, un obxecto, que poda ter cabida na nosa tenda, ach\u00e9ganolo. Se nos gusta, se encaixa coa nosa creaci\u00f3n, firmaremos un <strong>contrato de colaboraci\u00f3n<\/strong>. O produto aparecer\u00e1 na nosa web, cit\u00e1ndote como autor da creaci\u00f3n e levar\u00e1s unha <strong>comisi\u00f3n<\/strong> por cada venda que se realice.[\/vc_column_text][vc_separator][vc_column_text]<\/p>\n<h4>Colabora connosco<\/h4>\n<p>Cubre o seguinte formulario ou envianos a t\u00faa creaci\u00f3n e proposta de colaboraci\u00f3n a <a href=\"mailto:contacto@imprimetresde.com\">contacto@imprimetresde.com<\/a><\/p>\n<p>[\/vc_column_text]\n<div class=\"wpcf7 no-js\" id=\"wpcf7-f446-o1\" lang=\"en-US\" dir=\"ltr\" data-wpcf7-id=\"446\">\n<div class=\"screen-reader-response\"><p role=\"status\" aria-live=\"polite\" aria-atomic=\"true\"><\/p> <ul><\/ul><\/div>\n<form action=\"\/gl\/wp-json\/wp\/v2\/pages\/5777#wpcf7-f446-o1\" method=\"post\" class=\"wpcf7-form init\" aria-label=\"Contact form\" enctype=\"multipart\/form-data\" novalidate=\"novalidate\" data-status=\"init\">\n<fieldset class=\"hidden-fields-container\"><input type=\"hidden\" name=\"_wpcf7\" value=\"446\" \/><input type=\"hidden\" name=\"_wpcf7_version\" value=\"6.1.3\" \/><input type=\"hidden\" name=\"_wpcf7_locale\" value=\"en_US\" \/><input type=\"hidden\" name=\"_wpcf7_unit_tag\" value=\"wpcf7-f446-o1\" \/><input type=\"hidden\" name=\"_wpcf7_container_post\" value=\"0\" \/><input type=\"hidden\" name=\"_wpcf7_posted_data_hash\" value=\"\" \/><input type=\"hidden\" name=\"_wpcf7_recaptcha_response\" value=\"\" \/>\n<\/fieldset>\n<p>Tu nombre (obligatorio)\n<\/p>\n<p><span class=\"wpcf7-form-control-wrap\" data-name=\"your-name\"><input size=\"40\" maxlength=\"400\" class=\"wpcf7-form-control wpcf7-text wpcf7-validates-as-required\" aria-required=\"true\" aria-invalid=\"false\" value=\"\" type=\"text\" name=\"your-name\" \/><\/span>\n<\/p>\n<p>Tu Email (obligatorio)\n<\/p>\n<p><span class=\"wpcf7-form-control-wrap\" data-name=\"your-email\"><input size=\"40\" maxlength=\"400\" class=\"wpcf7-form-control wpcf7-email wpcf7-validates-as-required wpcf7-text wpcf7-validates-as-email\" aria-required=\"true\" aria-invalid=\"false\" value=\"\" type=\"email\" name=\"your-email\" \/><\/span>\n<\/p>\n<p>Asunto\n<\/p>\n<p><span class=\"wpcf7-form-control-wrap\" data-name=\"your-subject\"><input size=\"40\" maxlength=\"400\" class=\"wpcf7-form-control wpcf7-text\" aria-invalid=\"false\" value=\"\" type=\"text\" name=\"your-subject\" \/><\/span>\n<\/p>\n<p>Tu Mensaje\n<\/p>\n<p><span class=\"wpcf7-form-control-wrap\" data-name=\"your-message\"><textarea cols=\"40\" rows=\"10\" maxlength=\"2000\" class=\"wpcf7-form-control wpcf7-textarea\" aria-invalid=\"false\" name=\"your-message\"><\/textarea><\/span>\n<\/p>\n<p>Adjuntar un archivo\n<\/p>\n<p><span class=\"wpcf7-form-control-wrap\" data-name=\"file-293\"><input size=\"40\" class=\"wpcf7-form-control wpcf7-file\" accept=\".jpg,.png,.tga,.bmp,.pdf,.dwg,.stl,.3ds,.zip,.tar,.rar\" aria-invalid=\"false\" type=\"file\" name=\"file-293\" \/><\/span>\n<\/p>\n<p><input class=\"wpcf7-form-control wpcf7-submit has-spinner\" type=\"submit\" value=\"Enviar\" \/>\n<\/p><div class=\"wpcf7-response-output\" aria-hidden=\"true\"><\/div>\n<\/form>\n<\/div>\n[\/vc_column][vc_column width=&#8221;1\/3&#8243;]<\/p>\n<p>[vc_column_text]<\/p>\n<h6><strong>ENDEREZO:<\/strong><\/h6>\n<p><strong>Obradoiro:<\/strong><\/p>\n<p>Rua San Isidoro, 62 Baixo (O&#8217;Colmado)<\/p>\n<p>15007 A Coru\u00f1a<\/p>\n<p><strong>Tenda:<\/strong><\/p>\n<p>R\u00faa Alcalde Canuto Berea, 2.<\/p>\n<p>15003 A Coru\u00f1a<\/p>\n<p>Tlf: 623192454[\/vc_column_text][vc_column_text]<\/p>\n<h6><strong>HORARIO DE FABRICACION:<\/strong><\/h6>\n<p>LUNS 10:30-19:30<br \/>\nMARTES:\u00a010:30-19:30<br \/>\nM\u00c9RCORES: 10:30-19:30<br \/>\nXOVES: 10:30-19:30<br \/>\nVENRES:\u00a010:30-19:30<br \/>\nS\u00c1BADO: CURSOS 10:00-14:00<br \/>\nDOMINGO: PECHADO[\/vc_column_text][vc_column_text]<\/p>\n<h6><strong>COLABORACI\u00d3NS:<\/strong><\/h6>\n<p>Se est\u00e1s interesado en colaborar<br \/>\nconnosco en <a href=\"https:\/\/test.imprimetresde.com\">Imprimetresde<\/a>, cont\u00e1ctanos:<br \/>\ncontacto@imprimetresde.com[\/vc_column_text]<\/p>\n<p><span style=\"font-size: inherit;\">\n    <div class=\"site-social-icons-shortcode\">\n        <ul class=\"left\" >\n            <li class=\"site-social-icons-facebook\"><a target=\"_blank\" href=\"https:\/\/www.facebook.com\/imprimetresde\" ><i class=\"fa fa-facebook\"><\/i><span>Facebook<\/span><\/a><\/li>            <li class=\"site-social-icons-twitter\"><a target=\"_blank\" href=\"http:\/\/twitter.com\/imprimetresde_\" ><i class=\"fa fa-twitter\"><\/i><span>Twitter<\/span><\/a><\/li>                        <li class=\"site-social-icons-pinterest\"><a target=\"_blank\" href=\"https:\/\/www.pinterest.com\/imprimetresde\/\" ><i class=\"fa fa-pinterest\"><\/i><span>Pinterest<\/span><\/a><\/li>                                                            <li class=\"site-social-icons-instagram\"><a target=\"_blank\" href=\"https:\/\/www.instagram.com\/imprimetresde\/\" ><i class=\"fa fa-instagram\"><\/i><span>Instagram<\/span><\/a><\/li>                                <\/ul>\n    <\/div>\n    \n    [\/vc_column][\/vc_row][vc_row][vc_column][\/vc_column][\/vc_row]<\/span><\/p>\n","protected":false},"excerpt":{"rendered":"<p>[vc_row font_color=&#8221;#ec801b&#8221; css=&#8221;.vc_custom_1449427501601{padding-top: 250px !important;padding-bottom: 250px !important;background-image: url(https:\/\/test.imprimetresde.com\/wp-content\/uploads\/2014\/05\/sobre-nosotros-fondo_opt.jpg?id=2759) !important;}&#8221; background_style=&#8221;parallax&#8221;][vc_column][vc_text_separator title=&#8221;COLABORA CONNOSCO&#8221; color=&#8221;orange&#8221; border_width=&#8221;2&#8243; subtitle=&#8221;Marca de Impresi\u00f3n en tres dimensi\u00f3ns con s\u00e9 na Coru\u00f1a&#8221; el_class=&#8221; h1orange&#8221;][\/vc_column][\/vc_row][vc_row type=&#8221;boxed&#8221; css=&#8221;.vc_custom_1400146784650{margin-top: 5% !important;margin-bottom: 5% !important;}&#8221;][vc_column width=&#8221;2\/3&#8243;][vc_column_text css=&#8221;.vc_custom_1613741615877{padding-right: 3% !important;}&#8221;] En Imprimetresde facemos dese\u00f1o e\u00a0 impresi\u00f3n 3D. Queres colaborar connosco e formar parte da marca I3D imprimetresde?\u00a0 [\/vc_column_text][vc_column_text css=&#8221;.vc_custom_1613749495016{padding-right: [&hellip;]<\/p>\n","protected":false},"author":1,"featured_media":0,"parent":0,"menu_order":0,"comment_status":"closed","ping_status":"closed","template":"page-full-width.php","meta":{"_vp_format_video_url":"","_vp_image_focal_point":[],"footnotes":""},"class_list":["post-5777","page","type-page","status-publish","hentry"],"_links":{"self":[{"href":"https:\/\/test.imprimetresde.com\/gl\/wp-json\/wp\/v2\/pages\/5777","targetHints":{"allow":["GET"]}}],"collection":[{"href":"https:\/\/test.imprimetresde.com\/gl\/wp-json\/wp\/v2\/pages"}],"about":[{"href":"https:\/\/test.imprimetresde.com\/gl\/wp-json\/wp\/v2\/types\/page"}],"author":[{"embeddable":true,"href":"https:\/\/test.imprimetresde.com\/gl\/wp-json\/wp\/v2\/users\/1"}],"replies":[{"embeddable":true,"href":"https:\/\/test.imprimetresde.com\/gl\/wp-json\/wp\/v2\/comments?post=5777"}],"version-history":[{"count":0,"href":"https:\/\/test.imprimetresde.com\/gl\/wp-json\/wp\/v2\/pages\/5777\/revisions"}],"wp:attachment":[{"href":"https:\/\/test.imprimetresde.com\/gl\/wp-json\/wp\/v2\/media?parent=5777"}],"curies":[{"name":"wp","href":"https:\/\/api.w.org\/{rel}","templated":true}]}}