{"id":10053,"date":"2021-06-04T15:39:34","date_gmt":"2021-06-04T13:39:34","guid":{"rendered":"https:\/\/test.imprimetresde.com\/?post_type=product&#038;p=10053"},"modified":"2024-03-11T20:02:19","modified_gmt":"2024-03-11T18:02:19","slug":"colar-peneira","status":"publish","type":"product","link":"https:\/\/test.imprimetresde.com\/gl\/produto\/colar-peneira\/","title":{"rendered":"Colar Peneira"},"content":{"rendered":"<p>Colar Peneira dese\u00f1ado por <a href=\"https:\/\/test.imprimetresde.com\/gl\/\">Imprimetresde<\/a> . Fermoso colar en homenaxe \u00e1 peneira tan t\u00edpica dos lares galegos. A peneira \u00e9 un instrumento formado tradicionalmente por unha caixa de <a title=\"\" href=\"https:\/\/gl.wikipedia.org\/wiki\/Madeira\">madeira<\/a>, con fondo de\u00a0<a title=\"Coiro\" href=\"https:\/\/gl.wikipedia.org\/wiki\/Coiro\">coiro<\/a>\u00a0con furados ou ben cunha\u00a0<a title=\"N\u00f3\" href=\"https:\/\/gl.wikipedia.org\/wiki\/N%C3%B3\">rede<\/a>\u00a0de metal de malla m\u00e1is ou menos fina, que se emprega para separar as part\u00edculas de distinto grosor que constit\u00faen certas materias, como a\u00a0<a title=\"Fari\u00f1a\" href=\"https:\/\/gl.wikipedia.org\/wiki\/Fari%C3%B1a\">fari\u00f1a<\/a>, a\u00a0<a title=\"Area\" href=\"https:\/\/gl.wikipedia.org\/wiki\/Area\">area<\/a> etc.<\/p>\n<p>*O material no que est\u00e1 realizado \u00e9 WOODEN <a href=\"https:\/\/test.imprimetresde.com\/gl\/o-noso-material-de-impresion-o-pla-polimero-biodegradabel-procedente-de-recursos-vexetais\/\">PLA<\/a>, material procedente de materia vexetal, biodegrad\u00e1bel, non t\u00f3xico e ecol\u00f3xico.<\/p>\n","protected":false},"excerpt":{"rendered":"<p>Colar Peneira dese\u00f1ado por <a href=\"https:\/\/test.imprimetresde.com\/gl\/\">Imprimetresde<\/a> . Fermoso colar en homenaxe \u00e1 peneira tan t\u00edpica dos lares galegos.<\/p>\n","protected":false},"featured_media":10054,"comment_status":"open","ping_status":"closed","template":"","meta":{"_vp_format_video_url":"","_vp_image_focal_point":[]},"product_brand":[],"product_cat":[1312,315,316],"product_tag":[1777,1603,388,1114,1770,246,410,2508,2507,1771,1776,1769,1384,447,512],"class_list":{"0":"post-10053","1":"product","2":"type-product","3":"status-publish","4":"has-post-thumbnail","6":"product_cat-colgantes-gl","7":"product_cat-complementos-gl","8":"product_cat-cultura-gl","9":"product_tag-ancestral","10":"product_tag-casa","11":"product_tag-colar","12":"product_tag-dia-da-nai","13":"product_tag-farina","14":"product_tag-fogar","15":"product_tag-galego","16":"product_tag-impresion-3d-a-coruna","17":"product_tag-impresion-3d-coruna","18":"product_tag-lar","19":"product_tag-peneira","20":"product_tag-peneirar","21":"product_tag-souvenir","22":"product_tag-tradicion","23":"product_tag-tradicional","25":"first","26":"instock","27":"sale","28":"taxable","29":"shipping-taxable","30":"purchasable","31":"product-type-variable"},"exclude_global_add_ons":false,"addons":[{"name":"Material da Cadea (opcional)","type":"checkbox","position":0,"required":false,"title_format":"label","default":"","description_enable":true,"description":"Opci\u00f3n de facer a peza con cadea e accesorios de prata 925, de primera lei.","placeholder_enable":false,"placeholder":"","display":"select","restrictions_type":"any_text","adjust_price":false,"price":"","price_type":"flat_fee","restrictions":false,"min":"0","max":"0","options":[{"label":"Prata","price":"10","price_type":"flat_fee","image":0,"visibility":true}]}],"_links":{"self":[{"href":"https:\/\/test.imprimetresde.com\/gl\/wp-json\/wp\/v2\/product\/10053","targetHints":{"allow":["GET"]}}],"collection":[{"href":"https:\/\/test.imprimetresde.com\/gl\/wp-json\/wp\/v2\/product"}],"about":[{"href":"https:\/\/test.imprimetresde.com\/gl\/wp-json\/wp\/v2\/types\/product"}],"replies":[{"embeddable":true,"href":"https:\/\/test.imprimetresde.com\/gl\/wp-json\/wp\/v2\/comments?post=10053"}],"wp:featuredmedia":[{"embeddable":true,"href":"https:\/\/test.imprimetresde.com\/gl\/wp-json\/wp\/v2\/media\/10054"}],"wp:attachment":[{"href":"https:\/\/test.imprimetresde.com\/gl\/wp-json\/wp\/v2\/media?parent=10053"}],"wp:term":[{"taxonomy":"product_brand","embeddable":true,"href":"https:\/\/test.imprimetresde.com\/gl\/wp-json\/wp\/v2\/product_brand?post=10053"},{"taxonomy":"product_cat","embeddable":true,"href":"https:\/\/test.imprimetresde.com\/gl\/wp-json\/wp\/v2\/product_cat?post=10053"},{"taxonomy":"product_tag","embeddable":true,"href":"https:\/\/test.imprimetresde.com\/gl\/wp-json\/wp\/v2\/product_tag?post=10053"}],"curies":[{"name":"wp","href":"https:\/\/api.w.org\/{rel}","templated":true}]}}