{"id":5203,"date":"2015-11-06T18:27:06","date_gmt":"2015-11-06T17:27:06","guid":{"rendered":"https:\/\/test.imprimetresde.com\/producto\/lampara-celtic-skull\/"},"modified":"2019-03-29T12:44:36","modified_gmt":"2019-03-29T11:44:36","slug":"lampara-celtic-skull","status":"publish","type":"product","link":"https:\/\/test.imprimetresde.com\/gl\/produto\/lampara-celtic-skull\/","title":{"rendered":"L\u00e1mpara Celtic Skull"},"content":{"rendered":"<img data-area='' data-attr='{}' data-brake='0.23' data-clickfree='false' data-cursor='url(\"https:\/\/test.imprimetresde.com\/wp-content\/plugins\/wp-reel\/cur\/jquery.reel.cur\"),hand' data-cw='false' data-delay='0' data-directional='' data-draggable='true' data-duration='' data-entry='' data-footage='6' data-framelock='false' data-graph='' data-hint='' data-horizontal='true' data-indicator='0' data-inversed='false' data-klass='' data-lazyness='' data-monitor='' data-opening='0' data-orbital='0' data-orientable='' data-preload='fidelity' data-preloader='4' data-rebound='0.5' data-responsive='false' data-row='1' data-rows='0' data-rowlock='false' data-scrollable='true' data-shy='false' data-spacing='0' data-steppable='true' data-tempo='25' data-throwable='true' data-velocity='0' data-vertical='false' data-wheelable='true' width='575' height='305'  class='reel' data-revolution='575'  data-speed='0'  data-loops='true'  data-frames='40' data-size='' data-frame='1'   data-images='https:\/\/test.imprimetresde.com\/wp-content\/uploads\/2015\/11\/SK_anim0000002.jpg,https:\/\/test.imprimetresde.com\/wp-content\/uploads\/2015\/11\/SK_anim0000012.jpg,https:\/\/test.imprimetresde.com\/wp-content\/uploads\/2015\/11\/SK_anim0000021.jpg,https:\/\/test.imprimetresde.com\/wp-content\/uploads\/2015\/11\/SK_anim0000031.jpg,https:\/\/test.imprimetresde.com\/wp-content\/uploads\/2015\/11\/SK_anim0000041.jpg,https:\/\/test.imprimetresde.com\/wp-content\/uploads\/2015\/11\/SK_anim0000051.jpg,https:\/\/test.imprimetresde.com\/wp-content\/uploads\/2015\/11\/SK_anim0000061.jpg,https:\/\/test.imprimetresde.com\/wp-content\/uploads\/2015\/11\/SK_anim000007.jpg,https:\/\/test.imprimetresde.com\/wp-content\/uploads\/2015\/11\/SK_anim000008.jpg,https:\/\/test.imprimetresde.com\/wp-content\/uploads\/2015\/11\/SK_anim000009.jpg,https:\/\/test.imprimetresde.com\/wp-content\/uploads\/2015\/11\/SK_anim000010.jpg,https:\/\/test.imprimetresde.com\/wp-content\/uploads\/2015\/11\/SK_anim000011.jpg,https:\/\/test.imprimetresde.com\/wp-content\/uploads\/2015\/11\/SK_anim000012.jpg,https:\/\/test.imprimetresde.com\/wp-content\/uploads\/2015\/11\/SK_anim000013.jpg,https:\/\/test.imprimetresde.com\/wp-content\/uploads\/2015\/11\/SK_anim000014.jpg,https:\/\/test.imprimetresde.com\/wp-content\/uploads\/2015\/11\/SK_anim000015.jpg,https:\/\/test.imprimetresde.com\/wp-content\/uploads\/2015\/11\/SK_anim000016.jpg,https:\/\/test.imprimetresde.com\/wp-content\/uploads\/2015\/11\/SK_anim000017.jpg,https:\/\/test.imprimetresde.com\/wp-content\/uploads\/2015\/11\/SK_anim000018.jpg,https:\/\/test.imprimetresde.com\/wp-content\/uploads\/2015\/11\/SK_anim000019.jpg,https:\/\/test.imprimetresde.com\/wp-content\/uploads\/2015\/11\/SK_anim000020.jpg,https:\/\/test.imprimetresde.com\/wp-content\/uploads\/2015\/11\/SK_anim000021.jpg,https:\/\/test.imprimetresde.com\/wp-content\/uploads\/2015\/11\/SK_anim000022.jpg,https:\/\/test.imprimetresde.com\/wp-content\/uploads\/2015\/11\/SK_anim000023.jpg,https:\/\/test.imprimetresde.com\/wp-content\/uploads\/2015\/11\/SK_anim000024.jpg,https:\/\/test.imprimetresde.com\/wp-content\/uploads\/2015\/11\/SK_anim000025.jpg,https:\/\/test.imprimetresde.com\/wp-content\/uploads\/2015\/11\/SK_anim000026.jpg,https:\/\/test.imprimetresde.com\/wp-content\/uploads\/2015\/11\/SK_anim000027.jpg,https:\/\/test.imprimetresde.com\/wp-content\/uploads\/2015\/11\/SK_anim000028.jpg,https:\/\/test.imprimetresde.com\/wp-content\/uploads\/2015\/11\/SK_anim000029.jpg,https:\/\/test.imprimetresde.com\/wp-content\/uploads\/2015\/11\/SK_anim000030.jpg,https:\/\/test.imprimetresde.com\/wp-content\/uploads\/2015\/11\/SK_anim000031.jpg,https:\/\/test.imprimetresde.com\/wp-content\/uploads\/2015\/11\/SK_anim000032.jpg,https:\/\/test.imprimetresde.com\/wp-content\/uploads\/2015\/11\/SK_anim000033.jpg,https:\/\/test.imprimetresde.com\/wp-content\/uploads\/2015\/11\/SK_anim000034.jpg,https:\/\/test.imprimetresde.com\/wp-content\/uploads\/2015\/11\/SK_anim000035.jpg,https:\/\/test.imprimetresde.com\/wp-content\/uploads\/2015\/11\/SK_anim000036.jpg,https:\/\/test.imprimetresde.com\/wp-content\/uploads\/2015\/11\/SK_anim000037.jpg,https:\/\/test.imprimetresde.com\/wp-content\/uploads\/2015\/11\/SK_anim000038.jpg,https:\/\/test.imprimetresde.com\/wp-content\/uploads\/2015\/11\/SK_anim0000391.jpg' src='https:\/\/test.imprimetresde.com\/wp-content\/uploads\/2015\/11\/SK_anim0000002.jpg' >\n<p>Esta l\u00e1mpada con forma de caveira, creada por &#8220;artec3d&#8221;, con motivos celtas non \u00e9 apta para asustadizos. O material permite o paso da luz, \u00e1 vez que xera un efecto relevo en toda a envolvente do obxecto, potenciando os dese\u00f1os baseados na cultura celta.<\/p>\n<p>O termo arte celta alude \u00e1s expresi\u00f3ns art\u00edsticas dos chamados pobos celtas. \u00c9, con todo, unha categor\u00eda subxectiva e discutida, tanto como o propio concepto de &#8220;civilizaci\u00f3n celta&#8221;, xa que se aplica a un per\u00edodo de tempo moi dilatado e a m\u00faltiples culturas relacionadas pero diferentes entre si.\u00a0De feito, a expresi\u00f3n &#8220;arte celta&#8221; empr\u00e9gase sobre todo en relaci\u00f3n \u00e1 arte pag\u00e1 tard\u00eda e cristi\u00e1n temper\u00e1n das illas brit\u00e1nicas, cuxa m\u00e1is notable expresi\u00f3n son os manuscritos ilustrados altomedievales ricamente ornamentados con elementos est\u00e9ticos propios da arte nativo insular. Tam\u00e9n destacan as pedras pictas escocesas, c\u00e1lices, broches e cruces celtas.<\/p>\n<p>A arte celta insular, cos seus caracter\u00edsticos motivos de lazos e espirais, est\u00e1 estreitamente relacionado con (e influenciado por) a arte ornamental e zoom\u00f3rfico viquingo, sobre todo o estilo Borre.<\/p>\n<p>Este produto permite aloxar no seu interior unha l\u00e1mpada, unha l\u00e1mpada led ou unha vela hal\u00f3xena.<\/p>\n<p><strong>*A fonte de luz non est\u00e1 inclu\u00edda<\/strong><\/p>\n","protected":false},"excerpt":{"rendered":"<p>>Esta l\u00e1mpada con forma de caveira, creada por &#8220;artec3d&#8221;, con motivos celtas non \u00e9 apta para asustadizos. O material permite o paso da luz, \u00e1 vez que xera un efecto relevo en toda a envolvente do obxecto, potenciando os dese\u00f1os baseados na cultura celta.<\/p>\n","protected":false},"featured_media":3386,"comment_status":"open","ping_status":"closed","template":"","meta":{"_vp_format_video_url":"","_vp_image_focal_point":[]},"product_brand":[],"product_cat":[313,319],"product_tag":[199,255,291],"class_list":{"0":"post-5203","1":"product","2":"type-product","3":"status-publish","4":"has-post-thumbnail","6":"product_cat-ambiente-gl","7":"product_cat-iluminacion-gl","8":"product_tag-celtic-gl","9":"product_tag-lampada","10":"product_tag-skull-gl","12":"first","13":"instock","14":"sale","15":"taxable","16":"shipping-taxable","17":"purchasable","18":"product-type-simple"},"exclude_global_add_ons":[],"addons":[],"_links":{"self":[{"href":"https:\/\/test.imprimetresde.com\/gl\/wp-json\/wp\/v2\/product\/5203","targetHints":{"allow":["GET"]}}],"collection":[{"href":"https:\/\/test.imprimetresde.com\/gl\/wp-json\/wp\/v2\/product"}],"about":[{"href":"https:\/\/test.imprimetresde.com\/gl\/wp-json\/wp\/v2\/types\/product"}],"replies":[{"embeddable":true,"href":"https:\/\/test.imprimetresde.com\/gl\/wp-json\/wp\/v2\/comments?post=5203"}],"wp:featuredmedia":[{"embeddable":true,"href":"https:\/\/test.imprimetresde.com\/gl\/wp-json\/wp\/v2\/media\/3386"}],"wp:attachment":[{"href":"https:\/\/test.imprimetresde.com\/gl\/wp-json\/wp\/v2\/media?parent=5203"}],"wp:term":[{"taxonomy":"product_brand","embeddable":true,"href":"https:\/\/test.imprimetresde.com\/gl\/wp-json\/wp\/v2\/product_brand?post=5203"},{"taxonomy":"product_cat","embeddable":true,"href":"https:\/\/test.imprimetresde.com\/gl\/wp-json\/wp\/v2\/product_cat?post=5203"},{"taxonomy":"product_tag","embeddable":true,"href":"https:\/\/test.imprimetresde.com\/gl\/wp-json\/wp\/v2\/product_tag?post=5203"}],"curies":[{"name":"wp","href":"https:\/\/api.w.org\/{rel}","templated":true}]}}