{"id":5206,"date":"2014-03-06T09:48:45","date_gmt":"2014-03-06T08:48:45","guid":{"rendered":"https:\/\/test.imprimetresde.com\/producto\/torre-eiffel-xl\/"},"modified":"2014-03-06T09:48:45","modified_gmt":"2014-03-06T08:48:45","slug":"torre-eiffel-xl","status":"publish","type":"product","link":"https:\/\/test.imprimetresde.com\/gl\/produto\/torre-eiffel-xl\/","title":{"rendered":"Torre Eiffel XL"},"content":{"rendered":"<h5><strong>Vista 3D<\/strong>\u00a0(Click + esquerda ou dereita para rotar)<\/h5>\n<img data-area='' data-attr='{}' data-brake='0.23' data-clickfree='false' data-cursor='url(\"https:\/\/test.imprimetresde.com\/wp-content\/plugins\/wp-reel\/cur\/jquery.reel.cur\"),hand' data-cw='false' data-delay='0' data-directional='' data-draggable='true' data-duration='' data-entry='' data-footage='6' data-framelock='false' data-graph='' data-hint='' data-horizontal='true' data-indicator='0' data-inversed='false' data-klass='' data-lazyness='' data-monitor='' data-opening='0' data-orbital='0' data-orientable='' data-preload='fidelity' data-preloader='4' data-rebound='0.5' data-responsive='true' data-row='1' data-rows='0' data-rowlock='false' data-scrollable='true' data-shy='false' data-spacing='0' data-steppable='true' data-tempo='25' data-throwable='true' data-velocity='0' data-vertical='false' data-wheelable='true' width='575' height='310'  class='reel' data-revolution='575'  data-speed='0'  data-loops='true'  data-frames='40' data-size='' data-frame='1'   data-images='https:\/\/test.imprimetresde.com\/wp-content\/uploads\/2014\/03\/eiff_anim000040.jpg,https:\/\/test.imprimetresde.com\/wp-content\/uploads\/2014\/03\/eiff_anim000001.jpg,https:\/\/test.imprimetresde.com\/wp-content\/uploads\/2014\/03\/eiff_anim000002.jpg,https:\/\/test.imprimetresde.com\/wp-content\/uploads\/2014\/03\/eiff_anim000003.jpg,https:\/\/test.imprimetresde.com\/wp-content\/uploads\/2014\/03\/eiff_anim000004.jpg,https:\/\/test.imprimetresde.com\/wp-content\/uploads\/2014\/03\/eiff_anim000005.jpg,https:\/\/test.imprimetresde.com\/wp-content\/uploads\/2014\/03\/eiff_anim000006.jpg,https:\/\/test.imprimetresde.com\/wp-content\/uploads\/2014\/03\/eiff_anim000007.jpg,https:\/\/test.imprimetresde.com\/wp-content\/uploads\/2014\/03\/eiff_anim000008.jpg,https:\/\/test.imprimetresde.com\/wp-content\/uploads\/2014\/03\/eiff_anim000009.jpg,https:\/\/test.imprimetresde.com\/wp-content\/uploads\/2014\/03\/eiff_anim000010.jpg,https:\/\/test.imprimetresde.com\/wp-content\/uploads\/2014\/03\/eiff_anim000011.jpg,https:\/\/test.imprimetresde.com\/wp-content\/uploads\/2014\/03\/eiff_anim000012.jpg,https:\/\/test.imprimetresde.com\/wp-content\/uploads\/2014\/03\/eiff_anim000013.jpg,https:\/\/test.imprimetresde.com\/wp-content\/uploads\/2014\/03\/eiff_anim000014.jpg,https:\/\/test.imprimetresde.com\/wp-content\/uploads\/2014\/03\/eiff_anim000015.jpg,https:\/\/test.imprimetresde.com\/wp-content\/uploads\/2014\/03\/eiff_anim000016.jpg,https:\/\/test.imprimetresde.com\/wp-content\/uploads\/2014\/03\/eiff_anim000017.jpg,https:\/\/test.imprimetresde.com\/wp-content\/uploads\/2014\/03\/eiff_anim000018.jpg,https:\/\/test.imprimetresde.com\/wp-content\/uploads\/2014\/03\/eiff_anim000019.jpg,https:\/\/test.imprimetresde.com\/wp-content\/uploads\/2014\/03\/eiff_anim000020.jpg,https:\/\/test.imprimetresde.com\/wp-content\/uploads\/2014\/03\/eiff_anim000021.jpg,https:\/\/test.imprimetresde.com\/wp-content\/uploads\/2014\/03\/eiff_anim000022.jpg,https:\/\/test.imprimetresde.com\/wp-content\/uploads\/2014\/03\/eiff_anim000023.jpg,https:\/\/test.imprimetresde.com\/wp-content\/uploads\/2014\/03\/eiff_anim000024.jpg,https:\/\/test.imprimetresde.com\/wp-content\/uploads\/2014\/03\/eiff_anim000025.jpg,https:\/\/test.imprimetresde.com\/wp-content\/uploads\/2014\/03\/eiff_anim000026.jpg,https:\/\/test.imprimetresde.com\/wp-content\/uploads\/2014\/03\/eiff_anim000027.jpg,https:\/\/test.imprimetresde.com\/wp-content\/uploads\/2014\/03\/eiff_anim000028.jpg,https:\/\/test.imprimetresde.com\/wp-content\/uploads\/2014\/03\/eiff_anim000029.jpg,https:\/\/test.imprimetresde.com\/wp-content\/uploads\/2014\/03\/eiff_anim000030.jpg,https:\/\/test.imprimetresde.com\/wp-content\/uploads\/2014\/03\/eiff_anim000031.jpg,https:\/\/test.imprimetresde.com\/wp-content\/uploads\/2014\/03\/eiff_anim000032.jpg,https:\/\/test.imprimetresde.com\/wp-content\/uploads\/2014\/03\/eiff_anim000033.jpg,https:\/\/test.imprimetresde.com\/wp-content\/uploads\/2014\/03\/eiff_anim000034.jpg,https:\/\/test.imprimetresde.com\/wp-content\/uploads\/2014\/03\/eiff_anim000035.jpg,https:\/\/test.imprimetresde.com\/wp-content\/uploads\/2014\/03\/eiff_anim000036.jpg,https:\/\/test.imprimetresde.com\/wp-content\/uploads\/2014\/03\/eiff_anim000037.jpg,https:\/\/test.imprimetresde.com\/wp-content\/uploads\/2014\/03\/eiff_anim000038.jpg,https:\/\/test.imprimetresde.com\/wp-content\/uploads\/2014\/03\/eiff_anim000039.jpg' src='https:\/\/test.imprimetresde.com\/wp-content\/uploads\/2014\/03\/eiff_anim000040.jpg' >\n<p>Dese\u00f1o realizado polo estudo LeFabShop de Par\u00eds. O feito de que o seu estudo de dese\u00f1o tivese a s\u00faa sede en Par\u00eds, \u00e9 o motivo polo que absolutamente necesitaban realizar unha Torre Eiffel.\u00a0As\u00ed que, por que non facer algo grande, como le FabShop?. Grazas \u00e1 creaci\u00f3n de B9, que xa dese\u00f1ara unha, s\u00f3 tivo que utilizar Netfabb para cortar o seu modelo en 7 compo\u00f1entes principais e pegalas xunto con epoxi. \u00c9 unha peza\u00a0impresionante, con m\u00e1is de 60 cm de altura, e que pode converterse no elemento crave de calquera estancia, xerando por se soa un ambiente evocador da grandiosidade da capital francesa.<\/p>\n<p>** Pode ser personalizado con ata 8 caracteres, o que permite engadirlle nomes, marcas, etc<\/p>\n","protected":false},"excerpt":{"rendered":"<p>Dese\u00f1o realizado polo estudo LeFabShop de Par\u00eds. \u00c9 unha peza impresionante, con m\u00e1is de 60 cm de altura, que pode converterse no elemento crave de calquera estancia, xerando por se soa un ambiente evocador da grandiosidade da capital francesa.<\/p>\n","protected":false},"featured_media":3245,"comment_status":"open","ping_status":"closed","template":"","meta":{"_vp_format_video_url":"","_vp_image_focal_point":[]},"product_brand":[],"product_cat":[313],"product_tag":[210,246,297],"class_list":{"0":"post-5206","1":"product","2":"type-product","3":"status-publish","4":"has-post-thumbnail","6":"product_cat-ambiente-gl","7":"product_tag-decoracion-gl","8":"product_tag-fogar","9":"product_tag-torre-eiffel-gl","11":"first","12":"instock","13":"sale","14":"taxable","15":"shipping-taxable","16":"purchasable","17":"product-type-simple"},"exclude_global_add_ons":[],"addons":[],"_links":{"self":[{"href":"https:\/\/test.imprimetresde.com\/gl\/wp-json\/wp\/v2\/product\/5206","targetHints":{"allow":["GET"]}}],"collection":[{"href":"https:\/\/test.imprimetresde.com\/gl\/wp-json\/wp\/v2\/product"}],"about":[{"href":"https:\/\/test.imprimetresde.com\/gl\/wp-json\/wp\/v2\/types\/product"}],"replies":[{"embeddable":true,"href":"https:\/\/test.imprimetresde.com\/gl\/wp-json\/wp\/v2\/comments?post=5206"}],"wp:featuredmedia":[{"embeddable":true,"href":"https:\/\/test.imprimetresde.com\/gl\/wp-json\/wp\/v2\/media\/3245"}],"wp:attachment":[{"href":"https:\/\/test.imprimetresde.com\/gl\/wp-json\/wp\/v2\/media?parent=5206"}],"wp:term":[{"taxonomy":"product_brand","embeddable":true,"href":"https:\/\/test.imprimetresde.com\/gl\/wp-json\/wp\/v2\/product_brand?post=5206"},{"taxonomy":"product_cat","embeddable":true,"href":"https:\/\/test.imprimetresde.com\/gl\/wp-json\/wp\/v2\/product_cat?post=5206"},{"taxonomy":"product_tag","embeddable":true,"href":"https:\/\/test.imprimetresde.com\/gl\/wp-json\/wp\/v2\/product_tag?post=5206"}],"curies":[{"name":"wp","href":"https:\/\/api.w.org\/{rel}","templated":true}]}}