{"id":5919,"date":"2017-10-27T08:45:55","date_gmt":"2017-10-27T07:45:55","guid":{"rendered":"https:\/\/test.imprimetresde.com\/?post_type=product&#038;p=5919\/"},"modified":"2025-09-17T12:19:09","modified_gmt":"2025-09-17T10:19:09","slug":"chaveiro-samain","status":"publish","type":"product","link":"https:\/\/test.imprimetresde.com\/gl\/produto\/chaveiro-samain\/","title":{"rendered":"Chaveiro Sama\u00edn"},"content":{"rendered":"<p>Chaveiro Sama\u00edn.<\/p>\n<p>Figura conmemorativa do <a href=\"https:\/\/gl.wikipedia.org\/wiki\/Sama%C3%ADn\">Sama\u00edn<\/a> en cor laranxa, unha festa asociada ao ciclo anual do sol que xa forma parte do Patrimonio Inmaterial de Galicia e o Norte de Portugal. A recuperaci\u00f3n da tradici\u00f3n do Sama\u00edn involucra a varias escolas que promoven actividades que \u00e1 s\u00faa vez son inseridas na promoci\u00f3n da candidatura a Patrimonio Inmaterial. Loce o teu Chaveiro Sama\u00edn na festa!<\/p>\n<p>Diversas aldeas na Galicia comezaron a recuperar as celebraci\u00f3ns apoiadas pola recolleita de testemu\u00f1os e documentos sobre as antigas tradici\u00f3ns locais asociadas ao Magosto. Mais non foi at\u00e9 a d\u00e9cada de 1990, cando se comezou a celebrar esta festa en Galicia co nome Sama\u00edn, mantendo a denominaci\u00f3n celta nas s\u00faas variantes samain, sama\u00edn ou samhain, do ga\u00e9lico irland\u00e9s nas s\u00faas versi\u00f3ns moderna (Samhain) ou antiga (samain). Hoxe en d\u00eda \u00e9 com\u00fan atopala referenciada en diversas expresi\u00f3ns culturais e festivas (festas escolares ou sociais) relacionadas con esa data, tendo desprazado de maneira importante ao termo Halloween.[C\u00f3mpre referencia] A escrita m\u00e1is com\u00fan na actualidade \u00e9 sama\u00edn, a\u00ednda que o acento e mais a acentuaci\u00f3n aguda non forman parte da palabra orixinal irlandesa nin se corresponden cunha adaptaci\u00f3n fon\u00e9tica.<\/p>\n<p>*O material no que est\u00e1n realizados \u00e9 <a href=\"https:\/\/test.imprimetresde.com\/gl\/o-noso-material-de-impresion-o-pla-polimero-biodegradabel-procedente-de-recursos-vexetais\/\">PLA<\/a>, material procedente de materia vexetal, biodegrad\u00e1bel, non t\u00f3xico e ecol\u00f3xico<\/p>\n","protected":false},"excerpt":{"rendered":"<p>Chaveiro Sama\u00edn.<\/p>\n<p>Figura conmemorativa do Sama\u00edn en cor laranxa, unha festa asociada ao ciclo anual do sol que xa forma parte do Patrimonio Inmaterial de Galicia e o Norte de Portugal. A recuperaci\u00f3n da tradici\u00f3n do Sama\u00edn involucra a varias escolas que promoven actividades que \u00e1 s\u00faa vez son inseridas na promoci\u00f3n da candidatura a Patrimonio Inmaterial.<\/p>\n<p>Loce o teu Broche Sama\u00edn na festa!<\/p>\n","protected":false},"featured_media":8647,"comment_status":"open","ping_status":"closed","template":"","meta":{"_vp_format_video_url":"","_vp_image_focal_point":[]},"product_brand":[],"product_cat":[315,316],"product_tag":[203,2061,441,438,2508,446,443,439,289,1384,445],"class_list":{"0":"post-5919","1":"product","2":"type-product","3":"status-publish","4":"has-post-thumbnail","6":"product_cat-complementos-gl","7":"product_cat-cultura-gl","8":"product_tag-cabaza","9":"product_tag-calacu","10":"product_tag-festa","11":"product_tag-halloween","12":"product_tag-impresion-3d-a-coruna","13":"product_tag-medo","14":"product_tag-noite-de-defuntos","15":"product_tag-outono","16":"product_tag-samain-gl","17":"product_tag-souvenir","18":"product_tag-truco-o-trato","20":"first","21":"instock","22":"taxable","23":"shipping-taxable","24":"purchasable","25":"product-type-simple"},"exclude_global_add_ons":[],"addons":[],"_links":{"self":[{"href":"https:\/\/test.imprimetresde.com\/gl\/wp-json\/wp\/v2\/product\/5919","targetHints":{"allow":["GET"]}}],"collection":[{"href":"https:\/\/test.imprimetresde.com\/gl\/wp-json\/wp\/v2\/product"}],"about":[{"href":"https:\/\/test.imprimetresde.com\/gl\/wp-json\/wp\/v2\/types\/product"}],"replies":[{"embeddable":true,"href":"https:\/\/test.imprimetresde.com\/gl\/wp-json\/wp\/v2\/comments?post=5919"}],"wp:featuredmedia":[{"embeddable":true,"href":"https:\/\/test.imprimetresde.com\/gl\/wp-json\/wp\/v2\/media\/8647"}],"wp:attachment":[{"href":"https:\/\/test.imprimetresde.com\/gl\/wp-json\/wp\/v2\/media?parent=5919"}],"wp:term":[{"taxonomy":"product_brand","embeddable":true,"href":"https:\/\/test.imprimetresde.com\/gl\/wp-json\/wp\/v2\/product_brand?post=5919"},{"taxonomy":"product_cat","embeddable":true,"href":"https:\/\/test.imprimetresde.com\/gl\/wp-json\/wp\/v2\/product_cat?post=5919"},{"taxonomy":"product_tag","embeddable":true,"href":"https:\/\/test.imprimetresde.com\/gl\/wp-json\/wp\/v2\/product_tag?post=5919"}],"curies":[{"name":"wp","href":"https:\/\/api.w.org\/{rel}","templated":true}]}}