{"id":13656,"date":"2024-11-13T14:00:45","date_gmt":"2024-11-13T12:00:45","guid":{"rendered":"https:\/\/test.imprimetresde.com\/?page_id=13656"},"modified":"2024-11-13T14:00:50","modified_gmt":"2024-11-13T12:00:50","slug":"categorias","status":"publish","type":"page","link":"https:\/\/test.imprimetresde.com\/pt-pt\/categorias\/","title":{"rendered":"Categorias"},"content":{"rendered":"<p>[vc_row background_style=&#8221;normal&#8221;][vc_column]<div class=\"row\"><div class=\"categories_grid\">\t\n\t\t\t\t\t<div class=\"category_1\">\n\t\t\t\t\t\t<div class=\"category_grid_box\">\n\t\t\t\t\t\t\t<span class=\"category_item_bkg\" style=\"background-image:url(https:\/\/test.imprimetresde.com\/wp-content\/uploads\/2018\/03\/8M-_-2022.jpg)\"><\/span> \n\t\t\t\t\t\t\t<a href=\"https:\/\/test.imprimetresde.com\/pt-pt\/categoria-producto\/activismo-pt-pt\/\" class=\"category_item\" >\n\t\t\t\t\t\t\t\t<span class=\"category_name\">Activismo<\/span>\n\t\t\t\t\t\t\t<\/a>\n\t\t\t\t\t\t<\/div>\n\t\t\t\t\t<\/div>\n\t\n\t\t\t\t\t\t\n\t\t\t\t\t<div class=\"category_2\">\n\t\t\t\t\t\t<div class=\"category_grid_box\">\n\t\t\t\t\t\t\t<span class=\"category_item_bkg\" style=\"background-image:url(https:\/\/test.imprimetresde.com\/wp-content\/uploads\/2015\/09\/Busto-Tuzaro-1.jpg)\"><\/span> \n\t\t\t\t\t\t\t<a href=\"https:\/\/test.imprimetresde.com\/pt-pt\/categoria-producto\/bustos-pt-pt\/\" class=\"category_item\" >\n\t\t\t\t\t\t\t\t<span class=\"category_name\">Bustos<\/span>\n\t\t\t\t\t\t\t<\/a>\n\t\t\t\t\t\t<\/div>\n\t\t\t\t\t<\/div>\n\t\n\t\t\t\t\t\t\n\t\t\t\t\t<div class=\"category_3\">\n\t\t\t\t\t\t<div class=\"category_grid_box\">\n\t\t\t\t\t\t\t<span class=\"category_item_bkg\" style=\"background-image:url(https:\/\/test.imprimetresde.com\/wp-content\/uploads\/2020\/04\/Coleccion-Estrela-Vermella.jpg)\"><\/span> \n\t\t\t\t\t\t\t<a href=\"https:\/\/test.imprimetresde.com\/pt-pt\/categoria-producto\/complementos-pt-pt\/\" class=\"category_item\" >\n\t\t\t\t\t\t\t\t<span class=\"category_name\">Complementos<\/span>\n\t\t\t\t\t\t\t<\/a>\n\t\t\t\t\t\t<\/div>\n\t\t\t\t\t<\/div>\n\t\n\t\t\t\t\t\t\n\t\t\t\t\t<div class=\"category_4\">\n\t\t\t\t\t\t<div class=\"category_grid_box\">\n\t\t\t\t\t\t\t<span class=\"category_item_bkg\" style=\"background-image:url(https:\/\/test.imprimetresde.com\/wp-content\/uploads\/2022\/11\/RELOXO-MAPA-GALIZA.jpg)\"><\/span> \n\t\t\t\t\t\t\t<a href=\"https:\/\/test.imprimetresde.com\/pt-pt\/categoria-producto\/cultura-pt-pt\/\" class=\"category_item\" >\n\t\t\t\t\t\t\t\t<span class=\"category_name\">Cultura<\/span>\n\t\t\t\t\t\t\t<\/a>\n\t\t\t\t\t\t<\/div>\n\t\t\t\t\t<\/div>\n\t\n\t\t\t\t\t\t\n\t\t\t\t\t<div class=\"category_5\">\n\t\t\t\t\t\t<div class=\"category_grid_box\">\n\t\t\t\t\t\t\t<span class=\"category_item_bkg\" style=\"background-image:url(https:\/\/test.imprimetresde.com\/wp-content\/uploads\/2014\/03\/FXABPI1HM8D4NQN.jpg)\"><\/span> \n\t\t\t\t\t\t\t<a href=\"https:\/\/test.imprimetresde.com\/pt-pt\/categoria-producto\/ambente\/\" class=\"category_item\" >\n\t\t\t\t\t\t\t\t<span class=\"category_name\">DomusI3D<\/span>\n\t\t\t\t\t\t\t<\/a>\n\t\t\t\t\t\t<\/div>\n\t\t\t\t\t<\/div>\n\t\n\t\t\t\t\t\t\n\t\t\t\t\t<div class=\"category_6\">\n\t\t\t\t\t\t<div class=\"category_grid_box\">\n\t\t\t\t\t\t\t<span class=\"category_item_bkg\" style=\"background-image:url(https:\/\/test.imprimetresde.com\/wp-content\/uploads\/2020\/12\/sobre_regalo_I3D.png)\"><\/span> \n\t\t\t\t\t\t\t<a href=\"https:\/\/test.imprimetresde.com\/pt-pt\/categoria-producto\/embrulhar-para-presente\/\" class=\"category_item\" >\n\t\t\t\t\t\t\t\t<span class=\"category_name\">Embrulhar para presente<\/span>\n\t\t\t\t\t\t\t<\/a>\n\t\t\t\t\t\t<\/div>\n\t\t\t\t\t<\/div>\n\t\n\t\t\t\t\t\t\n\t\t\t\t\t<div class=\"category_more_than_6\">\n\t\t\t\t\t\t<div class=\"category_grid_box\">\n\t\t\t\t\t\t\t<span class=\"category_item_bkg\" style=\"background-image:url(https:\/\/test.imprimetresde.com\/wp-content\/uploads\/2015\/11\/starwars_04_display_large.jpg)\"><\/span> \n\t\t\t\t\t\t\t<a href=\"https:\/\/test.imprimetresde.com\/pt-pt\/categoria-producto\/gadgets-pt-pt\/\" class=\"category_item\" >\n\t\t\t\t\t\t\t\t<span class=\"category_name\">Gadgets<\/span>\n\t\t\t\t\t\t\t<\/a>\n\t\t\t\t\t\t<\/div>\n\t\t\t\t\t<\/div>\n\t\n\t\t\t\t\t\t\n\t\t\t\t\t<div class=\"category_more_than_6\">\n\t\t\t\t\t\t<div class=\"category_grid_box\">\n\t\t\t\t\t\t\t<span class=\"category_item_bkg\" style=\"background-image:url()\"><\/span> \n\t\t\t\t\t\t\t<a href=\"https:\/\/test.imprimetresde.com\/pt-pt\/categoria-producto\/personalizado\/\" class=\"category_item\" >\n\t\t\t\t\t\t\t\t<span class=\"category_name\">Personalizado<\/span>\n\t\t\t\t\t\t\t<\/a>\n\t\t\t\t\t\t<\/div>\n\t\t\t\t\t<\/div>\n\t\n\t\t\t\t\t\t\t\t\t\t\t\t\n\t\t\t\t\t<div class=\"clearfix\"><\/div>\n\t\t\t\t\t\t\t\n\t\t\t\t<\/div><\/div>[\/vc_column][\/vc_row][vc_row background_style=&#8221;normal&#8221;][vc_column][vc_text_separator title=&#8221;M\u00e1is Pesquisado&#8221; title_size=&#8221;h5&#8243;]<div class=\"woocommerce columns-4 \">\n\n\n<div class=\"row\">\n\t<div class=\"large-12 columns\">\n\t\t<ul id=\"products-grid\" class=\" products products-grid effect-e2 small-block-grid-2 medium-block-grid-3 large-block-grid-4 columns-4\">\n<li class=\"\">\n\n\t<a href=\"https:\/\/test.imprimetresde.com\/pt-pt\/producto\/relogio-fouce-e-martelo\/\" class=\"woocommerce-LoopProduct-link woocommerce-loop-product__link\">\n\t<div class=\"product_wrapper\">\n\n\t\t        \n                \n        \t\t\t\n\t<span class=\"onsale\">Oferta<\/span>\n\t                \n        \t\t\n\t\t<div class=\"product_thumbnail_wrapper\">\n\t\t\t\n\t\t\t<div class=\"product_thumbnail with_second_image\">\n\t\t\t\t\n\t\t\t\t<a href=\"https:\/\/test.imprimetresde.com\/pt-pt\/producto\/relogio-fouce-e-martelo\/\">\n\t\t\t\t\n\t\t\t\t\t<span class=\"product_thumbnail_background\" style=\"background-image:url(https:\/\/test.imprimetresde.com\/wp-content\/uploads\/2024\/11\/RELOXO-FOUCE-E-MARTELO-FRONT-III-350x435.jpg)\"><\/span>\n\t\t\t\t\t<img decoding=\"async\" width=\"350\" height=\"435\" src=\"https:\/\/test.imprimetresde.com\/wp-content\/uploads\/2024\/11\/FOUCE-E-MARTELO-VITORA-AMANCINO-350x435.jpg\" class=\"attachment-shop_catalog size-shop_catalog wp-post-image\" alt=\"Reloj Hoz y Martillo I3D\" srcset=\"https:\/\/test.imprimetresde.com\/wp-content\/uploads\/2024\/11\/FOUCE-E-MARTELO-VITORA-AMANCINO-350x435.jpg 350w, https:\/\/test.imprimetresde.com\/wp-content\/uploads\/2024\/11\/FOUCE-E-MARTELO-VITORA-AMANCINO-116x145.jpg 116w, https:\/\/test.imprimetresde.com\/wp-content\/uploads\/2024\/11\/FOUCE-E-MARTELO-VITORA-AMANCINO-190x236.jpg 190w\" sizes=\"(max-width: 350px) 100vw, 350px\" \/>\t\t\t\t<\/a>\n\t\t\t\t\n\t\t\t<\/div>\n\t\t\t\n\t\t\t\t\t\t\n\t\t<\/div><!--product_thumbnail_wrapper-->\n        \n       \n        \t\t\t        \n\t\t<h2><a href=\"https:\/\/test.imprimetresde.com\/pt-pt\/producto\/relogio-fouce-e-martelo\/\">Rel\u00f3gio Fouce e Martelo<\/a><\/h2>\n\n\t<\/div><!--product_wrapper-->\n    \n        \n\t<div class=\"product_after_shop_loop\">\n        \n        \t\t\n\t\t<div class=\"product_after_shop_loop_switcher\">\n            \n            <div class=\"product_after_shop_loop_price\">\n                \n\t<span class=\"price\"><del aria-hidden=\"true\"><span class=\"woocommerce-Price-amount amount\"><bdi>29,90<span class=\"woocommerce-Price-currencySymbol\">&euro;<\/span><\/bdi><\/span><\/del> <span class=\"screen-reader-text\">O pre\u00e7o original era: 29,90&euro;.<\/span><ins aria-hidden=\"true\"><span class=\"woocommerce-Price-amount amount\"><bdi>24,90<span class=\"woocommerce-Price-currencySymbol\">&euro;<\/span><\/bdi><\/span><\/ins><span class=\"screen-reader-text\">O pre\u00e7o atual \u00e9: 24,90&euro;.<\/span><\/span>\n            <\/div>\n            \n            <div class=\"product_after_shop_loop_buttons\">\n                <\/a><a href=\"\/pt-pt\/wp-json\/wp\/v2\/pages\/13656?add-to-cart=13633\" aria-describedby=\"woocommerce_loop_add_to_cart_link_describedby_13633\" data-quantity=\"1\" class=\"button product_type_simple add_to_cart_button ajax_add_to_cart\" data-product_id=\"13633\" data-product_sku=\"\" aria-label=\"Adiciona ao carrinho: &ldquo;Rel\u00f3gio Fouce e Martelo&rdquo;\" rel=\"nofollow\" data-success_message=\"&ldquo;Rel\u00f3gio Fouce e Martelo&rdquo; foi adicionado ao seu carrinho\" role=\"button\">Adicionar<\/a>\t<span id=\"woocommerce_loop_add_to_cart_link_describedby_13633\" class=\"screen-reader-text\">\n\t\t\t<\/span>\n<div class=\"pi-edd pi-edd-loop\">Fecha de Entrega Estimada 2026\/05\/02<\/div>            <\/div>\n            \n        <\/div>\n        \n    <\/div>\n\n<\/li>\n<li class=\"\">\n\n\t<a href=\"https:\/\/test.imprimetresde.com\/pt-pt\/producto\/colecao-flor-do-tojo\/\" class=\"woocommerce-LoopProduct-link woocommerce-loop-product__link\">\n\t<div class=\"product_wrapper\">\n\n\t\t        \n                \n        \t\t\t\n\t<span class=\"onsale\">Oferta<\/span>\n\t                \n        \t\t\n\t\t<div class=\"product_thumbnail_wrapper\">\n\t\t\t\n\t\t\t<div class=\"product_thumbnail with_second_image\">\n\t\t\t\t\n\t\t\t\t<a href=\"https:\/\/test.imprimetresde.com\/pt-pt\/producto\/colecao-flor-do-tojo\/\">\n\t\t\t\t\n\t\t\t\t\t<span class=\"product_thumbnail_background\" style=\"background-image:url(https:\/\/test.imprimetresde.com\/wp-content\/uploads\/2023\/07\/ANEL-FLOR-DO-TOXO-MODELO-350x435.jpg)\"><\/span>\n\t\t\t\t\t<img decoding=\"async\" width=\"350\" height=\"435\" src=\"https:\/\/test.imprimetresde.com\/wp-content\/uploads\/2023\/07\/ANEL-FLOR-DO-TOXO-350x435.jpg\" class=\"attachment-shop_catalog size-shop_catalog wp-post-image\" alt=\"Anel Flor do Toxo I3D\" srcset=\"https:\/\/test.imprimetresde.com\/wp-content\/uploads\/2023\/07\/ANEL-FLOR-DO-TOXO-350x435.jpg 350w, https:\/\/test.imprimetresde.com\/wp-content\/uploads\/2023\/07\/ANEL-FLOR-DO-TOXO-116x145.jpg 116w, https:\/\/test.imprimetresde.com\/wp-content\/uploads\/2023\/07\/ANEL-FLOR-DO-TOXO-190x236.jpg 190w\" sizes=\"(max-width: 350px) 100vw, 350px\" \/>\t\t\t\t<\/a>\n\t\t\t\t\n\t\t\t<\/div>\n\t\t\t\n\t\t\t\t\t\t\n\t\t<\/div><!--product_thumbnail_wrapper-->\n        \n       \n        \t\t\t        \n\t\t<h2><a href=\"https:\/\/test.imprimetresde.com\/pt-pt\/producto\/colecao-flor-do-tojo\/\">Cole\u00e7\u00e3o Flor do Tojo<\/a><\/h2>\n\n\t<\/div><!--product_wrapper-->\n    \n        \n\t<div class=\"product_after_shop_loop\">\n        \n        \t\t\n\t\t<div class=\"product_after_shop_loop_switcher\">\n            \n            <div class=\"product_after_shop_loop_price\">\n                \n\t<span class=\"price\"><span class=\"woocommerce-Price-amount amount\" aria-hidden=\"true\"><bdi>14,90<span class=\"woocommerce-Price-currencySymbol\">&euro;<\/span><\/bdi><\/span> <span aria-hidden=\"true\">&ndash;<\/span> <span class=\"woocommerce-Price-amount amount\" aria-hidden=\"true\"><bdi>19,90<span class=\"woocommerce-Price-currencySymbol\">&euro;<\/span><\/bdi><\/span><span class=\"screen-reader-text\">Price range: 14,90&euro; through 19,90&euro;<\/span><\/span>\n            <\/div>\n            \n            <div class=\"product_after_shop_loop_buttons\">\n                <\/a><a href=\"https:\/\/test.imprimetresde.com\/pt-pt\/producto\/colecao-flor-do-tojo\/\" aria-describedby=\"woocommerce_loop_add_to_cart_link_describedby_12368\" data-quantity=\"1\" class=\"button product_type_variable add_to_cart_button\" data-product_id=\"12368\" data-product_sku=\"\" aria-label=\"Seleccione as op\u00e7\u00f5es para &ldquo;Cole\u00e7\u00e3o Flor do Tojo&rdquo;\" rel=\"nofollow\">Ver op\u00e7\u00f5es<\/a>\t<span id=\"woocommerce_loop_add_to_cart_link_describedby_12368\" class=\"screen-reader-text\">\n\t\tThis product has multiple variants. The options may be chosen on the product page\t<\/span>\n<div class=\"pi-edd pi-edd-loop\">Fecha de Entrega Estimada 2026\/05\/02<\/div>            <\/div>\n            \n        <\/div>\n        \n    <\/div>\n\n<\/li>\n<li class=\"\">\n\n\t<a href=\"https:\/\/test.imprimetresde.com\/pt-pt\/producto\/mortinhos-da-santa-companha\/\" class=\"woocommerce-LoopProduct-link woocommerce-loop-product__link\">\n\t<div class=\"product_wrapper\">\n\n\t\t        \n                \n        \t\t\t\n\t<span class=\"onsale\">Oferta<\/span>\n\t                \n        \t\t\n\t\t<div class=\"product_thumbnail_wrapper\">\n\t\t\t\n\t\t\t<div class=\"product_thumbnail with_second_image\">\n\t\t\t\t\n\t\t\t\t<a href=\"https:\/\/test.imprimetresde.com\/pt-pt\/producto\/mortinhos-da-santa-companha\/\">\n\t\t\t\t\n\t\t\t\t\t<span class=\"product_thumbnail_background\" style=\"background-image:url(https:\/\/test.imprimetresde.com\/wp-content\/uploads\/2022\/10\/Mortinos-na-escuridade-350x435.jpg)\"><\/span>\n\t\t\t\t\t<img decoding=\"async\" width=\"350\" height=\"435\" src=\"https:\/\/test.imprimetresde.com\/wp-content\/uploads\/2023\/10\/MORTINA-DA-SANTA-COMPANA_FRONT-IV-350x435.jpg\" class=\"attachment-shop_catalog size-shop_catalog wp-post-image\" alt=\"\" srcset=\"https:\/\/test.imprimetresde.com\/wp-content\/uploads\/2023\/10\/MORTINA-DA-SANTA-COMPANA_FRONT-IV-350x435.jpg 350w, https:\/\/test.imprimetresde.com\/wp-content\/uploads\/2023\/10\/MORTINA-DA-SANTA-COMPANA_FRONT-IV-116x145.jpg 116w, https:\/\/test.imprimetresde.com\/wp-content\/uploads\/2023\/10\/MORTINA-DA-SANTA-COMPANA_FRONT-IV-190x236.jpg 190w\" sizes=\"(max-width: 350px) 100vw, 350px\" \/>\t\t\t\t<\/a>\n\t\t\t\t\n\t\t\t<\/div>\n\t\t\t\n\t\t\t\t\t\t\n\t\t<\/div><!--product_thumbnail_wrapper-->\n        \n       \n        \t\t\t        \n\t\t<h2><a href=\"https:\/\/test.imprimetresde.com\/pt-pt\/producto\/mortinhos-da-santa-companha\/\">Mortinhos da Santa Companha<\/a><\/h2>\n\n\t<\/div><!--product_wrapper-->\n    \n        \n\t<div class=\"product_after_shop_loop\">\n        \n        \t\t\n\t\t<div class=\"product_after_shop_loop_switcher\">\n            \n            <div class=\"product_after_shop_loop_price\">\n                \n\t<span class=\"price\"><del aria-hidden=\"true\"><span class=\"woocommerce-Price-amount amount\"><bdi>12,90<span class=\"woocommerce-Price-currencySymbol\">&euro;<\/span><\/bdi><\/span><\/del> <span class=\"screen-reader-text\">O pre\u00e7o original era: 12,90&euro;.<\/span><ins aria-hidden=\"true\"><span class=\"woocommerce-Price-amount amount\"><bdi>9,90<span class=\"woocommerce-Price-currencySymbol\">&euro;<\/span><\/bdi><\/span><\/ins><span class=\"screen-reader-text\">O pre\u00e7o atual \u00e9: 9,90&euro;.<\/span><\/span>\n            <\/div>\n            \n            <div class=\"product_after_shop_loop_buttons\">\n                <\/a><a href=\"https:\/\/test.imprimetresde.com\/pt-pt\/producto\/mortinhos-da-santa-companha\/\" aria-describedby=\"woocommerce_loop_add_to_cart_link_describedby_12373\" data-quantity=\"1\" class=\"button product_type_variable add_to_cart_button\" data-product_id=\"12373\" data-product_sku=\"mrt\u00f1s\" aria-label=\"Seleccione as op\u00e7\u00f5es para &ldquo;Mortinhos da Santa Companha&rdquo;\" rel=\"nofollow\">Ver op\u00e7\u00f5es<\/a>\t<span id=\"woocommerce_loop_add_to_cart_link_describedby_12373\" class=\"screen-reader-text\">\n\t\tThis product has multiple variants. The options may be chosen on the product page\t<\/span>\n<div class=\"pi-edd pi-edd-loop\">Fecha de Entrega Estimada 2026\/05\/02<\/div>            <\/div>\n            \n        <\/div>\n        \n    <\/div>\n\n<\/li>\n<li class=\"\">\n\n\t<a href=\"https:\/\/test.imprimetresde.com\/pt-pt\/producto\/pendrive-personalizado\/\" class=\"woocommerce-LoopProduct-link woocommerce-loop-product__link\">\n\t<div class=\"product_wrapper\">\n\n\t\t        \n                \n        \t\t\t                \n        \t\t\n\t\t<div class=\"product_thumbnail_wrapper\">\n\t\t\t\n\t\t\t<div class=\"product_thumbnail with_second_image\">\n\t\t\t\t\n\t\t\t\t<a href=\"https:\/\/test.imprimetresde.com\/pt-pt\/producto\/pendrive-personalizado\/\">\n\t\t\t\t\n\t\t\t\t\t<span class=\"product_thumbnail_background\" style=\"background-image:url(https:\/\/test.imprimetresde.com\/wp-content\/uploads\/2020\/08\/USBs-Personalizados-350x435.jpg)\"><\/span>\n\t\t\t\t\t<img decoding=\"async\" width=\"350\" height=\"435\" src=\"https:\/\/test.imprimetresde.com\/wp-content\/uploads\/2020\/08\/Pendrive-Personalizado-FRONT-350x435.jpg\" class=\"attachment-shop_catalog size-shop_catalog wp-post-image\" alt=\"Pendrive Personalizado Clara I3D\" srcset=\"https:\/\/test.imprimetresde.com\/wp-content\/uploads\/2020\/08\/Pendrive-Personalizado-FRONT-350x435.jpg 350w, https:\/\/test.imprimetresde.com\/wp-content\/uploads\/2020\/08\/Pendrive-Personalizado-FRONT-116x145.jpg 116w, https:\/\/test.imprimetresde.com\/wp-content\/uploads\/2020\/08\/Pendrive-Personalizado-FRONT-190x236.jpg 190w\" sizes=\"(max-width: 350px) 100vw, 350px\" \/>\t\t\t\t<\/a>\n\t\t\t\t\n\t\t\t<\/div>\n\t\t\t\n\t\t\t\t\t\t\n\t\t<\/div><!--product_thumbnail_wrapper-->\n        \n       \n        \t\t\t        \n\t\t<h2><a href=\"https:\/\/test.imprimetresde.com\/pt-pt\/producto\/pendrive-personalizado\/\">Pendrive Personalizado 32Gb<\/a><\/h2>\n\n\t<\/div><!--product_wrapper-->\n    \n        \n\t<div class=\"product_after_shop_loop\">\n        \n        \t\t\n\t\t<div class=\"product_after_shop_loop_switcher\">\n            \n            <div class=\"product_after_shop_loop_price\">\n                \n\t<span class=\"price\"><span class=\"woocommerce-Price-amount amount\" aria-hidden=\"true\"><bdi>19,90<span class=\"woocommerce-Price-currencySymbol\">&euro;<\/span><\/bdi><\/span> <span aria-hidden=\"true\">&ndash;<\/span> <span class=\"woocommerce-Price-amount amount\" aria-hidden=\"true\"><bdi>29,90<span class=\"woocommerce-Price-currencySymbol\">&euro;<\/span><\/bdi><\/span><span class=\"screen-reader-text\">Price range: 19,90&euro; through 29,90&euro;<\/span><\/span>\n            <\/div>\n            \n            <div class=\"product_after_shop_loop_buttons\">\n                <\/a><a href=\"https:\/\/test.imprimetresde.com\/pt-pt\/producto\/pendrive-personalizado\/\" aria-describedby=\"woocommerce_loop_add_to_cart_link_describedby_8601\" data-quantity=\"1\" class=\"button product_type_variable add_to_cart_button\" data-product_id=\"8601\" data-product_sku=\"Pndrvprs01\" aria-label=\"Seleccione as op\u00e7\u00f5es para &ldquo;Pendrive Personalizado 32Gb&rdquo;\" rel=\"nofollow\">Select options<\/a>\t<span id=\"woocommerce_loop_add_to_cart_link_describedby_8601\" class=\"screen-reader-text\">\n\t\tThis product has multiple variants. The options may be chosen on the product page\t<\/span>\n<div class=\"pi-edd pi-edd-loop\">Fecha de Entrega Estimada 2026\/05\/02<\/div>            <\/div>\n            \n        <\/div>\n        \n    <\/div>\n\n<\/li>\t\t<\/ul>\n    <\/div><!-- .columns -->\n<\/div><!-- .row --><\/div>[\/vc_column][\/vc_row][vc_row][vc_column][vc_text_separator title=&#8221;O \u00daltimo do Blogue&#8221; title_size=&#8221;h5&#8243;] \n    \n    <script>\n\tjQuery(document).ready(function($) {\n\t\t$(\"#from-the-blog-947006851\").owlCarousel({\n\t\t\titems:3,\n\t\t\titemsDesktop : [1200,3],\n\t\t\titemsDesktopSmall : [1000,2],\n\t\t\titemsTablet: false,\n\t\t\titemsMobile : [600,1],\n\t\t\tlazyLoad : true,\n\t\t\t\/*autoHeight : true,*\/\n\t\t});\n\t});\n\t<\/script>\n    \n\t<div class=\"row\">\n    <div class=\"from-the-blog-wrapper\">\n\t\n        <div id=\"from-the-blog-947006851\" class=\"owl-carousel\">\n\t\t\t\t\t\n\t\t\t                        \n                            \n                                        \n                    <div class=\"from_the_blog_item standard \">\n                        \n\t\t\t\t\t\t<a class=\"from_the_blog_img_link\" href=\"https:\/\/test.imprimetresde.com\/pt-pt\/props-cosplay-e-imprimetresde-van-de-la-mano\/\">\n\t\t\t\t\t\t\t<span class=\"from_the_blog_overlay\"><\/span>\n\t\t\t\t\t\t\t\n\t\t\t\t\t\t\t\t\t\t\t\t\t\t\t<span class=\"from_the_blog_img\" style=\"background-image: url(https:\/\/test.imprimetresde.com\/wp-content\/uploads\/2022\/12\/1366_2000-1024x614.jpeg );\"><\/span>\n\t\t\t\t\t\t\t\t<span class=\"with_thumb_icon\"><\/span>\n\t\t\t\t\t\t\t\t\t\t\t\t\t\t\n\t\t\t\t\t\t<\/a>\n                        \n                        <div class=\"from_the_blog_content\">\n                        \n                                                        \t<h3><a class=\"from_the_blog_title\" href=\"https:\/\/test.imprimetresde.com\/pt-pt\/props-cosplay-e-imprimetresde-van-de-la-mano\/\">Props, Cosplay e Imprimetresde van de la mano<\/a><\/h3>\n                            \t\n                            \t<div class=\"post_header_date\"><a href=\"https:\/\/test.imprimetresde.com\/pt-pt\/props-cosplay-e-imprimetresde-van-de-la-mano\/\" title=\"Permalink to Props, Cosplay e Imprimetresde van de la mano\" rel=\"bookmark\"><time class=\"entry-date\" datetime=\"2023-01-03T13:01:13+02:00\">03\/01\/2023<\/time><\/a><\/div>                       \n                                \n                        <\/div>\n                        \n                    <\/div>\n        \n                            \n                                        \n                    <div class=\"from_the_blog_item standard \">\n                        \n\t\t\t\t\t\t<a class=\"from_the_blog_img_link\" href=\"https:\/\/test.imprimetresde.com\/pt-pt\/nosso-material-de-impressao-pla-polimero-biodegradavel-de-recursos-vegetais\/\">\n\t\t\t\t\t\t\t<span class=\"from_the_blog_overlay\"><\/span>\n\t\t\t\t\t\t\t\n\t\t\t\t\t\t\t\t\t\t\t\t\t\t\t<span class=\"from_the_blog_img\" style=\"background-image: url(https:\/\/test.imprimetresde.com\/wp-content\/uploads\/2017\/02\/cilodeproductos.png );\"><\/span>\n\t\t\t\t\t\t\t\t<span class=\"with_thumb_icon\"><\/span>\n\t\t\t\t\t\t\t\t\t\t\t\t\t\t\n\t\t\t\t\t\t<\/a>\n                        \n                        <div class=\"from_the_blog_content\">\n                        \n                                                        \t<h3><a class=\"from_the_blog_title\" href=\"https:\/\/test.imprimetresde.com\/pt-pt\/nosso-material-de-impressao-pla-polimero-biodegradavel-de-recursos-vegetais\/\">Nosso material de impress\u00e3o, PLA, pol\u00edmero biodegrad\u00e1vel de recursos vegetais<\/a><\/h3>\n                            \t\n                            \t<div class=\"post_header_date\"><a href=\"https:\/\/test.imprimetresde.com\/pt-pt\/nosso-material-de-impressao-pla-polimero-biodegradavel-de-recursos-vegetais\/\" title=\"Permalink to Nosso material de impress\u00e3o, PLA, pol\u00edmero biodegrad\u00e1vel de recursos vegetais\" rel=\"bookmark\"><time class=\"entry-date\" datetime=\"2020-04-24T18:28:59+02:00\">24\/04\/2020<\/time><\/a><\/div>                       \n                                \n                        <\/div>\n                        \n                    <\/div>\n        \n                                \n             \n              \n        <\/div>\n\t<\/div>\n    <\/div>\n\t\n\t[\/vc_column][\/vc_row]<\/p>","protected":false},"excerpt":{"rendered":"<p>[vc_row background_style=&#8221;normal&#8221;][vc_column][\/vc_column][\/vc_row][vc_row background_style=&#8221;normal&#8221;][vc_column][vc_text_separator title=&#8221;M\u00e1is Pesquisado&#8221; title_size=&#8221;h5&#8243;][\/vc_column][\/vc_row][vc_row][vc_column][vc_text_separator title=&#8221;O \u00daltimo do Blogue&#8221; title_size=&#8221;h5&#8243;][\/vc_column][\/vc_row]<\/p>\n","protected":false},"author":1,"featured_media":0,"parent":0,"menu_order":0,"comment_status":"closed","ping_status":"closed","template":"page-with-slider.php","meta":{"_vp_format_video_url":"","_vp_image_focal_point":[],"footnotes":""},"class_list":["post-13656","page","type-page","status-publish","hentry"],"_links":{"self":[{"href":"https:\/\/test.imprimetresde.com\/pt-pt\/wp-json\/wp\/v2\/pages\/13656","targetHints":{"allow":["GET"]}}],"collection":[{"href":"https:\/\/test.imprimetresde.com\/pt-pt\/wp-json\/wp\/v2\/pages"}],"about":[{"href":"https:\/\/test.imprimetresde.com\/pt-pt\/wp-json\/wp\/v2\/types\/page"}],"author":[{"embeddable":true,"href":"https:\/\/test.imprimetresde.com\/pt-pt\/wp-json\/wp\/v2\/users\/1"}],"replies":[{"embeddable":true,"href":"https:\/\/test.imprimetresde.com\/pt-pt\/wp-json\/wp\/v2\/comments?post=13656"}],"version-history":[{"count":0,"href":"https:\/\/test.imprimetresde.com\/pt-pt\/wp-json\/wp\/v2\/pages\/13656\/revisions"}],"wp:attachment":[{"href":"https:\/\/test.imprimetresde.com\/pt-pt\/wp-json\/wp\/v2\/media?parent=13656"}],"curies":[{"name":"wp","href":"https:\/\/api.w.org\/{rel}","templated":true}]}}