{"id":7343,"date":"2020-04-22T11:13:01","date_gmt":"2020-04-22T10:13:01","guid":{"rendered":"https:\/\/test.imprimetresde.com\/imprimetresde-impresion-3d\/"},"modified":"2025-01-10T14:47:57","modified_gmt":"2025-01-10T12:47:57","slug":"imprimetresde-impresion-3d","status":"publish","type":"page","link":"https:\/\/test.imprimetresde.com\/pt-pt\/","title":{"rendered":"Imprimetresde &#8211; impresion 3d"},"content":{"rendered":"<p>[vc_row type=&#8221;boxed&#8221; css=&#8221;.vc_custom_1400422676183{padding-top: 10px !important;padding-bottom: 10px !important;}&#8221; background_style=&#8221;normal&#8221;][vc_column][vc_row_inner][vc_column_inner][\/vc_column_inner][\/vc_row_inner][\/vc_column][\/vc_row][vc_row type=&#8221;boxed&#8221; background_style=&#8221;normal&#8221;][vc_column][vc_tabs][vc_tab title=&#8221; Em destaque&#8221; tab_id=&#8221;1399573222-2-93&#8243;]<div class=\"woocommerce columns-4 \">\n\n\n<div class=\"row\">\n\t<div class=\"large-12 columns\">\n\t\t<ul id=\"products-grid\" class=\" products products-grid effect-e2 small-block-grid-2 medium-block-grid-3 large-block-grid-4 columns-4\">\n<li class=\"\">\n\n\t<a href=\"https:\/\/test.imprimetresde.com\/pt-pt\/producto\/marcador-guimaraes\/\" class=\"woocommerce-LoopProduct-link woocommerce-loop-product__link\">\n\t<div class=\"product_wrapper\">\n\n\t\t        \n                \n        \t\t\t                \n        \t\t\n\t\t<div class=\"product_thumbnail_wrapper\">\n\t\t\t\n\t\t\t<div class=\"product_thumbnail with_second_image\">\n\t\t\t\t\n\t\t\t\t<a href=\"https:\/\/test.imprimetresde.com\/pt-pt\/producto\/marcador-guimaraes\/\">\n\t\t\t\t\n\t\t\t\t\t<span class=\"product_thumbnail_background\" style=\"background-image:url(https:\/\/test.imprimetresde.com\/wp-content\/uploads\/2019\/04\/Guimaraes_imprimetresde_dos-1-350x435.jpg)\"><\/span>\n\t\t\t\t\t<img decoding=\"async\" width=\"350\" height=\"435\" src=\"https:\/\/test.imprimetresde.com\/wp-content\/uploads\/2019\/04\/Guimaraes_imprimetresde-2-350x435.jpg\" class=\"attachment-shop_catalog size-shop_catalog wp-post-image\" alt=\"\" srcset=\"https:\/\/test.imprimetresde.com\/wp-content\/uploads\/2019\/04\/Guimaraes_imprimetresde-2-350x435.jpg 350w, https:\/\/test.imprimetresde.com\/wp-content\/uploads\/2019\/04\/Guimaraes_imprimetresde-2-116x145.jpg 116w, https:\/\/test.imprimetresde.com\/wp-content\/uploads\/2019\/04\/Guimaraes_imprimetresde-2-190x236.jpg 190w\" sizes=\"(max-width: 350px) 100vw, 350px\" \/>\t\t\t\t<\/a>\n\t\t\t\t\n\t\t\t<\/div>\n\t\t\t\n\t\t\t\t\t\t\n\t\t<\/div><!--product_thumbnail_wrapper-->\n        \n       \n        \t\t\t        \n\t\t<h2><a href=\"https:\/\/test.imprimetresde.com\/pt-pt\/producto\/marcador-guimaraes\/\">Marcador Guimar\u00e3es<\/a><\/h2>\n\n\t<\/div><!--product_wrapper-->\n    \n        \n\t<div class=\"product_after_shop_loop\">\n        \n        \t\t\n\t\t<div class=\"product_after_shop_loop_switcher\">\n            \n            <div class=\"product_after_shop_loop_price\">\n                \n\t<span class=\"price\"><span class=\"woocommerce-Price-amount amount\"><bdi>8,90<span class=\"woocommerce-Price-currencySymbol\">&euro;<\/span><\/bdi><\/span><\/span>\n            <\/div>\n            \n            <div class=\"product_after_shop_loop_buttons\">\n                <\/a><a href=\"\/pt-pt\/wp-json\/wp\/v2\/pages\/7343?add-to-cart=6705\" aria-describedby=\"woocommerce_loop_add_to_cart_link_describedby_6705\" data-quantity=\"1\" class=\"button product_type_simple add_to_cart_button ajax_add_to_cart\" data-product_id=\"6705\" data-product_sku=\"mrcdrgmrs\" aria-label=\"Adiciona ao carrinho: &ldquo;Marcador Guimar\u00e3es&rdquo;\" rel=\"nofollow\" data-success_message=\"&ldquo;Marcador Guimar\u00e3es&rdquo; foi adicionado ao seu carrinho\" role=\"button\">Adicionar<\/a>\t<span id=\"woocommerce_loop_add_to_cart_link_describedby_6705\" class=\"screen-reader-text\">\n\t\t\t<\/span>\n<div class=\"pi-edd pi-edd-loop\">Fecha de Entrega Estimada 2026\/05\/01<\/div>            <\/div>\n            \n        <\/div>\n        \n    <\/div>\n\n<\/li>\n<li class=\"\">\n\n\t<a href=\"https:\/\/test.imprimetresde.com\/pt-pt\/producto\/marcapaxinas-samain\/\" class=\"woocommerce-LoopProduct-link woocommerce-loop-product__link\">\n\t<div class=\"product_wrapper\">\n\n\t\t        \n                \n        \t\t\t\n\t<span class=\"onsale\">Oferta<\/span>\n\t                \n        \t\t\n\t\t<div class=\"product_thumbnail_wrapper\">\n\t\t\t\n\t\t\t<div class=\"product_thumbnail with_second_image\">\n\t\t\t\t\n\t\t\t\t<a href=\"https:\/\/test.imprimetresde.com\/pt-pt\/producto\/marcapaxinas-samain\/\">\n\t\t\t\t\n\t\t\t\t\t<span class=\"product_thumbnail_background\" style=\"background-image:url(https:\/\/test.imprimetresde.com\/wp-content\/uploads\/2017\/10\/ESCAPARATE-SAMAIN-350x435.jpg)\"><\/span>\n\t\t\t\t\t<img decoding=\"async\" width=\"350\" height=\"435\" src=\"https:\/\/test.imprimetresde.com\/wp-content\/uploads\/2017\/10\/Marcapaxinas-Samain-350x435.jpg\" class=\"attachment-shop_catalog size-shop_catalog wp-post-image\" alt=\"Marcap\u00e1ginas Sama\u00edn I3D\" srcset=\"https:\/\/test.imprimetresde.com\/wp-content\/uploads\/2017\/10\/Marcapaxinas-Samain-350x435.jpg 350w, https:\/\/test.imprimetresde.com\/wp-content\/uploads\/2017\/10\/Marcapaxinas-Samain-116x145.jpg 116w, https:\/\/test.imprimetresde.com\/wp-content\/uploads\/2017\/10\/Marcapaxinas-Samain-190x236.jpg 190w\" sizes=\"(max-width: 350px) 100vw, 350px\" \/>\t\t\t\t<\/a>\n\t\t\t\t\n\t\t\t<\/div>\n\t\t\t\n\t\t\t\t\t\t\n\t\t<\/div><!--product_thumbnail_wrapper-->\n        \n       \n        \t\t\t        \n\t\t<h2><a href=\"https:\/\/test.imprimetresde.com\/pt-pt\/producto\/marcapaxinas-samain\/\">Marcap\u00e1xinas Sama\u00edn<\/a><\/h2>\n\n\t<\/div><!--product_wrapper-->\n    \n        \n\t<div class=\"product_after_shop_loop\">\n        \n        \t\t\n\t\t<div class=\"product_after_shop_loop_switcher\">\n            \n            <div class=\"product_after_shop_loop_price\">\n                \n\t<span class=\"price\"><del aria-hidden=\"true\"><span class=\"woocommerce-Price-amount amount\"><bdi>6,90<span class=\"woocommerce-Price-currencySymbol\">&euro;<\/span><\/bdi><\/span><\/del> <span class=\"screen-reader-text\">O pre\u00e7o original era: 6,90&euro;.<\/span><ins aria-hidden=\"true\"><span class=\"woocommerce-Price-amount amount\"><bdi>5,00<span class=\"woocommerce-Price-currencySymbol\">&euro;<\/span><\/bdi><\/span><\/ins><span class=\"screen-reader-text\">O pre\u00e7o atual \u00e9: 5,00&euro;.<\/span><\/span>\n            <\/div>\n            \n            <div class=\"product_after_shop_loop_buttons\">\n                <\/a><a href=\"\/pt-pt\/wp-json\/wp\/v2\/pages\/7343?add-to-cart=12270\" aria-describedby=\"woocommerce_loop_add_to_cart_link_describedby_12270\" data-quantity=\"1\" class=\"button product_type_simple add_to_cart_button ajax_add_to_cart\" data-product_id=\"12270\" data-product_sku=\"Mrcpxnssmn001\" aria-label=\"Adiciona ao carrinho: &ldquo;Marcap\u00e1xinas Sama\u00edn&rdquo;\" rel=\"nofollow\" data-success_message=\"&ldquo;Marcap\u00e1xinas Sama\u00edn&rdquo; foi adicionado ao seu carrinho\" role=\"button\">Adicionar<\/a>\t<span id=\"woocommerce_loop_add_to_cart_link_describedby_12270\" class=\"screen-reader-text\">\n\t\t\t<\/span>\n<div class=\"pi-edd pi-edd-loop\">Fecha de Entrega Estimada 2026\/05\/01<\/div>            <\/div>\n            \n        <\/div>\n        \n    <\/div>\n\n<\/li>\n<li class=\"\">\n\n\t<a href=\"https:\/\/test.imprimetresde.com\/pt-pt\/producto\/colgante-folha-de-carvalho\/\" class=\"woocommerce-LoopProduct-link woocommerce-loop-product__link\">\n\t<div class=\"product_wrapper\">\n\n\t\t        \n                \n        \t\t\t                \n        \t\t\n\t\t<div class=\"product_thumbnail_wrapper\">\n\t\t\t\n\t\t\t<div class=\"product_thumbnail with_second_image\">\n\t\t\t\t\n\t\t\t\t<a href=\"https:\/\/test.imprimetresde.com\/pt-pt\/producto\/colgante-folha-de-carvalho\/\">\n\t\t\t\t\n\t\t\t\t\t<span class=\"product_thumbnail_background\" style=\"background-image:url(https:\/\/test.imprimetresde.com\/wp-content\/uploads\/2017\/10\/REBAIXAS-CARTAZ-2021-350x435.jpg)\"><\/span>\n\t\t\t\t\t<img decoding=\"async\" width=\"350\" height=\"435\" src=\"https:\/\/test.imprimetresde.com\/wp-content\/uploads\/2017\/10\/colganteCarballo1-350x435.jpg\" class=\"attachment-shop_catalog size-shop_catalog wp-post-image\" alt=\"\" srcset=\"https:\/\/test.imprimetresde.com\/wp-content\/uploads\/2017\/10\/colganteCarballo1-350x435.jpg 350w, https:\/\/test.imprimetresde.com\/wp-content\/uploads\/2017\/10\/colganteCarballo1-116x145.jpg 116w, https:\/\/test.imprimetresde.com\/wp-content\/uploads\/2017\/10\/colganteCarballo1-190x236.jpg 190w\" sizes=\"(max-width: 350px) 100vw, 350px\" \/>\t\t\t\t<\/a>\n\t\t\t\t\n\t\t\t<\/div>\n\t\t\t\n\t\t\t\t\t\t\n\t\t<\/div><!--product_thumbnail_wrapper-->\n        \n       \n        \t\t\t        \n\t\t<h2><a href=\"https:\/\/test.imprimetresde.com\/pt-pt\/producto\/colgante-folha-de-carvalho\/\">Colar Folha de Carvalho<\/a><\/h2>\n\n\t<\/div><!--product_wrapper-->\n    \n        \n\t<div class=\"product_after_shop_loop\">\n        \n        \t\t\n\t\t<div class=\"product_after_shop_loop_switcher\">\n            \n            <div class=\"product_after_shop_loop_price\">\n                \n\t<span class=\"price\"><span class=\"woocommerce-Price-amount amount\"><bdi>17,90<span class=\"woocommerce-Price-currencySymbol\">&euro;<\/span><\/bdi><\/span><\/span>\n            <\/div>\n            \n            <div class=\"product_after_shop_loop_buttons\">\n                <\/a><a href=\"\/pt-pt\/wp-json\/wp\/v2\/pages\/7343?add-to-cart=12365\" aria-describedby=\"woocommerce_loop_add_to_cart_link_describedby_12365\" data-quantity=\"1\" class=\"button product_type_simple add_to_cart_button ajax_add_to_cart\" data-product_id=\"12365\" data-product_sku=\"Clgntflldcrbll001\" aria-label=\"Adiciona ao carrinho: &ldquo;Colar Folha de Carvalho&rdquo;\" rel=\"nofollow\" data-success_message=\"&ldquo;Colar Folha de Carvalho&rdquo; foi adicionado ao seu carrinho\" role=\"button\">Adicionar<\/a>\t<span id=\"woocommerce_loop_add_to_cart_link_describedby_12365\" class=\"screen-reader-text\">\n\t\t\t<\/span>\n<div class=\"pi-edd pi-edd-loop\">Fecha de Entrega Estimada 2026\/05\/01<\/div>            <\/div>\n            \n        <\/div>\n        \n    <\/div>\n\n<\/li>\n<li class=\"\">\n\n\t<a href=\"https:\/\/test.imprimetresde.com\/pt-pt\/producto\/pingente-pandeireta\/\" class=\"woocommerce-LoopProduct-link woocommerce-loop-product__link\">\n\t<div class=\"product_wrapper\">\n\n\t\t        \n                \n        \t\t\t\n\t<span class=\"onsale\">Oferta<\/span>\n\t                \n        \t\t\n\t\t<div class=\"product_thumbnail_wrapper\">\n\t\t\t\n\t\t\t<div class=\"product_thumbnail with_second_image\">\n\t\t\t\t\n\t\t\t\t<a href=\"https:\/\/test.imprimetresde.com\/pt-pt\/producto\/pingente-pandeireta\/\">\n\t\t\t\t\n\t\t\t\t\t<span class=\"product_thumbnail_background\" style=\"background-image:url(https:\/\/test.imprimetresde.com\/wp-content\/uploads\/2017\/07\/asset-89-350x435.jpg)\"><\/span>\n\t\t\t\t\t<img decoding=\"async\" width=\"350\" height=\"435\" src=\"https:\/\/test.imprimetresde.com\/wp-content\/uploads\/2021\/09\/Colar-Pandeireta-Personalizado-BACK-II-350x435.jpg\" class=\"attachment-shop_catalog size-shop_catalog wp-post-image\" alt=\"Colar Pandeireta Personalizado I3D\" srcset=\"https:\/\/test.imprimetresde.com\/wp-content\/uploads\/2021\/09\/Colar-Pandeireta-Personalizado-BACK-II-350x435.jpg 350w, https:\/\/test.imprimetresde.com\/wp-content\/uploads\/2021\/09\/Colar-Pandeireta-Personalizado-BACK-II-116x145.jpg 116w, https:\/\/test.imprimetresde.com\/wp-content\/uploads\/2021\/09\/Colar-Pandeireta-Personalizado-BACK-II-190x236.jpg 190w\" sizes=\"(max-width: 350px) 100vw, 350px\" \/>\t\t\t\t<\/a>\n\t\t\t\t\n\t\t\t<\/div>\n\t\t\t\n\t\t\t\t\t\t\n\t\t<\/div><!--product_thumbnail_wrapper-->\n        \n       \n        \t\t\t        \n\t\t<h2><a href=\"https:\/\/test.imprimetresde.com\/pt-pt\/producto\/pingente-pandeireta\/\">Pingente Pandeireta<\/a><\/h2>\n\n\t<\/div><!--product_wrapper-->\n    \n        \n\t<div class=\"product_after_shop_loop\">\n        \n        \t\t\n\t\t<div class=\"product_after_shop_loop_switcher\">\n            \n            <div class=\"product_after_shop_loop_price\">\n                \n\t<span class=\"price\"><span class=\"woocommerce-Price-amount amount\" aria-hidden=\"true\"><bdi>19,90<span class=\"woocommerce-Price-currencySymbol\">&euro;<\/span><\/bdi><\/span> <span aria-hidden=\"true\">&ndash;<\/span> <span class=\"woocommerce-Price-amount amount\" aria-hidden=\"true\"><bdi>24,90<span class=\"woocommerce-Price-currencySymbol\">&euro;<\/span><\/bdi><\/span><span class=\"screen-reader-text\">Price range: 19,90&euro; through 24,90&euro;<\/span><\/span>\n            <\/div>\n            \n            <div class=\"product_after_shop_loop_buttons\">\n                <\/a><a href=\"https:\/\/test.imprimetresde.com\/pt-pt\/producto\/pingente-pandeireta\/\" aria-describedby=\"woocommerce_loop_add_to_cart_link_describedby_7163\" data-quantity=\"1\" class=\"button product_type_variable add_to_cart_button\" data-product_id=\"7163\" data-product_sku=\"Clgntpndrt001\" aria-label=\"Seleccione as op\u00e7\u00f5es para &ldquo;Pingente Pandeireta&rdquo;\" rel=\"nofollow\">Ver op\u00e7\u00f5es<\/a>\t<span id=\"woocommerce_loop_add_to_cart_link_describedby_7163\" class=\"screen-reader-text\">\n\t\tThis product has multiple variants. The options may be chosen on the product page\t<\/span>\n<div class=\"pi-edd pi-edd-loop\">Fecha de Entrega Estimada 2026\/05\/01<\/div>            <\/div>\n            \n        <\/div>\n        \n    <\/div>\n\n<\/li>\t\t<\/ul>\n    <\/div><!-- .columns -->\n<\/div><!-- .row --><\/div>[vc_button2 title=&#8221; Descubra mais produtos&#8221; align=&#8221;center&#8221; style=&#8221;square_outlined&#8221; color=&#8221;black&#8221; link=&#8221;url:imprimetresde.com%2Floja%2F|title:Imprimetresde%20Loja|&#8221;][\/vc_tab][vc_tab title=&#8221;Novidades&#8221; tab_id=&#8221;1399573222-1-34&#8243;]<div class=\"woocommerce columns-4 \">\n\n\n<div class=\"row\">\n\t<div class=\"large-12 columns\">\n\t\t<ul id=\"products-grid\" class=\" products products-grid effect-e2 small-block-grid-2 medium-block-grid-3 large-block-grid-4 columns-4\">\n<li class=\"\">\n\n\t<a href=\"https:\/\/test.imprimetresde.com\/pt-pt\/producto\/relogio-fouce-e-martelo\/\" class=\"woocommerce-LoopProduct-link woocommerce-loop-product__link\">\n\t<div class=\"product_wrapper\">\n\n\t\t        \n                \n        \t\t\t\n\t<span class=\"onsale\">Oferta<\/span>\n\t                \n        \t\t\n\t\t<div class=\"product_thumbnail_wrapper\">\n\t\t\t\n\t\t\t<div class=\"product_thumbnail with_second_image\">\n\t\t\t\t\n\t\t\t\t<a href=\"https:\/\/test.imprimetresde.com\/pt-pt\/producto\/relogio-fouce-e-martelo\/\">\n\t\t\t\t\n\t\t\t\t\t<span class=\"product_thumbnail_background\" style=\"background-image:url(https:\/\/test.imprimetresde.com\/wp-content\/uploads\/2024\/11\/RELOXO-FOUCE-E-MARTELO-FRONT-III-350x435.jpg)\"><\/span>\n\t\t\t\t\t<img decoding=\"async\" width=\"350\" height=\"435\" src=\"https:\/\/test.imprimetresde.com\/wp-content\/uploads\/2024\/11\/FOUCE-E-MARTELO-VITORA-AMANCINO-350x435.jpg\" class=\"attachment-shop_catalog size-shop_catalog wp-post-image\" alt=\"Reloj Hoz y Martillo I3D\" srcset=\"https:\/\/test.imprimetresde.com\/wp-content\/uploads\/2024\/11\/FOUCE-E-MARTELO-VITORA-AMANCINO-350x435.jpg 350w, https:\/\/test.imprimetresde.com\/wp-content\/uploads\/2024\/11\/FOUCE-E-MARTELO-VITORA-AMANCINO-116x145.jpg 116w, https:\/\/test.imprimetresde.com\/wp-content\/uploads\/2024\/11\/FOUCE-E-MARTELO-VITORA-AMANCINO-190x236.jpg 190w\" sizes=\"(max-width: 350px) 100vw, 350px\" \/>\t\t\t\t<\/a>\n\t\t\t\t\n\t\t\t<\/div>\n\t\t\t\n\t\t\t\t\t\t\n\t\t<\/div><!--product_thumbnail_wrapper-->\n        \n       \n        \t\t\t        \n\t\t<h2><a href=\"https:\/\/test.imprimetresde.com\/pt-pt\/producto\/relogio-fouce-e-martelo\/\">Rel\u00f3gio Fouce e Martelo<\/a><\/h2>\n\n\t<\/div><!--product_wrapper-->\n    \n        \n\t<div class=\"product_after_shop_loop\">\n        \n        \t\t\n\t\t<div class=\"product_after_shop_loop_switcher\">\n            \n            <div class=\"product_after_shop_loop_price\">\n                \n\t<span class=\"price\"><del aria-hidden=\"true\"><span class=\"woocommerce-Price-amount amount\"><bdi>29,90<span class=\"woocommerce-Price-currencySymbol\">&euro;<\/span><\/bdi><\/span><\/del> <span class=\"screen-reader-text\">O pre\u00e7o original era: 29,90&euro;.<\/span><ins aria-hidden=\"true\"><span class=\"woocommerce-Price-amount amount\"><bdi>24,90<span class=\"woocommerce-Price-currencySymbol\">&euro;<\/span><\/bdi><\/span><\/ins><span class=\"screen-reader-text\">O pre\u00e7o atual \u00e9: 24,90&euro;.<\/span><\/span>\n            <\/div>\n            \n            <div class=\"product_after_shop_loop_buttons\">\n                <\/a><a href=\"\/pt-pt\/wp-json\/wp\/v2\/pages\/7343?add-to-cart=13633\" aria-describedby=\"woocommerce_loop_add_to_cart_link_describedby_13633\" data-quantity=\"1\" class=\"button product_type_simple add_to_cart_button ajax_add_to_cart\" data-product_id=\"13633\" data-product_sku=\"\" aria-label=\"Adiciona ao carrinho: &ldquo;Rel\u00f3gio Fouce e Martelo&rdquo;\" rel=\"nofollow\" data-success_message=\"&ldquo;Rel\u00f3gio Fouce e Martelo&rdquo; foi adicionado ao seu carrinho\" role=\"button\">Adicionar<\/a>\t<span id=\"woocommerce_loop_add_to_cart_link_describedby_13633\" class=\"screen-reader-text\">\n\t\t\t<\/span>\n<div class=\"pi-edd pi-edd-loop\">Fecha de Entrega Estimada 2026\/05\/01<\/div>            <\/div>\n            \n        <\/div>\n        \n    <\/div>\n\n<\/li>\n<li class=\"\">\n\n\t<a href=\"https:\/\/test.imprimetresde.com\/pt-pt\/producto\/colecao-flor-do-tojo\/\" class=\"woocommerce-LoopProduct-link woocommerce-loop-product__link\">\n\t<div class=\"product_wrapper\">\n\n\t\t        \n                \n        \t\t\t\n\t<span class=\"onsale\">Oferta<\/span>\n\t                \n        \t\t\n\t\t<div class=\"product_thumbnail_wrapper\">\n\t\t\t\n\t\t\t<div class=\"product_thumbnail with_second_image\">\n\t\t\t\t\n\t\t\t\t<a href=\"https:\/\/test.imprimetresde.com\/pt-pt\/producto\/colecao-flor-do-tojo\/\">\n\t\t\t\t\n\t\t\t\t\t<span class=\"product_thumbnail_background\" style=\"background-image:url(https:\/\/test.imprimetresde.com\/wp-content\/uploads\/2023\/07\/ANEL-FLOR-DO-TOXO-MODELO-350x435.jpg)\"><\/span>\n\t\t\t\t\t<img decoding=\"async\" width=\"350\" height=\"435\" src=\"https:\/\/test.imprimetresde.com\/wp-content\/uploads\/2023\/07\/ANEL-FLOR-DO-TOXO-350x435.jpg\" class=\"attachment-shop_catalog size-shop_catalog wp-post-image\" alt=\"Anel Flor do Toxo I3D\" srcset=\"https:\/\/test.imprimetresde.com\/wp-content\/uploads\/2023\/07\/ANEL-FLOR-DO-TOXO-350x435.jpg 350w, https:\/\/test.imprimetresde.com\/wp-content\/uploads\/2023\/07\/ANEL-FLOR-DO-TOXO-116x145.jpg 116w, https:\/\/test.imprimetresde.com\/wp-content\/uploads\/2023\/07\/ANEL-FLOR-DO-TOXO-190x236.jpg 190w\" sizes=\"(max-width: 350px) 100vw, 350px\" \/>\t\t\t\t<\/a>\n\t\t\t\t\n\t\t\t<\/div>\n\t\t\t\n\t\t\t\t\t\t\n\t\t<\/div><!--product_thumbnail_wrapper-->\n        \n       \n        \t\t\t        \n\t\t<h2><a href=\"https:\/\/test.imprimetresde.com\/pt-pt\/producto\/colecao-flor-do-tojo\/\">Cole\u00e7\u00e3o Flor do Tojo<\/a><\/h2>\n\n\t<\/div><!--product_wrapper-->\n    \n        \n\t<div class=\"product_after_shop_loop\">\n        \n        \t\t\n\t\t<div class=\"product_after_shop_loop_switcher\">\n            \n            <div class=\"product_after_shop_loop_price\">\n                \n\t<span class=\"price\"><span class=\"woocommerce-Price-amount amount\" aria-hidden=\"true\"><bdi>14,90<span class=\"woocommerce-Price-currencySymbol\">&euro;<\/span><\/bdi><\/span> <span aria-hidden=\"true\">&ndash;<\/span> <span class=\"woocommerce-Price-amount amount\" aria-hidden=\"true\"><bdi>19,90<span class=\"woocommerce-Price-currencySymbol\">&euro;<\/span><\/bdi><\/span><span class=\"screen-reader-text\">Price range: 14,90&euro; through 19,90&euro;<\/span><\/span>\n            <\/div>\n            \n            <div class=\"product_after_shop_loop_buttons\">\n                <\/a><a href=\"https:\/\/test.imprimetresde.com\/pt-pt\/producto\/colecao-flor-do-tojo\/\" aria-describedby=\"woocommerce_loop_add_to_cart_link_describedby_12368\" data-quantity=\"1\" class=\"button product_type_variable add_to_cart_button\" data-product_id=\"12368\" data-product_sku=\"\" aria-label=\"Seleccione as op\u00e7\u00f5es para &ldquo;Cole\u00e7\u00e3o Flor do Tojo&rdquo;\" rel=\"nofollow\">Ver op\u00e7\u00f5es<\/a>\t<span id=\"woocommerce_loop_add_to_cart_link_describedby_12368\" class=\"screen-reader-text\">\n\t\tThis product has multiple variants. The options may be chosen on the product page\t<\/span>\n<div class=\"pi-edd pi-edd-loop\">Fecha de Entrega Estimada 2026\/05\/01<\/div>            <\/div>\n            \n        <\/div>\n        \n    <\/div>\n\n<\/li>\n<li class=\"\">\n\n\t<a href=\"https:\/\/test.imprimetresde.com\/pt-pt\/producto\/mortinhos-da-santa-companha\/\" class=\"woocommerce-LoopProduct-link woocommerce-loop-product__link\">\n\t<div class=\"product_wrapper\">\n\n\t\t        \n                \n        \t\t\t\n\t<span class=\"onsale\">Oferta<\/span>\n\t                \n        \t\t\n\t\t<div class=\"product_thumbnail_wrapper\">\n\t\t\t\n\t\t\t<div class=\"product_thumbnail with_second_image\">\n\t\t\t\t\n\t\t\t\t<a href=\"https:\/\/test.imprimetresde.com\/pt-pt\/producto\/mortinhos-da-santa-companha\/\">\n\t\t\t\t\n\t\t\t\t\t<span class=\"product_thumbnail_background\" style=\"background-image:url(https:\/\/test.imprimetresde.com\/wp-content\/uploads\/2022\/10\/Mortinos-na-escuridade-350x435.jpg)\"><\/span>\n\t\t\t\t\t<img decoding=\"async\" width=\"350\" height=\"435\" src=\"https:\/\/test.imprimetresde.com\/wp-content\/uploads\/2023\/10\/MORTINA-DA-SANTA-COMPANA_FRONT-IV-350x435.jpg\" class=\"attachment-shop_catalog size-shop_catalog wp-post-image\" alt=\"\" srcset=\"https:\/\/test.imprimetresde.com\/wp-content\/uploads\/2023\/10\/MORTINA-DA-SANTA-COMPANA_FRONT-IV-350x435.jpg 350w, https:\/\/test.imprimetresde.com\/wp-content\/uploads\/2023\/10\/MORTINA-DA-SANTA-COMPANA_FRONT-IV-116x145.jpg 116w, https:\/\/test.imprimetresde.com\/wp-content\/uploads\/2023\/10\/MORTINA-DA-SANTA-COMPANA_FRONT-IV-190x236.jpg 190w\" sizes=\"(max-width: 350px) 100vw, 350px\" \/>\t\t\t\t<\/a>\n\t\t\t\t\n\t\t\t<\/div>\n\t\t\t\n\t\t\t\t\t\t\n\t\t<\/div><!--product_thumbnail_wrapper-->\n        \n       \n        \t\t\t        \n\t\t<h2><a href=\"https:\/\/test.imprimetresde.com\/pt-pt\/producto\/mortinhos-da-santa-companha\/\">Mortinhos da Santa Companha<\/a><\/h2>\n\n\t<\/div><!--product_wrapper-->\n    \n        \n\t<div class=\"product_after_shop_loop\">\n        \n        \t\t\n\t\t<div class=\"product_after_shop_loop_switcher\">\n            \n            <div class=\"product_after_shop_loop_price\">\n                \n\t<span class=\"price\"><del aria-hidden=\"true\"><span class=\"woocommerce-Price-amount amount\"><bdi>12,90<span class=\"woocommerce-Price-currencySymbol\">&euro;<\/span><\/bdi><\/span><\/del> <span class=\"screen-reader-text\">O pre\u00e7o original era: 12,90&euro;.<\/span><ins aria-hidden=\"true\"><span class=\"woocommerce-Price-amount amount\"><bdi>9,90<span class=\"woocommerce-Price-currencySymbol\">&euro;<\/span><\/bdi><\/span><\/ins><span class=\"screen-reader-text\">O pre\u00e7o atual \u00e9: 9,90&euro;.<\/span><\/span>\n            <\/div>\n            \n            <div class=\"product_after_shop_loop_buttons\">\n                <\/a><a href=\"https:\/\/test.imprimetresde.com\/pt-pt\/producto\/mortinhos-da-santa-companha\/\" aria-describedby=\"woocommerce_loop_add_to_cart_link_describedby_12373\" data-quantity=\"1\" class=\"button product_type_variable add_to_cart_button\" data-product_id=\"12373\" data-product_sku=\"mrt\u00f1s\" aria-label=\"Seleccione as op\u00e7\u00f5es para &ldquo;Mortinhos da Santa Companha&rdquo;\" rel=\"nofollow\">Ver op\u00e7\u00f5es<\/a>\t<span id=\"woocommerce_loop_add_to_cart_link_describedby_12373\" class=\"screen-reader-text\">\n\t\tThis product has multiple variants. The options may be chosen on the product page\t<\/span>\n<div class=\"pi-edd pi-edd-loop\">Fecha de Entrega Estimada 2026\/05\/01<\/div>            <\/div>\n            \n        <\/div>\n        \n    <\/div>\n\n<\/li>\n<li class=\"\">\n\n\t<a href=\"https:\/\/test.imprimetresde.com\/pt-pt\/producto\/pendrive-personalizado\/\" class=\"woocommerce-LoopProduct-link woocommerce-loop-product__link\">\n\t<div class=\"product_wrapper\">\n\n\t\t        \n                \n        \t\t\t                \n        \t\t\n\t\t<div class=\"product_thumbnail_wrapper\">\n\t\t\t\n\t\t\t<div class=\"product_thumbnail with_second_image\">\n\t\t\t\t\n\t\t\t\t<a href=\"https:\/\/test.imprimetresde.com\/pt-pt\/producto\/pendrive-personalizado\/\">\n\t\t\t\t\n\t\t\t\t\t<span class=\"product_thumbnail_background\" style=\"background-image:url(https:\/\/test.imprimetresde.com\/wp-content\/uploads\/2020\/08\/USBs-Personalizados-350x435.jpg)\"><\/span>\n\t\t\t\t\t<img decoding=\"async\" width=\"350\" height=\"435\" src=\"https:\/\/test.imprimetresde.com\/wp-content\/uploads\/2020\/08\/Pendrive-Personalizado-FRONT-350x435.jpg\" class=\"attachment-shop_catalog size-shop_catalog wp-post-image\" alt=\"Pendrive Personalizado Clara I3D\" srcset=\"https:\/\/test.imprimetresde.com\/wp-content\/uploads\/2020\/08\/Pendrive-Personalizado-FRONT-350x435.jpg 350w, https:\/\/test.imprimetresde.com\/wp-content\/uploads\/2020\/08\/Pendrive-Personalizado-FRONT-116x145.jpg 116w, https:\/\/test.imprimetresde.com\/wp-content\/uploads\/2020\/08\/Pendrive-Personalizado-FRONT-190x236.jpg 190w\" sizes=\"(max-width: 350px) 100vw, 350px\" \/>\t\t\t\t<\/a>\n\t\t\t\t\n\t\t\t<\/div>\n\t\t\t\n\t\t\t\t\t\t\n\t\t<\/div><!--product_thumbnail_wrapper-->\n        \n       \n        \t\t\t        \n\t\t<h2><a href=\"https:\/\/test.imprimetresde.com\/pt-pt\/producto\/pendrive-personalizado\/\">Pendrive Personalizado 32Gb<\/a><\/h2>\n\n\t<\/div><!--product_wrapper-->\n    \n        \n\t<div class=\"product_after_shop_loop\">\n        \n        \t\t\n\t\t<div class=\"product_after_shop_loop_switcher\">\n            \n            <div class=\"product_after_shop_loop_price\">\n                \n\t<span class=\"price\"><span class=\"woocommerce-Price-amount amount\" aria-hidden=\"true\"><bdi>19,90<span class=\"woocommerce-Price-currencySymbol\">&euro;<\/span><\/bdi><\/span> <span aria-hidden=\"true\">&ndash;<\/span> <span class=\"woocommerce-Price-amount amount\" aria-hidden=\"true\"><bdi>29,90<span class=\"woocommerce-Price-currencySymbol\">&euro;<\/span><\/bdi><\/span><span class=\"screen-reader-text\">Price range: 19,90&euro; through 29,90&euro;<\/span><\/span>\n            <\/div>\n            \n            <div class=\"product_after_shop_loop_buttons\">\n                <\/a><a href=\"https:\/\/test.imprimetresde.com\/pt-pt\/producto\/pendrive-personalizado\/\" aria-describedby=\"woocommerce_loop_add_to_cart_link_describedby_8601\" data-quantity=\"1\" class=\"button product_type_variable add_to_cart_button\" data-product_id=\"8601\" data-product_sku=\"Pndrvprs01\" aria-label=\"Seleccione as op\u00e7\u00f5es para &ldquo;Pendrive Personalizado 32Gb&rdquo;\" rel=\"nofollow\">Select options<\/a>\t<span id=\"woocommerce_loop_add_to_cart_link_describedby_8601\" class=\"screen-reader-text\">\n\t\tThis product has multiple variants. The options may be chosen on the product page\t<\/span>\n<div class=\"pi-edd pi-edd-loop\">Fecha de Entrega Estimada 2026\/05\/01<\/div>            <\/div>\n            \n        <\/div>\n        \n    <\/div>\n\n<\/li>\n<li class=\"\">\n\n\t<a href=\"https:\/\/test.imprimetresde.com\/pt-pt\/producto\/brincos-sardinhas\/\" class=\"woocommerce-LoopProduct-link woocommerce-loop-product__link\">\n\t<div class=\"product_wrapper\">\n\n\t\t        \n                \n        \t\t\t\n\t<span class=\"onsale\">Oferta<\/span>\n\t                \n        \t\t\n\t\t<div class=\"product_thumbnail_wrapper\">\n\t\t\t\n\t\t\t<div class=\"product_thumbnail with_second_image\">\n\t\t\t\t\n\t\t\t\t<a href=\"https:\/\/test.imprimetresde.com\/pt-pt\/producto\/brincos-sardinhas\/\">\n\t\t\t\t\n\t\t\t\t\t<span class=\"product_thumbnail_background\" style=\"background-image:url(https:\/\/test.imprimetresde.com\/wp-content\/uploads\/2020\/08\/Brincos-Sardi\u00f1a-front-350x435.jpg)\"><\/span>\n\t\t\t\t\t<img decoding=\"async\" width=\"350\" height=\"435\" src=\"https:\/\/test.imprimetresde.com\/wp-content\/uploads\/2020\/08\/Bricos-Sardi\u00f1a-I3D-modelo-350x435.jpg\" class=\"attachment-shop_catalog size-shop_catalog wp-post-image\" alt=\"Brincos Sardinha I3D\" srcset=\"https:\/\/test.imprimetresde.com\/wp-content\/uploads\/2020\/08\/Bricos-Sardi\u00f1a-I3D-modelo-350x435.jpg 350w, https:\/\/test.imprimetresde.com\/wp-content\/uploads\/2020\/08\/Bricos-Sardi\u00f1a-I3D-modelo-116x145.jpg 116w, https:\/\/test.imprimetresde.com\/wp-content\/uploads\/2020\/08\/Bricos-Sardi\u00f1a-I3D-modelo-190x236.jpg 190w\" sizes=\"(max-width: 350px) 100vw, 350px\" \/>\t\t\t\t<\/a>\n\t\t\t\t\n\t\t\t<\/div>\n\t\t\t\n\t\t\t\t\t\t\n\t\t<\/div><!--product_thumbnail_wrapper-->\n        \n       \n        \t\t\t        \n\t\t<h2><a href=\"https:\/\/test.imprimetresde.com\/pt-pt\/producto\/brincos-sardinhas\/\">Brincos Sardinhas<\/a><\/h2>\n\n\t<\/div><!--product_wrapper-->\n    \n        \n\t<div class=\"product_after_shop_loop\">\n        \n        \t\t\n\t\t<div class=\"product_after_shop_loop_switcher\">\n            \n            <div class=\"product_after_shop_loop_price\">\n                \n\t<span class=\"price\"><del aria-hidden=\"true\"><span class=\"woocommerce-Price-amount amount\"><bdi>17,90<span class=\"woocommerce-Price-currencySymbol\">&euro;<\/span><\/bdi><\/span><\/del> <span class=\"screen-reader-text\">O pre\u00e7o original era: 17,90&euro;.<\/span><ins aria-hidden=\"true\"><span class=\"woocommerce-Price-amount amount\"><bdi>14,90<span class=\"woocommerce-Price-currencySymbol\">&euro;<\/span><\/bdi><\/span><\/ins><span class=\"screen-reader-text\">O pre\u00e7o atual \u00e9: 14,90&euro;.<\/span><\/span>\n            <\/div>\n            \n            <div class=\"product_after_shop_loop_buttons\">\n                <\/a><a href=\"https:\/\/test.imprimetresde.com\/pt-pt\/producto\/brincos-sardinhas\/\" aria-describedby=\"woocommerce_loop_add_to_cart_link_describedby_9908\" data-quantity=\"1\" class=\"button product_type_variable add_to_cart_button\" data-product_id=\"9908\" data-product_sku=\"brncssrd\u00f1s\" aria-label=\"Seleccione as op\u00e7\u00f5es para &ldquo;Brincos Sardinhas&rdquo;\" rel=\"nofollow\">Ver op\u00e7\u00f5es<\/a>\t<span id=\"woocommerce_loop_add_to_cart_link_describedby_9908\" class=\"screen-reader-text\">\n\t\tThis product has multiple variants. The options may be chosen on the product page\t<\/span>\n<div class=\"pi-edd pi-edd-loop\">Fecha de Entrega Estimada 2026\/05\/01<\/div>            <\/div>\n            \n        <\/div>\n        \n    <\/div>\n\n<\/li>\n<li class=\"\">\n\n\t<a href=\"https:\/\/test.imprimetresde.com\/pt-pt\/producto\/pingente-de-sardinha\/\" class=\"woocommerce-LoopProduct-link woocommerce-loop-product__link\">\n\t<div class=\"product_wrapper\">\n\n\t\t        \n                \n        \t\t\t                \n        \t\t\n\t\t<div class=\"product_thumbnail_wrapper\">\n\t\t\t\n\t\t\t<div class=\"product_thumbnail with_second_image\">\n\t\t\t\t\n\t\t\t\t<a href=\"https:\/\/test.imprimetresde.com\/pt-pt\/producto\/pingente-de-sardinha\/\">\n\t\t\t\t\n\t\t\t\t\t<span class=\"product_thumbnail_background\" style=\"background-image:url(https:\/\/test.imprimetresde.com\/wp-content\/uploads\/2020\/08\/Colar-Sardi\u00f1a-front-350x435.jpg)\"><\/span>\n\t\t\t\t\t<img decoding=\"async\" width=\"350\" height=\"435\" src=\"https:\/\/test.imprimetresde.com\/wp-content\/uploads\/2020\/08\/Colar-Sardina-FRONT-1-350x435.jpg\" class=\"attachment-shop_catalog size-shop_catalog wp-post-image\" alt=\"Pingente Sardinha I3D\" srcset=\"https:\/\/test.imprimetresde.com\/wp-content\/uploads\/2020\/08\/Colar-Sardina-FRONT-1-350x435.jpg 350w, https:\/\/test.imprimetresde.com\/wp-content\/uploads\/2020\/08\/Colar-Sardina-FRONT-1-242x300.jpg 242w, https:\/\/test.imprimetresde.com\/wp-content\/uploads\/2020\/08\/Colar-Sardina-FRONT-1-826x1024.jpg 826w, https:\/\/test.imprimetresde.com\/wp-content\/uploads\/2020\/08\/Colar-Sardina-FRONT-1-768x953.jpg 768w, https:\/\/test.imprimetresde.com\/wp-content\/uploads\/2020\/08\/Colar-Sardina-FRONT-1-116x145.jpg 116w, https:\/\/test.imprimetresde.com\/wp-content\/uploads\/2020\/08\/Colar-Sardina-FRONT-1-190x236.jpg 190w, https:\/\/test.imprimetresde.com\/wp-content\/uploads\/2020\/08\/Colar-Sardina-FRONT-1-570x707.jpg 570w, https:\/\/test.imprimetresde.com\/wp-content\/uploads\/2020\/08\/Colar-Sardina-FRONT-1.jpg 1032w\" sizes=\"(max-width: 350px) 100vw, 350px\" \/>\t\t\t\t<\/a>\n\t\t\t\t\n\t\t\t<\/div>\n\t\t\t\n\t\t\t\t\t\t\n\t\t<\/div><!--product_thumbnail_wrapper-->\n        \n       \n        \t\t\t        \n\t\t<h2><a href=\"https:\/\/test.imprimetresde.com\/pt-pt\/producto\/pingente-de-sardinha\/\">Pingente de sardinha<\/a><\/h2>\n\n\t<\/div><!--product_wrapper-->\n    \n        \n\t<div class=\"product_after_shop_loop\">\n        \n        \t\t\n\t\t<div class=\"product_after_shop_loop_switcher\">\n            \n            <div class=\"product_after_shop_loop_price\">\n                \n\t<span class=\"price\"><span class=\"woocommerce-Price-amount amount\"><bdi>17,90<span class=\"woocommerce-Price-currencySymbol\">&euro;<\/span><\/bdi><\/span><\/span>\n            <\/div>\n            \n            <div class=\"product_after_shop_loop_buttons\">\n                <\/a><a href=\"\/pt-pt\/wp-json\/wp\/v2\/pages\/7343?add-to-cart=9906\" aria-describedby=\"woocommerce_loop_add_to_cart_link_describedby_9906\" data-quantity=\"1\" class=\"button product_type_simple add_to_cart_button ajax_add_to_cart\" data-product_id=\"9906\" data-product_sku=\"clrsd\u00f1\" aria-label=\"Adiciona ao carrinho: &ldquo;Pingente de sardinha&rdquo;\" rel=\"nofollow\" data-success_message=\"&ldquo;Pingente de sardinha&rdquo; foi adicionado ao seu carrinho\" role=\"button\">Adicionar<\/a>\t<span id=\"woocommerce_loop_add_to_cart_link_describedby_9906\" class=\"screen-reader-text\">\n\t\t\t<\/span>\n<div class=\"pi-edd pi-edd-loop\">Fecha de Entrega Estimada 2026\/05\/01<\/div>            <\/div>\n            \n        <\/div>\n        \n    <\/div>\n\n<\/li>\n<li class=\"\">\n\n\t<a href=\"https:\/\/test.imprimetresde.com\/pt-pt\/producto\/pin-25-de-abril\/\" class=\"woocommerce-LoopProduct-link woocommerce-loop-product__link\">\n\t<div class=\"product_wrapper\">\n\n\t\t        \n                \n        \t\t\t                \n        \t\t\n\t\t<div class=\"product_thumbnail_wrapper\">\n\t\t\t\n\t\t\t<div class=\"product_thumbnail with_second_image\">\n\t\t\t\t\n\t\t\t\t<a href=\"https:\/\/test.imprimetresde.com\/pt-pt\/producto\/pin-25-de-abril\/\">\n\t\t\t\t\n\t\t\t\t\t<span class=\"product_thumbnail_background\" style=\"background-image:url(https:\/\/test.imprimetresde.com\/wp-content\/uploads\/2020\/04\/Cravo_25abril_BACK_opt-350x435.jpg)\"><\/span>\n\t\t\t\t\t<img decoding=\"async\" width=\"350\" height=\"435\" src=\"https:\/\/test.imprimetresde.com\/wp-content\/uploads\/2020\/04\/Cravo_25abril_FRONT_opt-350x435.jpg\" class=\"attachment-shop_catalog size-shop_catalog wp-post-image\" alt=\"Cravo 25 abril I3D\" srcset=\"https:\/\/test.imprimetresde.com\/wp-content\/uploads\/2020\/04\/Cravo_25abril_FRONT_opt-350x435.jpg 350w, https:\/\/test.imprimetresde.com\/wp-content\/uploads\/2020\/04\/Cravo_25abril_FRONT_opt-116x145.jpg 116w, https:\/\/test.imprimetresde.com\/wp-content\/uploads\/2020\/04\/Cravo_25abril_FRONT_opt-190x236.jpg 190w\" sizes=\"(max-width: 350px) 100vw, 350px\" \/>\t\t\t\t<\/a>\n\t\t\t\t\n\t\t\t<\/div>\n\t\t\t\n\t\t\t\t\t\t\n\t\t<\/div><!--product_thumbnail_wrapper-->\n        \n       \n        \t\t\t        \n\t\t<h2><a href=\"https:\/\/test.imprimetresde.com\/pt-pt\/producto\/pin-25-de-abril\/\">Pin 25 de Abril<\/a><\/h2>\n\n\t<\/div><!--product_wrapper-->\n    \n        \n\t<div class=\"product_after_shop_loop\">\n        \n        \t\t\n\t\t<div class=\"product_after_shop_loop_switcher\">\n            \n            <div class=\"product_after_shop_loop_price\">\n                \n\t<span class=\"price\"><span class=\"woocommerce-Price-amount amount\"><bdi>4,90<span class=\"woocommerce-Price-currencySymbol\">&euro;<\/span><\/bdi><\/span><\/span>\n            <\/div>\n            \n            <div class=\"product_after_shop_loop_buttons\">\n                <\/a><a href=\"\/pt-pt\/wp-json\/wp\/v2\/pages\/7343?add-to-cart=7386\" aria-describedby=\"woocommerce_loop_add_to_cart_link_describedby_7386\" data-quantity=\"1\" class=\"button product_type_simple add_to_cart_button ajax_add_to_cart\" data-product_id=\"7386\" data-product_sku=\"pin25brlES\" aria-label=\"Adiciona ao carrinho: &ldquo;Pin 25 de Abril&rdquo;\" rel=\"nofollow\" data-success_message=\"&ldquo;Pin 25 de Abril&rdquo; foi adicionado ao seu carrinho\" role=\"button\">Adicionar<\/a>\t<span id=\"woocommerce_loop_add_to_cart_link_describedby_7386\" class=\"screen-reader-text\">\n\t\t\t<\/span>\n<div class=\"pi-edd pi-edd-loop\">Fecha de Entrega Estimada 2026\/05\/01<\/div>            <\/div>\n            \n        <\/div>\n        \n    <\/div>\n\n<\/li>\n<li class=\"\">\n\n\t<a href=\"https:\/\/test.imprimetresde.com\/pt-pt\/producto\/coleccao-estrela-vermelha\/\" class=\"woocommerce-LoopProduct-link woocommerce-loop-product__link\">\n\t<div class=\"product_wrapper\">\n\n\t\t        \n                \n        \t\t\t\n\t<span class=\"onsale\">Oferta<\/span>\n\t                \n        \t\t\n\t\t<div class=\"product_thumbnail_wrapper\">\n\t\t\t\n\t\t\t<div class=\"product_thumbnail with_second_image\">\n\t\t\t\t\n\t\t\t\t<a href=\"https:\/\/test.imprimetresde.com\/pt-pt\/producto\/coleccao-estrela-vermelha\/\">\n\t\t\t\t\n\t\t\t\t\t<span class=\"product_thumbnail_background\" style=\"background-image:url(https:\/\/test.imprimetresde.com\/wp-content\/uploads\/2020\/04\/Colar-Estrela-Vermelha-FRONT-350x435.jpg)\"><\/span>\n\t\t\t\t\t<img decoding=\"async\" width=\"350\" height=\"435\" src=\"https:\/\/test.imprimetresde.com\/wp-content\/uploads\/2020\/04\/Colec\u00e7\u00e3o-Estrella-Vermelha-350x435.jpg\" class=\"attachment-shop_catalog size-shop_catalog wp-post-image\" alt=\"Colec\u00e7\u00e3o Estrella Vermelha I3D\" srcset=\"https:\/\/test.imprimetresde.com\/wp-content\/uploads\/2020\/04\/Colec\u00e7\u00e3o-Estrella-Vermelha-350x435.jpg 350w, https:\/\/test.imprimetresde.com\/wp-content\/uploads\/2020\/04\/Colec\u00e7\u00e3o-Estrella-Vermelha-116x145.jpg 116w, https:\/\/test.imprimetresde.com\/wp-content\/uploads\/2020\/04\/Colec\u00e7\u00e3o-Estrella-Vermelha-190x236.jpg 190w\" sizes=\"(max-width: 350px) 100vw, 350px\" \/>\t\t\t\t<\/a>\n\t\t\t\t\n\t\t\t<\/div>\n\t\t\t\n\t\t\t\t\t\t\n\t\t<\/div><!--product_thumbnail_wrapper-->\n        \n       \n        \t\t\t        \n\t\t<h2><a href=\"https:\/\/test.imprimetresde.com\/pt-pt\/producto\/coleccao-estrela-vermelha\/\">Colec\u00e7\u00e3o Estrela Vermelha<\/a><\/h2>\n\n\t<\/div><!--product_wrapper-->\n    \n        \n\t<div class=\"product_after_shop_loop\">\n        \n        \t\t\n\t\t<div class=\"product_after_shop_loop_switcher\">\n            \n            <div class=\"product_after_shop_loop_price\">\n                \n\t<span class=\"price\"><span class=\"woocommerce-Price-amount amount\" aria-hidden=\"true\"><bdi>6,90<span class=\"woocommerce-Price-currencySymbol\">&euro;<\/span><\/bdi><\/span> <span aria-hidden=\"true\">&ndash;<\/span> <span class=\"woocommerce-Price-amount amount\" aria-hidden=\"true\"><bdi>11,90<span class=\"woocommerce-Price-currencySymbol\">&euro;<\/span><\/bdi><\/span><span class=\"screen-reader-text\">Price range: 6,90&euro; through 11,90&euro;<\/span><\/span>\n            <\/div>\n            \n            <div class=\"product_after_shop_loop_buttons\">\n                <\/a><a href=\"https:\/\/test.imprimetresde.com\/pt-pt\/producto\/coleccao-estrela-vermelha\/\" aria-describedby=\"woocommerce_loop_add_to_cart_link_describedby_7247\" data-quantity=\"1\" class=\"button product_type_grouped\" data-product_id=\"7247\" data-product_sku=\"Clccnstrllvrmll\" aria-label=\"Ver produto no grupo &ldquo;Colec\u00e7\u00e3o Estrela Vermelha&rdquo;\" rel=\"nofollow\">Ver produtos<\/a>\t<span id=\"woocommerce_loop_add_to_cart_link_describedby_7247\" class=\"screen-reader-text\">\n\t\t\t<\/span>\n<div class=\"pi-edd pi-edd-loop\">Fecha de Entrega Estimada 2026\/05\/01<\/div>            <\/div>\n            \n        <\/div>\n        \n    <\/div>\n\n<\/li>\t\t<\/ul>\n    <\/div><!-- .columns -->\n<\/div><!-- .row --><\/div>[vc_button2 title=&#8221; Descubra mais produtos&#8221; align=&#8221;center&#8221; style=&#8221;square_outlined&#8221; color=&#8221;black&#8221; link=&#8221;url:imprimetresde.com%2Floja%2F|title:Imprimetresde%20Loja|&#8221;][\/vc_tab][vc_tab title=&#8221;Best Sellers&#8221; tab_id=&#8221;1399573370513-2-7&#8243;]<div class=\"woocommerce columns-4 \">\n\n\n<div class=\"row\">\n\t<div class=\"large-12 columns\">\n\t\t<ul id=\"products-grid\" class=\" products products-grid effect-e2 small-block-grid-2 medium-block-grid-3 large-block-grid-4 columns-4\">\n<li class=\"\">\n\n\t<a href=\"https:\/\/test.imprimetresde.com\/pt-pt\/producto\/clipes-de-mascaras-5-pecas\/\" class=\"woocommerce-LoopProduct-link woocommerce-loop-product__link\">\n\t<div class=\"product_wrapper\">\n\n\t\t        \n                \n        \t\t\t                \n        \t\t\n\t\t<div class=\"product_thumbnail_wrapper\">\n\t\t\t\n\t\t\t<div class=\"product_thumbnail with_second_image\">\n\t\t\t\t\n\t\t\t\t<a href=\"https:\/\/test.imprimetresde.com\/pt-pt\/producto\/clipes-de-mascaras-5-pecas\/\">\n\t\t\t\t\n\t\t\t\t\t<span class=\"product_thumbnail_background\" style=\"background-image:url(https:\/\/test.imprimetresde.com\/wp-content\/uploads\/2020\/04\/photo_2020-04-11_13-44-00-2-350x435.jpg)\"><\/span>\n\t\t\t\t\t<img decoding=\"async\" width=\"350\" height=\"435\" src=\"https:\/\/test.imprimetresde.com\/wp-content\/uploads\/2020\/04\/enganche-mascarillas-350x435.jpg\" class=\"attachment-shop_catalog size-shop_catalog wp-post-image\" alt=\"clipe de m\u00e1scaras (5 pe\u00e7as) I3D\" srcset=\"https:\/\/test.imprimetresde.com\/wp-content\/uploads\/2020\/04\/enganche-mascarillas-350x435.jpg 350w, https:\/\/test.imprimetresde.com\/wp-content\/uploads\/2020\/04\/enganche-mascarillas-116x145.jpg 116w, https:\/\/test.imprimetresde.com\/wp-content\/uploads\/2020\/04\/enganche-mascarillas-190x236.jpg 190w\" sizes=\"(max-width: 350px) 100vw, 350px\" \/>\t\t\t\t<\/a>\n\t\t\t\t\n\t\t\t<\/div>\n\t\t\t\n\t\t\t\t\t\t\n\t\t<\/div><!--product_thumbnail_wrapper-->\n        \n       \n        \t\t\t        \n\t\t<h2><a href=\"https:\/\/test.imprimetresde.com\/pt-pt\/producto\/clipes-de-mascaras-5-pecas\/\">Clipes de m\u00e1scaras (5 pe\u00e7as)<\/a><\/h2>\n\n\t<\/div><!--product_wrapper-->\n    \n        \n\t<div class=\"product_after_shop_loop\">\n        \n        \t\t\n\t\t<div class=\"product_after_shop_loop_switcher\">\n            \n            <div class=\"product_after_shop_loop_price\">\n                \n\t<span class=\"price\"><span class=\"woocommerce-Price-amount amount\" aria-hidden=\"true\"><bdi>10,00<span class=\"woocommerce-Price-currencySymbol\">&euro;<\/span><\/bdi><\/span> <span aria-hidden=\"true\">&ndash;<\/span> <span class=\"woocommerce-Price-amount amount\" aria-hidden=\"true\"><bdi>12,00<span class=\"woocommerce-Price-currencySymbol\">&euro;<\/span><\/bdi><\/span><span class=\"screen-reader-text\">Price range: 10,00&euro; through 12,00&euro;<\/span><\/span>\n            <\/div>\n            \n            <div class=\"product_after_shop_loop_buttons\">\n                <\/a><a href=\"https:\/\/test.imprimetresde.com\/pt-pt\/producto\/clipes-de-mascaras-5-pecas\/\" aria-describedby=\"woocommerce_loop_add_to_cart_link_describedby_7132\" data-quantity=\"1\" class=\"button product_type_variable add_to_cart_button\" data-product_id=\"7132\" data-product_sku=\"\" aria-label=\"Seleccione as op\u00e7\u00f5es para &ldquo;Clipes de m\u00e1scaras (5 pe\u00e7as)&rdquo;\" rel=\"nofollow\">Select options<\/a>\t<span id=\"woocommerce_loop_add_to_cart_link_describedby_7132\" class=\"screen-reader-text\">\n\t\tThis product has multiple variants. The options may be chosen on the product page\t<\/span>\n<div class=\"pi-edd pi-edd-loop\">Fecha de Entrega Estimada 2026\/05\/01<\/div>            <\/div>\n            \n        <\/div>\n        \n    <\/div>\n\n<\/li>\n<li class=\"\">\n\n\t<a href=\"https:\/\/test.imprimetresde.com\/pt-pt\/producto\/busto-personalizado\/\" class=\"woocommerce-LoopProduct-link woocommerce-loop-product__link\">\n\t<div class=\"product_wrapper\">\n\n\t\t        \n                \n        \t\t\t\n\t<span class=\"onsale\">Oferta<\/span>\n\t                \n        \t\t\n\t\t<div class=\"product_thumbnail_wrapper\">\n\t\t\t\n\t\t\t<div class=\"product_thumbnail with_second_image\">\n\t\t\t\t\n\t\t\t\t<a href=\"https:\/\/test.imprimetresde.com\/pt-pt\/producto\/busto-personalizado\/\">\n\t\t\t\t\n\t\t\t\t\t<span class=\"product_thumbnail_background\" style=\"background-image:url(https:\/\/test.imprimetresde.com\/wp-content\/uploads\/2015\/09\/Busto-Home-con-Lelas-09-350x435.jpg)\"><\/span>\n\t\t\t\t\t<img decoding=\"async\" width=\"350\" height=\"435\" src=\"https:\/\/test.imprimetresde.com\/wp-content\/uploads\/2024\/06\/Busto-Home-con-Lelas-01-350x435.jpg\" class=\"attachment-shop_catalog size-shop_catalog wp-post-image\" alt=\"Busto Tama\u00f1o Natural I3D\" srcset=\"https:\/\/test.imprimetresde.com\/wp-content\/uploads\/2024\/06\/Busto-Home-con-Lelas-01-350x435.jpg 350w, https:\/\/test.imprimetresde.com\/wp-content\/uploads\/2024\/06\/Busto-Home-con-Lelas-01-116x145.jpg 116w, https:\/\/test.imprimetresde.com\/wp-content\/uploads\/2024\/06\/Busto-Home-con-Lelas-01-190x236.jpg 190w\" sizes=\"(max-width: 350px) 100vw, 350px\" \/>\t\t\t\t<\/a>\n\t\t\t\t\n\t\t\t<\/div>\n\t\t\t\n\t\t\t\t\t\t\n\t\t<\/div><!--product_thumbnail_wrapper-->\n        \n       \n        \t\t\t        \n\t\t<h2><a href=\"https:\/\/test.imprimetresde.com\/pt-pt\/producto\/busto-personalizado\/\">Busto Personalizado<\/a><\/h2>\n\n\t<\/div><!--product_wrapper-->\n    \n        \n\t<div class=\"product_after_shop_loop\">\n        \n        \t\t\n\t\t<div class=\"product_after_shop_loop_switcher\">\n            \n            <div class=\"product_after_shop_loop_price\">\n                \n\t<span class=\"price\"><span class=\"woocommerce-Price-amount amount\" aria-hidden=\"true\"><bdi>80,00<span class=\"woocommerce-Price-currencySymbol\">&euro;<\/span><\/bdi><\/span> <span aria-hidden=\"true\">&ndash;<\/span> <span class=\"woocommerce-Price-amount amount\" aria-hidden=\"true\"><bdi>190,00<span class=\"woocommerce-Price-currencySymbol\">&euro;<\/span><\/bdi><\/span><span class=\"screen-reader-text\">Price range: 80,00&euro; through 190,00&euro;<\/span><\/span>\n            <\/div>\n            \n            <div class=\"product_after_shop_loop_buttons\">\n                <\/a><a href=\"https:\/\/test.imprimetresde.com\/pt-pt\/producto\/busto-personalizado\/\" aria-describedby=\"woocommerce_loop_add_to_cart_link_describedby_13207\" data-quantity=\"1\" class=\"button product_type_variable add_to_cart_button\" data-product_id=\"13207\" data-product_sku=\"bust001\" aria-label=\"Seleccione as op\u00e7\u00f5es para &ldquo;Busto Personalizado&rdquo;\" rel=\"nofollow\">Select options<\/a>\t<span id=\"woocommerce_loop_add_to_cart_link_describedby_13207\" class=\"screen-reader-text\">\n\t\tThis product has multiple variants. The options may be chosen on the product page\t<\/span>\n<div class=\"pi-edd pi-edd-loop\">Fecha de Entrega Estimada 2026\/05\/01<\/div>            <\/div>\n            \n        <\/div>\n        \n    <\/div>\n\n<\/li>\n<li class=\"\">\n\n\t<a href=\"https:\/\/test.imprimetresde.com\/pt-pt\/producto\/pingente-pandeireta\/\" class=\"woocommerce-LoopProduct-link woocommerce-loop-product__link\">\n\t<div class=\"product_wrapper\">\n\n\t\t        \n                \n        \t\t\t\n\t<span class=\"onsale\">Oferta<\/span>\n\t                \n        \t\t\n\t\t<div class=\"product_thumbnail_wrapper\">\n\t\t\t\n\t\t\t<div class=\"product_thumbnail with_second_image\">\n\t\t\t\t\n\t\t\t\t<a href=\"https:\/\/test.imprimetresde.com\/pt-pt\/producto\/pingente-pandeireta\/\">\n\t\t\t\t\n\t\t\t\t\t<span class=\"product_thumbnail_background\" style=\"background-image:url(https:\/\/test.imprimetresde.com\/wp-content\/uploads\/2017\/07\/asset-89-350x435.jpg)\"><\/span>\n\t\t\t\t\t<img decoding=\"async\" width=\"350\" height=\"435\" src=\"https:\/\/test.imprimetresde.com\/wp-content\/uploads\/2021\/09\/Colar-Pandeireta-Personalizado-BACK-II-350x435.jpg\" class=\"attachment-shop_catalog size-shop_catalog wp-post-image\" alt=\"Colar Pandeireta Personalizado I3D\" srcset=\"https:\/\/test.imprimetresde.com\/wp-content\/uploads\/2021\/09\/Colar-Pandeireta-Personalizado-BACK-II-350x435.jpg 350w, https:\/\/test.imprimetresde.com\/wp-content\/uploads\/2021\/09\/Colar-Pandeireta-Personalizado-BACK-II-116x145.jpg 116w, https:\/\/test.imprimetresde.com\/wp-content\/uploads\/2021\/09\/Colar-Pandeireta-Personalizado-BACK-II-190x236.jpg 190w\" sizes=\"(max-width: 350px) 100vw, 350px\" \/>\t\t\t\t<\/a>\n\t\t\t\t\n\t\t\t<\/div>\n\t\t\t\n\t\t\t\t\t\t\n\t\t<\/div><!--product_thumbnail_wrapper-->\n        \n       \n        \t\t\t        \n\t\t<h2><a href=\"https:\/\/test.imprimetresde.com\/pt-pt\/producto\/pingente-pandeireta\/\">Pingente Pandeireta<\/a><\/h2>\n\n\t<\/div><!--product_wrapper-->\n    \n        \n\t<div class=\"product_after_shop_loop\">\n        \n        \t\t\n\t\t<div class=\"product_after_shop_loop_switcher\">\n            \n            <div class=\"product_after_shop_loop_price\">\n                \n\t<span class=\"price\"><span class=\"woocommerce-Price-amount amount\" aria-hidden=\"true\"><bdi>19,90<span class=\"woocommerce-Price-currencySymbol\">&euro;<\/span><\/bdi><\/span> <span aria-hidden=\"true\">&ndash;<\/span> <span class=\"woocommerce-Price-amount amount\" aria-hidden=\"true\"><bdi>24,90<span class=\"woocommerce-Price-currencySymbol\">&euro;<\/span><\/bdi><\/span><span class=\"screen-reader-text\">Price range: 19,90&euro; through 24,90&euro;<\/span><\/span>\n            <\/div>\n            \n            <div class=\"product_after_shop_loop_buttons\">\n                <\/a><a href=\"https:\/\/test.imprimetresde.com\/pt-pt\/producto\/pingente-pandeireta\/\" aria-describedby=\"woocommerce_loop_add_to_cart_link_describedby_7163\" data-quantity=\"1\" class=\"button product_type_variable add_to_cart_button\" data-product_id=\"7163\" data-product_sku=\"Clgntpndrt001\" aria-label=\"Seleccione as op\u00e7\u00f5es para &ldquo;Pingente Pandeireta&rdquo;\" rel=\"nofollow\">Ver op\u00e7\u00f5es<\/a>\t<span id=\"woocommerce_loop_add_to_cart_link_describedby_7163\" class=\"screen-reader-text\">\n\t\tThis product has multiple variants. The options may be chosen on the product page\t<\/span>\n<div class=\"pi-edd pi-edd-loop\">Fecha de Entrega Estimada 2026\/05\/01<\/div>            <\/div>\n            \n        <\/div>\n        \n    <\/div>\n\n<\/li>\n<li class=\"\">\n\n\t<a href=\"https:\/\/test.imprimetresde.com\/pt-pt\/producto\/bookend-decorativo-minha-casinha-meu-lar\/\" class=\"woocommerce-LoopProduct-link woocommerce-loop-product__link\">\n\t<div class=\"product_wrapper\">\n\n\t\t        \n                \n        \t\t\t\n\t<span class=\"onsale\">Oferta<\/span>\n\t                \n        \t\t\n\t\t<div class=\"product_thumbnail_wrapper\">\n\t\t\t\n\t\t\t<div class=\"product_thumbnail with_second_image\">\n\t\t\t\t\n\t\t\t\t<a href=\"https:\/\/test.imprimetresde.com\/pt-pt\/producto\/bookend-decorativo-minha-casinha-meu-lar\/\">\n\t\t\t\t\n\t\t\t\t\t<span class=\"product_thumbnail_background\" style=\"background-image:url(https:\/\/test.imprimetresde.com\/wp-content\/uploads\/2017\/10\/SuxeitaLibrosCL-350x435.jpg)\"><\/span>\n\t\t\t\t\t<img decoding=\"async\" width=\"350\" height=\"435\" src=\"https:\/\/test.imprimetresde.com\/wp-content\/uploads\/2018\/03\/MI\u00d1A-CASI\u00d1A-MEU-LAR-lil\u00e1-I3D-350x435.jpg\" class=\"attachment-shop_catalog size-shop_catalog wp-post-image\" alt=\"bookend decorativo. MINHA CASINHA MEU LAR lil\u00e1 I3D\" srcset=\"https:\/\/test.imprimetresde.com\/wp-content\/uploads\/2018\/03\/MI\u00d1A-CASI\u00d1A-MEU-LAR-lil\u00e1-I3D-350x435.jpg 350w, https:\/\/test.imprimetresde.com\/wp-content\/uploads\/2018\/03\/MI\u00d1A-CASI\u00d1A-MEU-LAR-lil\u00e1-I3D-116x145.jpg 116w, https:\/\/test.imprimetresde.com\/wp-content\/uploads\/2018\/03\/MI\u00d1A-CASI\u00d1A-MEU-LAR-lil\u00e1-I3D-190x236.jpg 190w\" sizes=\"(max-width: 350px) 100vw, 350px\" \/>\t\t\t\t<\/a>\n\t\t\t\t\n\t\t\t<\/div>\n\t\t\t\n\t\t\t\t\t\t\n\t\t<\/div><!--product_thumbnail_wrapper-->\n        \n       \n        \t\t\t        \n\t\t<h2><a href=\"https:\/\/test.imprimetresde.com\/pt-pt\/producto\/bookend-decorativo-minha-casinha-meu-lar\/\">Bookend decorativo. Minha casinha, meu lar.<\/a><\/h2>\n\n\t<\/div><!--product_wrapper-->\n    \n        \n\t<div class=\"product_after_shop_loop\">\n        \n        \t\t\n\t\t<div class=\"product_after_shop_loop_switcher\">\n            \n            <div class=\"product_after_shop_loop_price\">\n                \n\t<span class=\"price\"><span class=\"woocommerce-Price-amount amount\" aria-hidden=\"true\"><bdi>14,90<span class=\"woocommerce-Price-currencySymbol\">&euro;<\/span><\/bdi><\/span> <span aria-hidden=\"true\">&ndash;<\/span> <span class=\"woocommerce-Price-amount amount\" aria-hidden=\"true\"><bdi>19,90<span class=\"woocommerce-Price-currencySymbol\">&euro;<\/span><\/bdi><\/span><span class=\"screen-reader-text\">Price range: 14,90&euro; through 19,90&euro;<\/span><\/span>\n            <\/div>\n            \n            <div class=\"product_after_shop_loop_buttons\">\n                <\/a><a href=\"https:\/\/test.imprimetresde.com\/pt-pt\/producto\/bookend-decorativo-minha-casinha-meu-lar\/\" aria-describedby=\"woocommerce_loop_add_to_cart_link_describedby_7073\" data-quantity=\"1\" class=\"button product_type_variable add_to_cart_button\" data-product_id=\"7073\" data-product_sku=\"Sxtlbrsmncsnml001\" aria-label=\"Seleccione as op\u00e7\u00f5es para &ldquo;Bookend decorativo. Minha casinha, meu lar.&rdquo;\" rel=\"nofollow\">Ver op\u00e7\u00f5es<\/a>\t<span id=\"woocommerce_loop_add_to_cart_link_describedby_7073\" class=\"screen-reader-text\">\n\t\tThis product has multiple variants. The options may be chosen on the product page\t<\/span>\n<div class=\"pi-edd pi-edd-loop\">Fecha de Entrega Estimada 2026\/05\/01<\/div>            <\/div>\n            \n        <\/div>\n        \n    <\/div>\n\n<\/li>\n<li class=\"\">\n\n\t<a href=\"https:\/\/test.imprimetresde.com\/pt-pt\/producto\/pin-25-de-abril\/\" class=\"woocommerce-LoopProduct-link woocommerce-loop-product__link\">\n\t<div class=\"product_wrapper\">\n\n\t\t        \n                \n        \t\t\t                \n        \t\t\n\t\t<div class=\"product_thumbnail_wrapper\">\n\t\t\t\n\t\t\t<div class=\"product_thumbnail with_second_image\">\n\t\t\t\t\n\t\t\t\t<a href=\"https:\/\/test.imprimetresde.com\/pt-pt\/producto\/pin-25-de-abril\/\">\n\t\t\t\t\n\t\t\t\t\t<span class=\"product_thumbnail_background\" style=\"background-image:url(https:\/\/test.imprimetresde.com\/wp-content\/uploads\/2020\/04\/Cravo_25abril_BACK_opt-350x435.jpg)\"><\/span>\n\t\t\t\t\t<img decoding=\"async\" width=\"350\" height=\"435\" src=\"https:\/\/test.imprimetresde.com\/wp-content\/uploads\/2020\/04\/Cravo_25abril_FRONT_opt-350x435.jpg\" class=\"attachment-shop_catalog size-shop_catalog wp-post-image\" alt=\"Cravo 25 abril I3D\" srcset=\"https:\/\/test.imprimetresde.com\/wp-content\/uploads\/2020\/04\/Cravo_25abril_FRONT_opt-350x435.jpg 350w, https:\/\/test.imprimetresde.com\/wp-content\/uploads\/2020\/04\/Cravo_25abril_FRONT_opt-116x145.jpg 116w, https:\/\/test.imprimetresde.com\/wp-content\/uploads\/2020\/04\/Cravo_25abril_FRONT_opt-190x236.jpg 190w\" sizes=\"(max-width: 350px) 100vw, 350px\" \/>\t\t\t\t<\/a>\n\t\t\t\t\n\t\t\t<\/div>\n\t\t\t\n\t\t\t\t\t\t\n\t\t<\/div><!--product_thumbnail_wrapper-->\n        \n       \n        \t\t\t        \n\t\t<h2><a href=\"https:\/\/test.imprimetresde.com\/pt-pt\/producto\/pin-25-de-abril\/\">Pin 25 de Abril<\/a><\/h2>\n\n\t<\/div><!--product_wrapper-->\n    \n        \n\t<div class=\"product_after_shop_loop\">\n        \n        \t\t\n\t\t<div class=\"product_after_shop_loop_switcher\">\n            \n            <div class=\"product_after_shop_loop_price\">\n                \n\t<span class=\"price\"><span class=\"woocommerce-Price-amount amount\"><bdi>4,90<span class=\"woocommerce-Price-currencySymbol\">&euro;<\/span><\/bdi><\/span><\/span>\n            <\/div>\n            \n            <div class=\"product_after_shop_loop_buttons\">\n                <\/a><a href=\"\/pt-pt\/wp-json\/wp\/v2\/pages\/7343?add-to-cart=7386\" aria-describedby=\"woocommerce_loop_add_to_cart_link_describedby_7386\" data-quantity=\"1\" class=\"button product_type_simple add_to_cart_button ajax_add_to_cart\" data-product_id=\"7386\" data-product_sku=\"pin25brlES\" aria-label=\"Adiciona ao carrinho: &ldquo;Pin 25 de Abril&rdquo;\" rel=\"nofollow\" data-success_message=\"&ldquo;Pin 25 de Abril&rdquo; foi adicionado ao seu carrinho\" role=\"button\">Adicionar<\/a>\t<span id=\"woocommerce_loop_add_to_cart_link_describedby_7386\" class=\"screen-reader-text\">\n\t\t\t<\/span>\n<div class=\"pi-edd pi-edd-loop\">Fecha de Entrega Estimada 2026\/05\/01<\/div>            <\/div>\n            \n        <\/div>\n        \n    <\/div>\n\n<\/li>\n<li class=\"\">\n\n\t<a href=\"https:\/\/test.imprimetresde.com\/pt-pt\/producto\/pendrive-personalizado\/\" class=\"woocommerce-LoopProduct-link woocommerce-loop-product__link\">\n\t<div class=\"product_wrapper\">\n\n\t\t        \n                \n        \t\t\t                \n        \t\t\n\t\t<div class=\"product_thumbnail_wrapper\">\n\t\t\t\n\t\t\t<div class=\"product_thumbnail with_second_image\">\n\t\t\t\t\n\t\t\t\t<a href=\"https:\/\/test.imprimetresde.com\/pt-pt\/producto\/pendrive-personalizado\/\">\n\t\t\t\t\n\t\t\t\t\t<span class=\"product_thumbnail_background\" style=\"background-image:url(https:\/\/test.imprimetresde.com\/wp-content\/uploads\/2020\/08\/USBs-Personalizados-350x435.jpg)\"><\/span>\n\t\t\t\t\t<img decoding=\"async\" width=\"350\" height=\"435\" src=\"https:\/\/test.imprimetresde.com\/wp-content\/uploads\/2020\/08\/Pendrive-Personalizado-FRONT-350x435.jpg\" class=\"attachment-shop_catalog size-shop_catalog wp-post-image\" alt=\"Pendrive Personalizado Clara I3D\" srcset=\"https:\/\/test.imprimetresde.com\/wp-content\/uploads\/2020\/08\/Pendrive-Personalizado-FRONT-350x435.jpg 350w, https:\/\/test.imprimetresde.com\/wp-content\/uploads\/2020\/08\/Pendrive-Personalizado-FRONT-116x145.jpg 116w, https:\/\/test.imprimetresde.com\/wp-content\/uploads\/2020\/08\/Pendrive-Personalizado-FRONT-190x236.jpg 190w\" sizes=\"(max-width: 350px) 100vw, 350px\" \/>\t\t\t\t<\/a>\n\t\t\t\t\n\t\t\t<\/div>\n\t\t\t\n\t\t\t\t\t\t\n\t\t<\/div><!--product_thumbnail_wrapper-->\n        \n       \n        \t\t\t        \n\t\t<h2><a href=\"https:\/\/test.imprimetresde.com\/pt-pt\/producto\/pendrive-personalizado\/\">Pendrive Personalizado 32Gb<\/a><\/h2>\n\n\t<\/div><!--product_wrapper-->\n    \n        \n\t<div class=\"product_after_shop_loop\">\n        \n        \t\t\n\t\t<div class=\"product_after_shop_loop_switcher\">\n            \n            <div class=\"product_after_shop_loop_price\">\n                \n\t<span class=\"price\"><span class=\"woocommerce-Price-amount amount\" aria-hidden=\"true\"><bdi>19,90<span class=\"woocommerce-Price-currencySymbol\">&euro;<\/span><\/bdi><\/span> <span aria-hidden=\"true\">&ndash;<\/span> <span class=\"woocommerce-Price-amount amount\" aria-hidden=\"true\"><bdi>29,90<span class=\"woocommerce-Price-currencySymbol\">&euro;<\/span><\/bdi><\/span><span class=\"screen-reader-text\">Price range: 19,90&euro; through 29,90&euro;<\/span><\/span>\n            <\/div>\n            \n            <div class=\"product_after_shop_loop_buttons\">\n                <\/a><a href=\"https:\/\/test.imprimetresde.com\/pt-pt\/producto\/pendrive-personalizado\/\" aria-describedby=\"woocommerce_loop_add_to_cart_link_describedby_8601\" data-quantity=\"1\" class=\"button product_type_variable add_to_cart_button\" data-product_id=\"8601\" data-product_sku=\"Pndrvprs01\" aria-label=\"Seleccione as op\u00e7\u00f5es para &ldquo;Pendrive Personalizado 32Gb&rdquo;\" rel=\"nofollow\">Select options<\/a>\t<span id=\"woocommerce_loop_add_to_cart_link_describedby_8601\" class=\"screen-reader-text\">\n\t\tThis product has multiple variants. The options may be chosen on the product page\t<\/span>\n<div class=\"pi-edd pi-edd-loop\">Fecha de Entrega Estimada 2026\/05\/01<\/div>            <\/div>\n            \n        <\/div>\n        \n    <\/div>\n\n<\/li>\n<li class=\"\">\n\n\t<a href=\"https:\/\/test.imprimetresde.com\/pt-pt\/producto\/pingente-estrela-vermelha\/\" class=\"woocommerce-LoopProduct-link woocommerce-loop-product__link\">\n\t<div class=\"product_wrapper\">\n\n\t\t        \n                \n        \t\t\t\n\t<span class=\"onsale\">Oferta<\/span>\n\t                \n        \t\t\n\t\t<div class=\"product_thumbnail_wrapper\">\n\t\t\t\n\t\t\t<div class=\"product_thumbnail with_second_image\">\n\t\t\t\t\n\t\t\t\t<a href=\"https:\/\/test.imprimetresde.com\/pt-pt\/producto\/pingente-estrela-vermelha\/\">\n\t\t\t\t\n\t\t\t\t\t<span class=\"product_thumbnail_background\" style=\"background-image:url(https:\/\/test.imprimetresde.com\/wp-content\/uploads\/2017\/06\/ESTRELA_fij00Orig-350x435.jpg)\"><\/span>\n\t\t\t\t\t<img decoding=\"async\" width=\"350\" height=\"435\" src=\"https:\/\/test.imprimetresde.com\/wp-content\/uploads\/2017\/06\/Colgante_Estrela-350x435.jpg\" class=\"attachment-shop_catalog size-shop_catalog wp-post-image\" alt=\"\" srcset=\"https:\/\/test.imprimetresde.com\/wp-content\/uploads\/2017\/06\/Colgante_Estrela-350x435.jpg 350w, https:\/\/test.imprimetresde.com\/wp-content\/uploads\/2017\/06\/Colgante_Estrela-116x145.jpg 116w, https:\/\/test.imprimetresde.com\/wp-content\/uploads\/2017\/06\/Colgante_Estrela-190x236.jpg 190w\" sizes=\"(max-width: 350px) 100vw, 350px\" \/>\t\t\t\t<\/a>\n\t\t\t\t\n\t\t\t<\/div>\n\t\t\t\n\t\t\t\t\t\t\n\t\t<\/div><!--product_thumbnail_wrapper-->\n        \n       \n        \t\t\t        \n\t\t<h2><a href=\"https:\/\/test.imprimetresde.com\/pt-pt\/producto\/pingente-estrela-vermelha\/\">Pingente Estrela Vermelha<\/a><\/h2>\n\n\t<\/div><!--product_wrapper-->\n    \n        \n\t<div class=\"product_after_shop_loop\">\n        \n        \t\t\n\t\t<div class=\"product_after_shop_loop_switcher\">\n            \n            <div class=\"product_after_shop_loop_price\">\n                \n\t<span class=\"price\"><del aria-hidden=\"true\"><span class=\"woocommerce-Price-amount amount\"><bdi>14,90<span class=\"woocommerce-Price-currencySymbol\">&euro;<\/span><\/bdi><\/span><\/del> <span class=\"screen-reader-text\">O pre\u00e7o original era: 14,90&euro;.<\/span><ins aria-hidden=\"true\"><span class=\"woocommerce-Price-amount amount\"><bdi>11,90<span class=\"woocommerce-Price-currencySymbol\">&euro;<\/span><\/bdi><\/span><\/ins><span class=\"screen-reader-text\">O pre\u00e7o atual \u00e9: 11,90&euro;.<\/span><\/span>\n            <\/div>\n            \n            <div class=\"product_after_shop_loop_buttons\">\n                <\/a><a href=\"\/pt-pt\/wp-json\/wp\/v2\/pages\/7343?add-to-cart=7249\" aria-describedby=\"woocommerce_loop_add_to_cart_link_describedby_7249\" data-quantity=\"1\" class=\"button product_type_simple add_to_cart_button ajax_add_to_cart\" data-product_id=\"7249\" data-product_sku=\"clgntstrlv001\" aria-label=\"Adiciona ao carrinho: &ldquo;Pingente Estrela Vermelha&rdquo;\" rel=\"nofollow\" data-success_message=\"&ldquo;Pingente Estrela Vermelha&rdquo; foi adicionado ao seu carrinho\" role=\"button\">Adicionar<\/a>\t<span id=\"woocommerce_loop_add_to_cart_link_describedby_7249\" class=\"screen-reader-text\">\n\t\t\t<\/span>\n<div class=\"pi-edd pi-edd-loop\">Fecha de Entrega Estimada 2026\/05\/01<\/div>            <\/div>\n            \n        <\/div>\n        \n    <\/div>\n\n<\/li>\n<li class=\"\">\n\n\t<a href=\"https:\/\/test.imprimetresde.com\/pt-pt\/producto\/brincos-estrela-vermelha\/\" class=\"woocommerce-LoopProduct-link woocommerce-loop-product__link\">\n\t<div class=\"product_wrapper\">\n\n\t\t        \n                \n        \t\t\t\n\t<span class=\"onsale\">Oferta<\/span>\n\t                \n        \t\t\n\t\t<div class=\"product_thumbnail_wrapper\">\n\t\t\t\n\t\t\t<div class=\"product_thumbnail with_second_image\">\n\t\t\t\t\n\t\t\t\t<a href=\"https:\/\/test.imprimetresde.com\/pt-pt\/producto\/brincos-estrela-vermelha\/\">\n\t\t\t\t\n\t\t\t\t\t<span class=\"product_thumbnail_background\" style=\"background-image:url(https:\/\/test.imprimetresde.com\/wp-content\/uploads\/2018\/07\/Brincos-Estrela-Vermella-I3Dopt-350x435.jpg)\"><\/span>\n\t\t\t\t\t<img decoding=\"async\" width=\"350\" height=\"435\" src=\"https:\/\/test.imprimetresde.com\/wp-content\/uploads\/2020\/04\/Brincos-Estrela-Vermella-I3Dopt-350x435.jpg\" class=\"attachment-shop_catalog size-shop_catalog wp-post-image\" alt=\"Brincos Estrela Vermella I3D\" srcset=\"https:\/\/test.imprimetresde.com\/wp-content\/uploads\/2020\/04\/Brincos-Estrela-Vermella-I3Dopt-350x435.jpg 350w, https:\/\/test.imprimetresde.com\/wp-content\/uploads\/2020\/04\/Brincos-Estrela-Vermella-I3Dopt-116x145.jpg 116w, https:\/\/test.imprimetresde.com\/wp-content\/uploads\/2020\/04\/Brincos-Estrela-Vermella-I3Dopt-190x236.jpg 190w\" sizes=\"(max-width: 350px) 100vw, 350px\" \/>\t\t\t\t<\/a>\n\t\t\t\t\n\t\t\t<\/div>\n\t\t\t\n\t\t\t\t\t\t\n\t\t<\/div><!--product_thumbnail_wrapper-->\n        \n       \n        \t\t\t        \n\t\t<h2><a href=\"https:\/\/test.imprimetresde.com\/pt-pt\/producto\/brincos-estrela-vermelha\/\">Brincos Estrela Vermelha<\/a><\/h2>\n\n\t<\/div><!--product_wrapper-->\n    \n        \n\t<div class=\"product_after_shop_loop\">\n        \n        \t\t\n\t\t<div class=\"product_after_shop_loop_switcher\">\n            \n            <div class=\"product_after_shop_loop_price\">\n                \n\t<span class=\"price\"><del aria-hidden=\"true\"><span class=\"woocommerce-Price-amount amount\"><bdi>12,90<span class=\"woocommerce-Price-currencySymbol\">&euro;<\/span><\/bdi><\/span><\/del> <span class=\"screen-reader-text\">O pre\u00e7o original era: 12,90&euro;.<\/span><ins aria-hidden=\"true\"><span class=\"woocommerce-Price-amount amount\"><bdi>9,90<span class=\"woocommerce-Price-currencySymbol\">&euro;<\/span><\/bdi><\/span><\/ins><span class=\"screen-reader-text\">O pre\u00e7o atual \u00e9: 9,90&euro;.<\/span><\/span>\n            <\/div>\n            \n            <div class=\"product_after_shop_loop_buttons\">\n                <\/a><a href=\"https:\/\/test.imprimetresde.com\/pt-pt\/producto\/brincos-estrela-vermelha\/\" aria-describedby=\"woocommerce_loop_add_to_cart_link_describedby_7169\" data-quantity=\"1\" class=\"button product_type_variable add_to_cart_button\" data-product_id=\"7169\" data-product_sku=\"brncstrlv001\" aria-label=\"Seleccione as op\u00e7\u00f5es para &ldquo;Brincos Estrela Vermelha&rdquo;\" rel=\"nofollow\">Ver op\u00e7\u00f5es<\/a>\t<span id=\"woocommerce_loop_add_to_cart_link_describedby_7169\" class=\"screen-reader-text\">\n\t\tThis product has multiple variants. The options may be chosen on the product page\t<\/span>\n<div class=\"pi-edd pi-edd-loop\">Fecha de Entrega Estimada 2026\/05\/01<\/div>            <\/div>\n            \n        <\/div>\n        \n    <\/div>\n\n<\/li>\t\t<\/ul>\n    <\/div><!-- .columns -->\n<\/div><!-- .row --><\/div>[vc_button2 title=&#8221; Descubra mais produtos&#8221; align=&#8221;center&#8221; style=&#8221;square_outlined&#8221; color=&#8221;black&#8221; link=&#8221;url:imprimetresde.com%2Floja%2F|title:Imprimetresde%20Loja|&#8221;][\/vc_tab][\/vc_tabs][\/vc_column][\/vc_row][vc_row font_color=&#8221;#3f3f3f&#8221; css=&#8221;.vc_custom_1587549725614{padding-top: 50px !important;padding-bottom: 50px !important;background-color: #eeeeee !important;}&#8221; background_style=&#8221;normal&#8221;][vc_column][vc_text_separator title=&#8221;DO BLOG&#8221; title_size=&#8221;h5&#8243;][vc_row_inner type=&#8221;boxed&#8221;][vc_column_inner] \n    \n    <script>\n\tjQuery(document).ready(function($) {\n\t\t$(\"#from-the-blog-1817056410\").owlCarousel({\n\t\t\titems:3,\n\t\t\titemsDesktop : [1200,3],\n\t\t\titemsDesktopSmall : [1000,2],\n\t\t\titemsTablet: false,\n\t\t\titemsMobile : [600,1],\n\t\t\tlazyLoad : true,\n\t\t\t\/*autoHeight : true,*\/\n\t\t});\n\t});\n\t<\/script>\n    \n\t<div class=\"row\">\n    <div class=\"from-the-blog-wrapper\">\n\t\n        <div id=\"from-the-blog-1817056410\" class=\"owl-carousel\">\n\t\t\t\t\t\n\t\t\t                        \n                            \n                                        \n                    <div class=\"from_the_blog_item standard \">\n                        \n\t\t\t\t\t\t<a class=\"from_the_blog_img_link\" href=\"https:\/\/test.imprimetresde.com\/pt-pt\/props-cosplay-e-imprimetresde-van-de-la-mano\/\">\n\t\t\t\t\t\t\t<span class=\"from_the_blog_overlay\"><\/span>\n\t\t\t\t\t\t\t\n\t\t\t\t\t\t\t\t\t\t\t\t\t\t\t<span class=\"from_the_blog_img\" style=\"background-image: url(https:\/\/test.imprimetresde.com\/wp-content\/uploads\/2022\/12\/1366_2000-1024x614.jpeg );\"><\/span>\n\t\t\t\t\t\t\t\t<span class=\"with_thumb_icon\"><\/span>\n\t\t\t\t\t\t\t\t\t\t\t\t\t\t\n\t\t\t\t\t\t<\/a>\n                        \n                        <div class=\"from_the_blog_content\">\n                        \n                                                        \t<h3><a class=\"from_the_blog_title\" href=\"https:\/\/test.imprimetresde.com\/pt-pt\/props-cosplay-e-imprimetresde-van-de-la-mano\/\">Props, Cosplay e Imprimetresde van de la mano<\/a><\/h3>\n                            \t\n                            \t<div class=\"post_header_date\"><a href=\"https:\/\/test.imprimetresde.com\/pt-pt\/props-cosplay-e-imprimetresde-van-de-la-mano\/\" title=\"Permalink to Props, Cosplay e Imprimetresde van de la mano\" rel=\"bookmark\"><time class=\"entry-date\" datetime=\"2023-01-03T13:01:13+02:00\">03\/01\/2023<\/time><\/a><\/div>                       \n                                \n                        <\/div>\n                        \n                    <\/div>\n        \n                            \n                                        \n                    <div class=\"from_the_blog_item standard \">\n                        \n\t\t\t\t\t\t<a class=\"from_the_blog_img_link\" href=\"https:\/\/test.imprimetresde.com\/pt-pt\/nosso-material-de-impressao-pla-polimero-biodegradavel-de-recursos-vegetais\/\">\n\t\t\t\t\t\t\t<span class=\"from_the_blog_overlay\"><\/span>\n\t\t\t\t\t\t\t\n\t\t\t\t\t\t\t\t\t\t\t\t\t\t\t<span class=\"from_the_blog_img\" style=\"background-image: url(https:\/\/test.imprimetresde.com\/wp-content\/uploads\/2017\/02\/cilodeproductos.png );\"><\/span>\n\t\t\t\t\t\t\t\t<span class=\"with_thumb_icon\"><\/span>\n\t\t\t\t\t\t\t\t\t\t\t\t\t\t\n\t\t\t\t\t\t<\/a>\n                        \n                        <div class=\"from_the_blog_content\">\n                        \n                                                        \t<h3><a class=\"from_the_blog_title\" href=\"https:\/\/test.imprimetresde.com\/pt-pt\/nosso-material-de-impressao-pla-polimero-biodegradavel-de-recursos-vegetais\/\">Nosso material de impress\u00e3o, PLA, pol\u00edmero biodegrad\u00e1vel de recursos vegetais<\/a><\/h3>\n                            \t\n                            \t<div class=\"post_header_date\"><a href=\"https:\/\/test.imprimetresde.com\/pt-pt\/nosso-material-de-impressao-pla-polimero-biodegradavel-de-recursos-vegetais\/\" title=\"Permalink to Nosso material de impress\u00e3o, PLA, pol\u00edmero biodegrad\u00e1vel de recursos vegetais\" rel=\"bookmark\"><time class=\"entry-date\" datetime=\"2020-04-24T18:28:59+02:00\">24\/04\/2020<\/time><\/a><\/div>                       \n                                \n                        <\/div>\n                        \n                    <\/div>\n        \n                                \n             \n              \n        <\/div>\n\t<\/div>\n    <\/div>\n\t\n\t[\/vc_column_inner][\/vc_row_inner][\/vc_column][\/vc_row]<\/p>\n","protected":false},"excerpt":{"rendered":"<p>[vc_row type=&#8221;boxed&#8221; css=&#8221;.vc_custom_1400422676183{padding-top: 10px !important;padding-bottom: 10px !important;}&#8221; background_style=&#8221;normal&#8221;][vc_column][vc_row_inner][vc_column_inner][\/vc_column_inner][\/vc_row_inner][\/vc_column][\/vc_row][vc_row type=&#8221;boxed&#8221; background_style=&#8221;normal&#8221;][vc_column][vc_tabs][vc_tab title=&#8221; Em destaque&#8221; tab_id=&#8221;1399573222-2-93&#8243;][vc_button2 title=&#8221; Descubra mais produtos&#8221; align=&#8221;center&#8221; style=&#8221;square_outlined&#8221; color=&#8221;black&#8221; link=&#8221;url:imprimetresde.com%2Floja%2F|title:Imprimetresde%20Loja|&#8221;][\/vc_tab][vc_tab title=&#8221;Novidades&#8221; tab_id=&#8221;1399573222-1-34&#8243;][vc_button2 title=&#8221; Descubra mais produtos&#8221; align=&#8221;center&#8221; style=&#8221;square_outlined&#8221; color=&#8221;black&#8221; link=&#8221;url:imprimetresde.com%2Floja%2F|title:Imprimetresde%20Loja|&#8221;][\/vc_tab][vc_tab title=&#8221;Best Sellers&#8221; tab_id=&#8221;1399573370513-2-7&#8243;][vc_button2 title=&#8221; Descubra mais produtos&#8221; align=&#8221;center&#8221; style=&#8221;square_outlined&#8221; color=&#8221;black&#8221; link=&#8221;url:imprimetresde.com%2Floja%2F|title:Imprimetresde%20Loja|&#8221;][\/vc_tab][\/vc_tabs][\/vc_column][\/vc_row][vc_row font_color=&#8221;#3f3f3f&#8221; css=&#8221;.vc_custom_1587549725614{padding-top: 50px !important;padding-bottom: 50px !important;background-color: #eeeeee !important;}&#8221; background_style=&#8221;normal&#8221;][vc_column][vc_text_separator title=&#8221;DO BLOG&#8221; title_size=&#8221;h5&#8243;][vc_row_inner [&hellip;]<\/p>\n","protected":false},"author":1,"featured_media":0,"parent":0,"menu_order":0,"comment_status":"closed","ping_status":"closed","template":"page-with-slider.php","meta":{"_vp_format_video_url":"","_vp_image_focal_point":[],"footnotes":""},"class_list":["post-7343","page","type-page","status-publish","hentry"],"_links":{"self":[{"href":"https:\/\/test.imprimetresde.com\/pt-pt\/wp-json\/wp\/v2\/pages\/7343","targetHints":{"allow":["GET"]}}],"collection":[{"href":"https:\/\/test.imprimetresde.com\/pt-pt\/wp-json\/wp\/v2\/pages"}],"about":[{"href":"https:\/\/test.imprimetresde.com\/pt-pt\/wp-json\/wp\/v2\/types\/page"}],"author":[{"embeddable":true,"href":"https:\/\/test.imprimetresde.com\/pt-pt\/wp-json\/wp\/v2\/users\/1"}],"replies":[{"embeddable":true,"href":"https:\/\/test.imprimetresde.com\/pt-pt\/wp-json\/wp\/v2\/comments?post=7343"}],"version-history":[{"count":0,"href":"https:\/\/test.imprimetresde.com\/pt-pt\/wp-json\/wp\/v2\/pages\/7343\/revisions"}],"wp:attachment":[{"href":"https:\/\/test.imprimetresde.com\/pt-pt\/wp-json\/wp\/v2\/media?parent=7343"}],"curies":[{"name":"wp","href":"https:\/\/api.w.org\/{rel}","templated":true}]}}